{"id":1596,"date":"2025-09-10T23:50:57","date_gmt":"2025-09-10T23:50:57","guid":{"rendered":"https:\/\/artespolaintegracion.gal\/xiv-encontro-artes-pola-integracion\/"},"modified":"2025-09-12T10:09:19","modified_gmt":"2025-09-12T10:09:19","slug":"xiv-encontro-artes-pola-integracion","status":"publish","type":"page","link":"https:\/\/artespolaintegracion.gal\/es\/xiv-encontro-artes-pola-integracion\/","title":{"rendered":"XIV Encontro"},"content":{"rendered":"<p>[et_pb_section fb_built=\u00bb1&#8243; _builder_version=\u00bb4.21.0&#8243; custom_margin=\u00bb-1px||38px|||\u00bb custom_padding=\u00bb0px||0px||false|false\u00bb locked=\u00bboff\u00bb global_colors_info=\u00bb{}\u00bb][et_pb_row _builder_version=\u00bb4.21.0&#8243; _module_preset=\u00bbdefault\u00bb width=\u00bb100%\u00bb max_width=\u00bb100%\u00bb custom_padding=\u00bb1px|||||\u00bb global_colors_info=\u00bb{}\u00bb][et_pb_column type=\u00bb4_4&#8243; _builder_version=\u00bb4.21.0&#8243; _module_preset=\u00bbdefault\u00bb global_colors_info=\u00bb{}\u00bb][et_pb_image src=\u00bbhttps:\/\/artespolaintegracion.gal\/wp-content\/uploads\/2025\/09\/XIV-artes-pola-integracion-2.jpg\u00bb alt=\u00bbXIV artes pola integraci\u00f3n\u00bb title_text=\u00bbXIV artes pola integraci\u00f3n\u00bb align=\u00bbcenter\u00bb force_fullwidth=\u00bbon\u00bb _builder_version=\u00bb4.27.4&#8243; _module_preset=\u00bbdefault\u00bb global_colors_info=\u00bb{}\u00bb][\/et_pb_image][\/et_pb_column][\/et_pb_row][\/et_pb_section][et_pb_section fb_built=\u00bb1&#8243; _builder_version=\u00bb4.27.4&#8243; background_color=\u00bbrgba(255,255,255,0.95)\u00bb background_image=\u00bbhttps:\/\/artespolaintegracion.gal\/wp-content\/uploads\/2025\/09\/favicon-2025.jpg\u00bb background_blend=\u00bboverlay\u00bb custom_margin=\u00bb-39px|||||\u00bb custom_padding=\u00bb0px||100px||false|false\u00bb locked=\u00bboff\u00bb global_colors_info=\u00bb{}\u00bb][et_pb_row _builder_version=\u00bb4.27.4&#8243; _module_preset=\u00bbdefault\u00bb background_color=\u00bb#002660&#8243; width=\u00bb90%\u00bb max_width=\u00bb1400px\u00bb custom_padding=\u00bb11px||1px|||\u00bb border_color_bottom=\u00bb#96006b\u00bb global_colors_info=\u00bb{}\u00bb][et_pb_column type=\u00bb4_4&#8243; _builder_version=\u00bb4.21.0&#8243; _module_preset=\u00bbdefault\u00bb background_color=\u00bbRGBA(255,255,255,0)\u00bb global_colors_info=\u00bb{}\u00bb][et_pb_text _builder_version=\u00bb4.27.4&#8243; _module_preset=\u00bbdefault\u00bb text_font=\u00bb||||||||\u00bb header_font=\u00bb|||on|||||\u00bb header_text_color=\u00bb#FFFFFF\u00bb header_font_size=\u00bb27px\u00bb header_line_height=\u00bb1.3em\u00bb header_2_font=\u00bbAnton||||||||\u00bb header_2_text_align=\u00bbcenter\u00bb header_2_text_color=\u00bb#070049&#8243; header_2_font_size=\u00bb35px\u00bb header_2_letter_spacing=\u00bb4px\u00bb custom_margin=\u00bb||||false|false\u00bb custom_padding=\u00bb5px|5px|5px|5px|false|false\u00bb global_colors_info=\u00bb{}\u00bb]<\/p>\n<h1 class=\"et_pb_module_header\" style=\"text-align: center;\"><strong>Programa XIV Encontro Artes Pola Integraci\u00f3n A Coru\u00f1a \/ Santiago<\/strong><\/h1>\n<p>[\/et_pb_text][\/et_pb_column][\/et_pb_row][et_pb_row column_structure=\u00bb1_3,1_3,1_3&#8243; _builder_version=\u00bb4.27.4&#8243; _module_preset=\u00bbdefault\u00bb width=\u00bb90%\u00bb max_width=\u00bb1400px\u00bb global_colors_info=\u00bb{}\u00bb][et_pb_column type=\u00bb1_3&#8243; _builder_version=\u00bb4.27.4&#8243; _module_preset=\u00bbdefault\u00bb global_colors_info=\u00bb{}\u00bb][et_pb_text _builder_version=\u00bb4.27.4&#8243; _module_preset=\u00bbdefault\u00bb text_font=\u00bbMontserrat|600|||||||\u00bb text_text_color=\u00bb#e02b20&#8243; text_line_height=\u00bb1.8em\u00bb header_text_color=\u00bb#FFFFFF\u00bb header_2_font=\u00bbMontserrat|700|||||||\u00bb header_2_text_align=\u00bbcenter\u00bb header_2_text_color=\u00bb#FFFFFF\u00bb header_2_font_size=\u00bb30px\u00bb header_3_font=\u00bbMontserrat|600|||||||\u00bb header_3_text_align=\u00bbcenter\u00bb header_3_text_color=\u00bb#FFFFFF\u00bb header_3_letter_spacing=\u00bb1px\u00bb header_3_line_height=\u00bb1.2em\u00bb header_4_font=\u00bbAnton||||||||\u00bb header_4_text_color=\u00bb#b51540&#8243; header_4_font_size=\u00bb22px\u00bb header_4_letter_spacing=\u00bb1px\u00bb header_5_font=\u00bbAnton||||||||\u00bb header_5_text_color=\u00bb#b51540&#8243; header_5_font_size=\u00bb19px\u00bb background_color=\u00bb#E02B20&#8243; text_orientation=\u00bbjustified\u00bb custom_margin=\u00bb||||false|false\u00bb custom_padding=\u00bb10px||||false|true\u00bb global_colors_info=\u00bb{}\u00bb]<\/p>\n<h2>VIERNES 19<\/h2>\n<h3>A Coru\u00f1a<\/h3>\n<p>[\/et_pb_text][et_pb_text _builder_version=\u00bb4.27.4&#8243; _module_preset=\u00bbdefault\u00bb text_font=\u00bbMontserrat|600|||||||\u00bb text_text_color=\u00bb#e02b20&#8243; text_line_height=\u00bb1.8em\u00bb header_2_font=\u00bbMontserrat|700|||||||\u00bb header_2_text_color=\u00bb#e02b20&#8243; header_3_font=\u00bbMontserrat|600|||||||\u00bb header_3_text_color=\u00bb#E02B20&#8243; header_3_letter_spacing=\u00bb1px\u00bb header_3_line_height=\u00bb1.2em\u00bb header_4_font=\u00bbAnton||||||||\u00bb header_4_text_color=\u00bb#b51540&#8243; header_4_font_size=\u00bb22px\u00bb header_4_letter_spacing=\u00bb1px\u00bb header_5_font=\u00bbAnton||||||||\u00bb header_5_text_color=\u00bb#b51540&#8243; header_5_font_size=\u00bb19px\u00bb text_orientation=\u00bbjustified\u00bb custom_margin=\u00bb||9px||false|false\u00bb custom_padding=\u00bb||||false|true\u00bb global_colors_info=\u00bb{}\u00bb]<\/p>\n<h2>COLECTIVO DIVERSOS<br \/>Espect\u00e1culo de<br \/>danza comunitaria<br \/>Tiempo de so\u00f1ar 17.00h<br \/>Praza das Conchi\u00f1as<br \/>A Coru\u00f1a<\/h2>\n<p>Espect\u00e1culo inclusivo de danza-teatro que gira en torno a la violencia de g\u00e9nero y diferentes formas de abuso. Los protagonistas hablan de sus propias historias y experiencias en primera persona. Protagonizado por 10 personas con y sin diversidad, ofrece una visi\u00f3n esperanzadora sobre la posibilidad de volver a creer en el amor.  <\/p>\n<p>[\/et_pb_text][et_pb_image src=\u00bbhttps:\/\/artespolaintegracion.gal\/wp-content\/uploads\/2025\/09\/tempo-de-sonar.jpg\u00bb alt=\u00bbXIII Artes pola integraci\u00f3n\u00bb title_text=\u00bbTempo de So\u00f1ar\u00bb _builder_version=\u00bb4.27.4&#8243; _module_preset=\u00bbdefault\u00bb locked=\u00bboff\u00bb global_colors_info=\u00bb{}\u00bb][\/et_pb_image][et_pb_text _builder_version=\u00bb4.27.4&#8243; _module_preset=\u00bbdefault\u00bb text_font=\u00bbMontserrat|600|||||||\u00bb text_text_color=\u00bb#e02b20&#8243; text_line_height=\u00bb1.8em\u00bb link_text_color=\u00bb#006533&#8243; header_2_font=\u00bbMontserrat|700|||||||\u00bb header_2_text_color=\u00bb#e02b20&#8243; header_3_font=\u00bbMontserrat|600|||||||\u00bb header_3_text_color=\u00bb#E02B20&#8243; header_3_letter_spacing=\u00bb1px\u00bb header_3_line_height=\u00bb1.2em\u00bb header_4_font=\u00bbAnton||||||||\u00bb header_4_text_color=\u00bb#b51540&#8243; header_4_font_size=\u00bb22px\u00bb header_4_letter_spacing=\u00bb1px\u00bb header_5_font=\u00bbAnton||||||||\u00bb header_5_text_color=\u00bb#b51540&#8243; header_5_font_size=\u00bb19px\u00bb text_orientation=\u00bbjustified\u00bb custom_margin=\u00bb||9px||false|false\u00bb custom_padding=\u00bb||||false|true\u00bb global_colors_info=\u00bb{}\u00bb]<\/p>\n<h2>TEATRO DE LOS INVISIBLES<br \/>Contenci\u00f3n mec\u00e1nica<br \/>20:30h<br \/>Forum Metropolitano<br \/>A CORU\u00d1A<\/h2>\n<p>Una obra documental que denuncia la violencia psiqui\u00e1trica, centr\u00e1ndose en una pr\u00e1ctica que sigue siendo com\u00fan en nuestro pa\u00eds y que la ONU clasific\u00f3 como tortura en 2013. La sujeci\u00f3n mec\u00e1nica, es decir, atar a las personas a la cama mediante correas. <\/p>\n<p>[\/et_pb_text][et_pb_image src=\u00bbhttps:\/\/artespolaintegracion.gal\/wp-content\/uploads\/2025\/09\/teatro-de-los-invisibles.jpg\u00bb alt=\u00bbTeatro de los invisibles\u00bb title_text=\u00bbTeatro de los invisibles\u00bb url=\u00bb@ET-DC@eyJkeW5hbWljIjp0cnVlLCJjb250ZW50IjoicG9zdF9saW5rX3VybF9wb3N0Iiwic2V0dGluZ3MiOnsicG9zdF9pZCI6IjE1NzkifX0=@\u00bb _builder_version=\u00bb4.27.4&#8243; _dynamic_attributes=\u00bburl\u00bb _module_preset=\u00bbdefault\u00bb global_colors_info=\u00bb{}\u00bb][\/et_pb_image][\/et_pb_column][et_pb_column type=\u00bb1_3&#8243; _builder_version=\u00bb4.27.4&#8243; _module_preset=\u00bbdefault\u00bb global_colors_info=\u00bb{}\u00bb][et_pb_text _builder_version=\u00bb4.27.4&#8243; _module_preset=\u00bbdefault\u00bb text_font=\u00bbMontserrat|600|||||||\u00bb text_text_color=\u00bb#e02b20&#8243; text_line_height=\u00bb1.8em\u00bb header_text_color=\u00bb#FFFFFF\u00bb header_2_font=\u00bbMontserrat|700|||||||\u00bb header_2_text_align=\u00bbcenter\u00bb header_2_text_color=\u00bb#FFFFFF\u00bb header_2_font_size=\u00bb30px\u00bb header_3_font=\u00bbMontserrat|600|||||||\u00bb header_3_text_align=\u00bbcenter\u00bb header_3_text_color=\u00bb#FFFFFF\u00bb header_3_letter_spacing=\u00bb1px\u00bb header_3_line_height=\u00bb1.2em\u00bb header_4_font=\u00bbAnton||||||||\u00bb header_4_text_color=\u00bb#b51540&#8243; header_4_font_size=\u00bb22px\u00bb header_4_letter_spacing=\u00bb1px\u00bb header_5_font=\u00bbAnton||||||||\u00bb header_5_text_color=\u00bb#b51540&#8243; header_5_font_size=\u00bb19px\u00bb background_color=\u00bb#006533&#8243; text_orientation=\u00bbjustified\u00bb custom_margin=\u00bb||||false|false\u00bb custom_padding=\u00bb10px||||false|true\u00bb global_colors_info=\u00bb{}\u00bb]<\/p>\n<h2>S\u00c1BADO 20<\/h2>\n<h3>Santiago de Compostela<\/h3>\n<p>[\/et_pb_text][et_pb_text _builder_version=\u00bb4.27.4&#8243; _module_preset=\u00bbdefault\u00bb text_font=\u00bbMontserrat|600|||||||\u00bb text_text_color=\u00bb#006533&#8243; text_line_height=\u00bb1.8em\u00bb header_2_font=\u00bbMontserrat|700|||||||\u00bb header_2_text_color=\u00bb#006533&#8243; header_3_font=\u00bbMontserrat|600|||||||\u00bb header_3_text_color=\u00bb#006533&#8243; header_3_letter_spacing=\u00bb1px\u00bb header_3_line_height=\u00bb1.2em\u00bb header_4_font=\u00bbAnton||||||||\u00bb header_4_text_color=\u00bb#b51540&#8243; header_4_font_size=\u00bb22px\u00bb header_4_letter_spacing=\u00bb1px\u00bb header_5_font=\u00bbAnton||||||||\u00bb header_5_text_color=\u00bb#b51540&#8243; header_5_font_size=\u00bb19px\u00bb text_orientation=\u00bbjustified\u00bb custom_margin=\u00bb||9px||false|false\u00bb custom_padding=\u00bb||||false|true\u00bb global_colors_info=\u00bb{}\u00bb]<\/p>\n<h2>ASEMBLEA DIVERSA<br \/>11:00-13:30h<br \/>Librer\u00eda San Pablo Ceu<br \/>Santiago de Compostela<\/h2>\n<p>Jornada de reflexi\u00f3n sobre la importancia de las Artes como transformaci\u00f3n social, invitaremos a 6 ponentes del sector para compartir sus experiencias con profesionales, creadores y estudiantes de artes inclusivas.<\/p>\n<p>[\/et_pb_text][et_pb_text _builder_version=\u00bb4.27.4&#8243; _module_preset=\u00bbdefault\u00bb text_font=\u00bbMontserrat|600|||||||\u00bb text_text_color=\u00bb#006533&#8243; text_line_height=\u00bb1.8em\u00bb header_2_font=\u00bbMontserrat|700|||||||\u00bb header_2_text_color=\u00bb#006533&#8243; header_3_font=\u00bbMontserrat|600|||||||\u00bb header_3_text_color=\u00bb#006533&#8243; header_3_letter_spacing=\u00bb1px\u00bb header_3_line_height=\u00bb1.2em\u00bb header_4_font=\u00bbAnton||||||||\u00bb header_4_text_color=\u00bb#b51540&#8243; header_4_font_size=\u00bb22px\u00bb header_4_letter_spacing=\u00bb1px\u00bb header_5_font=\u00bbAnton||||||||\u00bb header_5_text_color=\u00bb#b51540&#8243; header_5_font_size=\u00bb19px\u00bb text_orientation=\u00bbjustified\u00bb custom_margin=\u00bb32px||9px||false|false\u00bb custom_padding=\u00bb||||false|true\u00bb global_colors_info=\u00bb{}\u00bb]<\/p>\n<h2>MERCEDES PE\u00d3N E<br \/>M\u00d3NICA DE NUT<br \/>Mostra en crudo Residencia<br \/>CSC Santa Marta 17:00h<br \/>Santiago de Compostela<\/h2>\n<p>La semana previa al festival se realizar\u00e1 una residencia de creaci\u00f3n musical y vocal en el CGAC o la Fundaci\u00f3n Granel para 10 artistas con y sin discapacidad y se mostrar\u00e1 el trabajo final fruto de este tiempo de creaci\u00f3n.<a href=\"https:\/\/artespolaintegracion.gal\/es\/teatro-de-los-invisibles\/\"><\/a><\/p>\n<p>[\/et_pb_text][et_pb_image src=\u00bbhttps:\/\/artespolaintegracion.gal\/wp-content\/uploads\/2025\/09\/mercedes-peon.jpg\u00bb alt=\u00bbXIII Artes pola integraci\u00f3n\u00bb title_text=\u00bbMercedes Pe\u00f3n e M\u00f3nica de Nut\u00bb _builder_version=\u00bb4.27.4&#8243; _module_preset=\u00bbdefault\u00bb locked=\u00bboff\u00bb global_colors_info=\u00bb{}\u00bb][\/et_pb_image][et_pb_text _builder_version=\u00bb4.27.4&#8243; _module_preset=\u00bbdefault\u00bb text_font=\u00bbMontserrat|600|||||||\u00bb text_text_color=\u00bb#006533&#8243; text_line_height=\u00bb1.8em\u00bb header_2_font=\u00bbMontserrat|700|||||||\u00bb header_2_text_color=\u00bb#006533&#8243; header_3_font=\u00bbMontserrat|600|||||||\u00bb header_3_text_color=\u00bb#006533&#8243; header_3_letter_spacing=\u00bb1px\u00bb header_3_line_height=\u00bb1.2em\u00bb header_4_font=\u00bbAnton||||||||\u00bb header_4_text_color=\u00bb#b51540&#8243; header_4_font_size=\u00bb22px\u00bb header_4_letter_spacing=\u00bb1px\u00bb header_5_font=\u00bbAnton||||||||\u00bb header_5_text_color=\u00bb#b51540&#8243; header_5_font_size=\u00bb19px\u00bb text_orientation=\u00bbjustified\u00bb custom_margin=\u00bb||34px||false|false\u00bb custom_padding=\u00bb||||false|true\u00bb global_colors_info=\u00bb{}\u00bb]<\/p>\n<h2>EXPERIMENTADANZA<br \/>Na b\u00fasqueda de Aire.18:00h<br \/>CSC Santa Marta<br \/>Santiago de Compostela<\/h2>\n<p>Pieza de danza contempor\u00e1nea que trata sobre la necesidad de encontrar el aire que podemos perder debido a diferentes situaciones de nuestra vida, la p\u00e9rdida de un amor, una enfermedad o simplemente la necesidad de hacer un cambio en tu vida.<\/p>\n<p>[\/et_pb_text][et_pb_text _builder_version=\u00bb4.27.4&#8243; _module_preset=\u00bbdefault\u00bb text_font=\u00bbMontserrat|600|||||||\u00bb text_text_color=\u00bb#006533&#8243; text_line_height=\u00bb1.8em\u00bb header_2_font=\u00bbMontserrat|700|||||||\u00bb header_2_text_color=\u00bb#006533&#8243; header_3_font=\u00bbMontserrat|600|||||||\u00bb header_3_text_color=\u00bb#006533&#8243; header_3_letter_spacing=\u00bb1px\u00bb header_3_line_height=\u00bb1.2em\u00bb header_4_font=\u00bbAnton||||||||\u00bb header_4_text_color=\u00bb#b51540&#8243; header_4_font_size=\u00bb22px\u00bb header_4_letter_spacing=\u00bb1px\u00bb header_5_font=\u00bbAnton||||||||\u00bb header_5_text_color=\u00bb#b51540&#8243; header_5_font_size=\u00bb19px\u00bb text_orientation=\u00bbjustified\u00bb custom_margin=\u00bb||9px||false|false\u00bb custom_padding=\u00bb||||false|true\u00bb global_colors_info=\u00bb{}\u00bb]<\/p>\n<h2>MIKEL AR\u00cdSTEGUI<br \/>As Vodas de F\u00edgaro<br \/>O afiador 19:00h<br \/>CSC Santa Marta<br \/>Santiago de Compostela<\/h2>\n<p>Un proyecto comunitario multidisciplinar que reunir\u00e1 a cuatro grupos muy diferentes e intergeneracionales, en forma de libreto oper\u00edstico, de una pieza de danza-teatro con m\u00fasica y vestuario reciclado.<a href=\"https:\/\/artespolaintegracion.gal\/es\/mikel-aristegui\/\"><\/a><\/p>\n<p>[\/et_pb_text][et_pb_image src=\u00bbhttps:\/\/artespolaintegracion.gal\/wp-content\/uploads\/2025\/09\/MIKEL-ARISTEGUI.jpg\u00bb alt=\u00bbMIKEL ARISTEGUI\u00bb title_text=\u00bbMIKEL ARISTEGUI\u00bb url=\u00bb@ET-DC@eyJkeW5hbWljIjp0cnVlLCJjb250ZW50IjoicG9zdF9saW5rX3VybF9wb3N0Iiwic2V0dGluZ3MiOnsicG9zdF9pZCI6IjE1NzEifX0=@\u00bb _builder_version=\u00bb4.27.4&#8243; _dynamic_attributes=\u00bburl\u00bb _module_preset=\u00bbdefault\u00bb custom_margin=\u00bb||59px|||\u00bb global_colors_info=\u00bb{}\u00bb][\/et_pb_image][et_pb_text _builder_version=\u00bb4.27.4&#8243; _module_preset=\u00bbdefault\u00bb text_font=\u00bbMontserrat|600|||||||\u00bb text_text_color=\u00bb#006533&#8243; text_line_height=\u00bb1.8em\u00bb header_2_font=\u00bbMontserrat|700|||||||\u00bb header_2_text_color=\u00bb#006533&#8243; header_3_font=\u00bbMontserrat|600|||||||\u00bb header_3_text_color=\u00bb#006533&#8243; header_3_letter_spacing=\u00bb1px\u00bb header_3_line_height=\u00bb1.2em\u00bb header_4_font=\u00bbAnton||||||||\u00bb header_4_text_color=\u00bb#b51540&#8243; header_4_font_size=\u00bb22px\u00bb header_4_letter_spacing=\u00bb1px\u00bb header_5_font=\u00bbAnton||||||||\u00bb header_5_text_color=\u00bb#b51540&#8243; header_5_font_size=\u00bb19px\u00bb text_orientation=\u00bbjustified\u00bb custom_margin=\u00bb-15px||9px||false|false\u00bb custom_padding=\u00bb||||false|true\u00bb global_colors_info=\u00bb{}\u00bb]<\/p>\n<h2>PASCAL KLEIMAN<br \/>CONCIERTO<br \/>20:00h<br \/>CSC Santa Marta<br \/>Santiago de Compostela<\/h2>\n<p>Nacido sin brazos ni manos debido al destilbeno, es conocido por muchos como \u00abPies Dorados\u00bb o \u00abEl Asombroso Pascal\u00bb. Interpreta una mezcla de m\u00fasica electr\u00f3nica ambiental, dub progresivo y psicodelia de artistas de todo el mundo.<a href=\"https:\/\/artespolaintegracion.gal\/es\/pascal-kleiman\/\"><\/a><\/p>\n<p>[\/et_pb_text][et_pb_image src=\u00bbhttps:\/\/artespolaintegracion.gal\/wp-content\/uploads\/2022\/06\/dj-pascal-kleiman.jpg\u00bb alt=\u00bbDJ Pascal Kleiman\u00bb title_text=\u00bbDJ Pascal Kleiman\u00bb url=\u00bb@ET-DC@eyJkeW5hbWljIjp0cnVlLCJjb250ZW50IjoicG9zdF9saW5rX3VybF9wb3N0Iiwic2V0dGluZ3MiOnsicG9zdF9pZCI6IjE1ODQifX0=@\u00bb _builder_version=\u00bb4.27.4&#8243; _dynamic_attributes=\u00bburl\u00bb _module_preset=\u00bbdefault\u00bb global_colors_info=\u00bb{}\u00bb][\/et_pb_image][\/et_pb_column][et_pb_column type=\u00bb1_3&#8243; _builder_version=\u00bb4.27.4&#8243; _module_preset=\u00bbdefault\u00bb global_colors_info=\u00bb{}\u00bb][et_pb_text _builder_version=\u00bb4.27.4&#8243; _module_preset=\u00bbdefault\u00bb text_font=\u00bbMontserrat|600|||||||\u00bb text_text_color=\u00bb#e02b20&#8243; text_line_height=\u00bb1.8em\u00bb header_text_color=\u00bb#FFFFFF\u00bb header_2_font=\u00bbMontserrat|700|||||||\u00bb header_2_text_align=\u00bbcenter\u00bb header_2_text_color=\u00bb#FFFFFF\u00bb header_2_font_size=\u00bb30px\u00bb header_3_font=\u00bbMontserrat|600|||||||\u00bb header_3_text_align=\u00bbcenter\u00bb header_3_text_color=\u00bb#FFFFFF\u00bb header_3_letter_spacing=\u00bb1px\u00bb header_3_line_height=\u00bb1.2em\u00bb header_4_font=\u00bbAnton||||||||\u00bb header_4_text_color=\u00bb#b51540&#8243; header_4_font_size=\u00bb22px\u00bb header_4_letter_spacing=\u00bb1px\u00bb header_5_font=\u00bbAnton||||||||\u00bb header_5_text_color=\u00bb#b51540&#8243; header_5_font_size=\u00bb19px\u00bb background_color=\u00bb#662383&#8243; text_orientation=\u00bbjustified\u00bb custom_margin=\u00bb||||false|false\u00bb custom_padding=\u00bb10px||||false|true\u00bb global_colors_info=\u00bb{}\u00bb]<\/p>\n<h2>DOMINGO 21<\/h2>\n<h3>A Coru\u00f1a<\/h3>\n<p>[\/et_pb_text][et_pb_text _builder_version=\u00bb4.27.4&#8243; _module_preset=\u00bbdefault\u00bb text_font=\u00bbMontserrat|600|||||||\u00bb text_text_color=\u00bb#662383&#8243; text_line_height=\u00bb1.8em\u00bb header_2_font=\u00bbMontserrat|700|||||||\u00bb header_2_text_color=\u00bb#662383&#8243; header_3_font=\u00bbMontserrat|600|||||||\u00bb header_3_text_color=\u00bb#662383&#8243; header_3_letter_spacing=\u00bb1px\u00bb header_3_line_height=\u00bb1.2em\u00bb header_4_font=\u00bbAnton||||||||\u00bb header_4_text_color=\u00bb#b51540&#8243; header_4_font_size=\u00bb22px\u00bb header_4_letter_spacing=\u00bb1px\u00bb header_5_font=\u00bbAnton||||||||\u00bb header_5_text_color=\u00bb#b51540&#8243; header_5_font_size=\u00bb19px\u00bb text_orientation=\u00bbjustified\u00bb custom_margin=\u00bb||34px||false|false\u00bb custom_padding=\u00bb||||false|true\u00bb global_colors_info=\u00bb{}\u00bb]<\/p>\n<h2>Inauguraci\u00f3n da Exposici\u00f3n<br \/>A Mocidade Crea<br \/>Praza das Conchi\u00f1as<br \/>A Coru\u00f1a<\/h2>\n<p>Proyecto realizado en colaboraci\u00f3n con la asociaci\u00f3n Sacra Experience dentro de su proyecto de artes y dise\u00f1o en entornos rurales, The Little Bauhaus que, tras dos a\u00f1os de talleres y formaci\u00f3n en creaci\u00f3n con j\u00f3venes, da lugar a una exposici\u00f3n que recoge cuatro a\u00f1os de trabajo.<\/p>\n<p>[\/et_pb_text][et_pb_text _builder_version=\u00bb4.27.4&#8243; _module_preset=\u00bbdefault\u00bb text_font=\u00bbMontserrat|600|||||||\u00bb text_text_color=\u00bb#662383&#8243; text_line_height=\u00bb1.8em\u00bb link_text_color=\u00bb#E02B20&#8243; header_2_font=\u00bbMontserrat|700|||||||\u00bb header_2_text_color=\u00bb#662383&#8243; header_3_font=\u00bbMontserrat|600|||||||\u00bb header_3_text_color=\u00bb#662383&#8243; header_3_letter_spacing=\u00bb1px\u00bb header_3_line_height=\u00bb1.2em\u00bb header_4_font=\u00bbAnton||||||||\u00bb header_4_text_color=\u00bb#b51540&#8243; header_4_font_size=\u00bb22px\u00bb header_4_letter_spacing=\u00bb1px\u00bb header_5_font=\u00bbAnton||||||||\u00bb header_5_text_color=\u00bb#b51540&#8243; header_5_font_size=\u00bb19px\u00bb text_orientation=\u00bbjustified\u00bb custom_margin=\u00bb||34px||false|false\u00bb custom_padding=\u00bb||||false|true\u00bb global_colors_info=\u00bb{}\u00bb]<\/p>\n<h2>CONCURSO DE PEZAS<br \/>PARA A COMUNIDADE<br \/>De 12:00 a 14:00h<br \/>Praza das Conchi\u00f1as<br \/>A Coru\u00f1a<\/h2>\n<p>Convocatoria abierta para creadores con un m\u00ednimo de dos y un m\u00e1ximo de cuatro int\u00e9rpretes de danza, m\u00fasica y\/o teatro. Un jurado seleccionar\u00e1 tres piezas que recibir\u00e1n 500 euros. Se seleccionar\u00e1 un m\u00e1ximo de 10 piezas para el concurso, de las cuales tres resultar\u00e1n ganadoras.   <a href=\"https:\/\/artespolaintegracion.gal\/es\/concurso-de-pezas-para-a-comunidade-2\/\">M\u00e1s info<\/a><a href=\"https:\/\/artespolaintegracion.gal\/es\/concurso-de-pezas-para-a-comunidade-2\/\"><\/a><\/p>\n<p>[\/et_pb_text][et_pb_image src=\u00bbhttps:\/\/artespolaintegracion.gal\/wp-content\/uploads\/2025\/09\/CONCURSO-DE-PEZAS-PARA-A-COMUNIDADE.jpg\u00bb alt=\u00bbCONCURSO DE PIEZAS PARA LA COMUNIDAD\u00bb title_text=\u00bbCONCURSO DE PEZAS PARA A COMUNIDADE\u00bb url=\u00bb@ET-DC@eyJkeW5hbWljIjp0cnVlLCJjb250ZW50IjoicG9zdF9saW5rX3VybF9wb3N0Iiwic2V0dGluZ3MiOnsicG9zdF9pZCI6IjE1NzUifX0=@\u00bb _builder_version=\u00bb4.27.4&#8243; _dynamic_attributes=\u00bburl\u00bb _module_preset=\u00bbdefault\u00bb custom_margin=\u00bb-14px|||||\u00bb global_colors_info=\u00bb{}\u00bb][\/et_pb_image][et_pb_text _builder_version=\u00bb4.27.4&#8243; _module_preset=\u00bbdefault\u00bb text_font=\u00bbMontserrat|600|||||||\u00bb text_text_color=\u00bb#662383&#8243; text_line_height=\u00bb1.8em\u00bb link_text_color=\u00bb#E02B20&#8243; header_2_font=\u00bbMontserrat|700|||||||\u00bb header_2_text_color=\u00bb#662383&#8243; header_3_font=\u00bbMontserrat|600|||||||\u00bb header_3_text_color=\u00bb#662383&#8243; header_3_letter_spacing=\u00bb1px\u00bb header_3_line_height=\u00bb1.2em\u00bb header_4_font=\u00bbAnton||||||||\u00bb header_4_text_color=\u00bb#b51540&#8243; header_4_font_size=\u00bb22px\u00bb header_4_letter_spacing=\u00bb1px\u00bb header_5_font=\u00bbAnton||||||||\u00bb header_5_text_color=\u00bb#b51540&#8243; header_5_font_size=\u00bb19px\u00bb text_orientation=\u00bbjustified\u00bb custom_margin=\u00bb||34px||false|false\u00bb custom_padding=\u00bb||||false|true\u00bb global_colors_info=\u00bb{}\u00bb]<\/p>\n<h2>ALMA GARCIA<br \/>Seguir siendo ni\u00f1os 18.00h<br \/>Praza das Conchi\u00f1as<br \/>A Coru\u00f1a<\/h2>\n<p>Protagonizada por ni\u00f1os de entre 10 y 14 a\u00f1os, tras una residencia de producci\u00f3n en Pincelo, nos sumerge en el imaginario de los protagonistas, en sus inquietudes, miedos e intereses y, sobre todo, en su necesidad de seguir siendo ni\u00f1os.<a href=\"https:\/\/artespolaintegracion.gal\/es\/alma-garcia\/\"><\/a><\/p>\n<p>[\/et_pb_text][et_pb_image src=\u00bbhttps:\/\/artespolaintegracion.gal\/wp-content\/uploads\/2025\/09\/alma-garcia.jpg\u00bb title_text=\u00bbAlma Garc\u00eda\u00bb url=\u00bb@ET-DC@eyJkeW5hbWljIjp0cnVlLCJjb250ZW50IjoicG9zdF9saW5rX3VybF9wb3N0Iiwic2V0dGluZ3MiOnsicG9zdF9pZCI6IjE1ODYifX0=@\u00bb _builder_version=\u00bb4.27.4&#8243; _dynamic_attributes=\u00bburl\u00bb _module_preset=\u00bbdefault\u00bb custom_margin=\u00bb-14px|||||\u00bb global_colors_info=\u00bb{}\u00bb][\/et_pb_image][\/et_pb_column][\/et_pb_row][\/et_pb_section][et_pb_section fb_built=\u00bb1&#8243; _builder_version=\u00bb4.17.4&#8243; _module_preset=\u00bbdefault\u00bb locked=\u00bboff\u00bb global_colors_info=\u00bb{}\u00bb][et_pb_row _builder_version=\u00bb4.17.4&#8243; _module_preset=\u00bbdefault\u00bb global_colors_info=\u00bb{}\u00bb][et_pb_column type=\u00bb4_4&#8243; _builder_version=\u00bb4.17.4&#8243; _module_preset=\u00bbdefault\u00bb global_colors_info=\u00bb{}\u00bb][et_pb_text _builder_version=\u00bb4.23.1&#8243; _module_preset=\u00bbdefault\u00bb text_font=\u00bb||||||||\u00bb header_2_font=\u00bbAnton||||||||\u00bb header_2_text_align=\u00bbcenter\u00bb header_2_text_color=\u00bb#070049&#8243; header_2_font_size=\u00bb35px\u00bb header_2_letter_spacing=\u00bb4px\u00bb custom_margin=\u00bb||||false|false\u00bb global_colors_info=\u00bb{}\u00bb]<\/p>\n<h2> M\u00e1s info sobre Artistas y Obras<\/h2>\n<p>[\/et_pb_text][et_pb_blog fullwidth=\u00bboff\u00bb posts_number=\u00bb20&#8243; include_categories=\u00bb28&#8243; show_author=\u00bboff\u00bb show_date=\u00bboff\u00bb show_pagination=\u00bboff\u00bb module_class=\u00bbblog_igual_altura\u00bb _builder_version=\u00bb4.27.4&#8243; _module_preset=\u00bbdefault\u00bb global_colors_info=\u00bb{}\u00bb][\/et_pb_blog][\/et_pb_column][\/et_pb_row][\/et_pb_section][et_pb_section fb_built=\u00bb1&#8243; _builder_version=\u00bb4.16&#8243; custom_margin=\u00bb-1px|||||\u00bb custom_padding=\u00bb0px|||||\u00bb locked=\u00bboff\u00bb global_colors_info=\u00bb{}\u00bb][et_pb_row column_structure=\u00bb1_2,1_2&#8243; _builder_version=\u00bb4.27.4&#8243; _module_preset=\u00bbdefault\u00bb custom_padding=\u00bb||33px|||\u00bb border_width_bottom=\u00bb1px\u00bb border_color_bottom=\u00bb#d3d3d3&#8243; locked=\u00bboff\u00bb global_colors_info=\u00bb{}\u00bb][et_pb_column type=\u00bb1_2&#8243; _builder_version=\u00bb4.16&#8243; _module_preset=\u00bbdefault\u00bb global_colors_info=\u00bb{}\u00bb][et_pb_blurb title=\u00bbDescargar Folleto\u00bb url=\u00bb@ET-DC@eyJkeW5hbWljIjp0cnVlLCJjb250ZW50IjoicG9zdF9saW5rX3VybF9hdHRhY2htZW50Iiwic2V0dGluZ3MiOnsicG9zdF9pZCI6IjE2NzkifX0=@\u00bb url_new_window=\u00bbon\u00bb image=\u00bbhttps:\/\/artespolaintegracion.gal\/wp-content\/uploads\/2020\/07\/icono-pdf.png\u00bb alt=\u00bbDescargar Dossier Artes Pola Integraci\u00f3n\u00bb _builder_version=\u00bb4.27.4&#8243; _dynamic_attributes=\u00bburl\u00bb _module_preset=\u00bbdefault\u00bb text_orientation=\u00bbcenter\u00bb link_option_url_new_window=\u00bbon\u00bb hover_enabled=\u00bb0&#8243; global_colors_info=\u00bb{}\u00bb sticky_enabled=\u00bb0&#8243;][\/et_pb_blurb][\/et_pb_column][et_pb_column type=\u00bb1_2&#8243; _builder_version=\u00bb4.16&#8243; _module_preset=\u00bbdefault\u00bb global_colors_info=\u00bb{}\u00bb][\/et_pb_column][\/et_pb_row][et_pb_row column_structure=\u00bb1_3,1_3,1_3&#8243; _builder_version=\u00bb4.27.4&#8243; _module_preset=\u00bbdefault\u00bb custom_padding=\u00bb||33px|||\u00bb locked=\u00bboff\u00bb global_colors_info=\u00bb{}\u00bb][et_pb_column type=\u00bb1_3&#8243; _builder_version=\u00bb4.16&#8243; _module_preset=\u00bbdefault\u00bb global_colors_info=\u00bb{}\u00bb][et_pb_blurb title=\u00bbDossier de Prensa a\u00f1o 23\/22\/21&#8243; url=\u00bbhttps:\/\/artespolaintegracion.gal\/wp-content\/uploads\/2025\/04\/DOSSIER-PRENSA-2023-2022-2021.pdf\u00bb url_new_window=\u00bbon\u00bb image=\u00bbhttps:\/\/artespolaintegracion.gal\/wp-content\/uploads\/2020\/07\/icono-pdf.png\u00bb alt=\u00bbDescargar Dossier Artes Pola Integraci\u00f3n\u00bb _builder_version=\u00bb4.27.4&#8243; _module_preset=\u00bbdefault\u00bb text_orientation=\u00bbcenter\u00bb link_option_url_new_window=\u00bbon\u00bb global_colors_info=\u00bb{}\u00bb][\/et_pb_blurb][\/et_pb_column][et_pb_column type=\u00bb1_3&#8243; _builder_version=\u00bb4.16&#8243; _module_preset=\u00bbdefault\u00bb global_colors_info=\u00bb{}\u00bb][et_pb_blurb title=\u00bbMemoria Fotogr\u00e1fica\u00bb url=\u00bbhttps:\/\/artespolaintegracion.gal\/wp-content\/uploads\/2025\/04\/MEMORIA_FOTOGRAFICA_ARTESPOLAINETGRACION-1.pdf\u00bb url_new_window=\u00bbon\u00bb image=\u00bbhttps:\/\/artespolaintegracion.gal\/wp-content\/uploads\/2020\/07\/icono-pdf.png\u00bb alt=\u00bbDescargar Dossier Artes Pola Integraci\u00f3n\u00bb _builder_version=\u00bb4.27.4&#8243; _module_preset=\u00bbdefault\u00bb text_orientation=\u00bbcenter\u00bb link_option_url_new_window=\u00bbon\u00bb global_colors_info=\u00bb{}\u00bb][\/et_pb_blurb][\/et_pb_column][et_pb_column type=\u00bb1_3&#8243; _builder_version=\u00bb4.16&#8243; _module_preset=\u00bbdefault\u00bb global_colors_info=\u00bb{}\u00bb][et_pb_blurb title=\u00bbRedes Sociales y Prensa\u00bb url=\u00bbhttps:\/\/artespolaintegracion.gal\/wp-content\/uploads\/2025\/04\/RESULTADO-REDES-ARTES-POLA-INTEGRACION-1.pdf\u00bb url_new_window=\u00bbon\u00bb image=\u00bbhttps:\/\/artespolaintegracion.gal\/wp-content\/uploads\/2020\/07\/icono-pdf.png\u00bb alt=\u00bbDescargar Dossier Artes Pola Integraci\u00f3n\u00bb _builder_version=\u00bb4.27.4&#8243; _module_preset=\u00bbdefault\u00bb text_orientation=\u00bbcenter\u00bb link_option_url_new_window=\u00bbon\u00bb global_colors_info=\u00bb{}\u00bb][\/et_pb_blurb][\/et_pb_column][\/et_pb_row][et_pb_row _builder_version=\u00bb4.24.1&#8243; _module_preset=\u00bbdefault\u00bb custom_margin=\u00bb32px|auto||auto||\u00bb custom_padding=\u00bb||77px|||\u00bb global_colors_info=\u00bb{}\u00bb][et_pb_column type=\u00bb4_4&#8243; _builder_version=\u00bb4.24.1&#8243; _module_preset=\u00bbdefault\u00bb global_colors_info=\u00bb{}\u00bb][et_pb_divider color=\u00bbrgba(0,0,0,0.16)\u00bb divider_weight=\u00bb2px\u00bb _builder_version=\u00bb4.24.1&#8243; _module_preset=\u00bbdefault\u00bb width=\u00bb40%\u00bb module_alignment=\u00bbcenter\u00bb global_colors_info=\u00bb{}\u00bb][\/et_pb_divider][\/et_pb_column][\/et_pb_row][et_pb_row _builder_version=\u00bb4.16&#8243; background_size=\u00bbinitial\u00bb background_position=\u00bbtop_left\u00bb background_repeat=\u00bbrepeat\u00bb custom_padding=\u00bb0px|||||\u00bb global_colors_info=\u00bb{}\u00bb][et_pb_column type=\u00bb4_4&#8243; _builder_version=\u00bb4.16&#8243; custom_padding=\u00bb|||\u00bb global_colors_info=\u00bb{}\u00bb custom_padding__hover=\u00bb|||\u00bb][et_pb_text _builder_version=\u00bb4.25.2&#8243; text_line_height=\u00bb1.8em\u00bb header_2_font_size=\u00bb30px\u00bb text_orientation=\u00bbjustified\u00bb z_index_tablet=\u00bb500&#8243; text_text_shadow_horizontal_length_tablet=\u00bb0px\u00bb text_text_shadow_vertical_length_tablet=\u00bb0px\u00bb text_text_shadow_blur_strength_tablet=\u00bb1px\u00bb link_text_shadow_horizontal_length_tablet=\u00bb0px\u00bb link_text_shadow_vertical_length_tablet=\u00bb0px\u00bb link_text_shadow_blur_strength_tablet=\u00bb1px\u00bb ul_text_shadow_horizontal_length_tablet=\u00bb0px\u00bb ul_text_shadow_vertical_length_tablet=\u00bb0px\u00bb ul_text_shadow_blur_strength_tablet=\u00bb1px\u00bb ol_text_shadow_horizontal_length_tablet=\u00bb0px\u00bb ol_text_shadow_vertical_length_tablet=\u00bb0px\u00bb ol_text_shadow_blur_strength_tablet=\u00bb1px\u00bb quote_text_shadow_horizontal_length_tablet=\u00bb0px\u00bb quote_text_shadow_vertical_length_tablet=\u00bb0px\u00bb quote_text_shadow_blur_strength_tablet=\u00bb1px\u00bb header_text_shadow_horizontal_length_tablet=\u00bb0px\u00bb header_text_shadow_vertical_length_tablet=\u00bb0px\u00bb header_text_shadow_blur_strength_tablet=\u00bb1px\u00bb header_2_text_shadow_horizontal_length_tablet=\u00bb0px\u00bb header_2_text_shadow_vertical_length_tablet=\u00bb0px\u00bb header_2_text_shadow_blur_strength_tablet=\u00bb1px\u00bb header_3_text_shadow_horizontal_length_tablet=\u00bb0px\u00bb header_3_text_shadow_vertical_length_tablet=\u00bb0px\u00bb header_3_text_shadow_blur_strength_tablet=\u00bb1px\u00bb header_4_text_shadow_horizontal_length_tablet=\u00bb0px\u00bb header_4_text_shadow_vertical_length_tablet=\u00bb0px\u00bb header_4_text_shadow_blur_strength_tablet=\u00bb1px\u00bb header_5_text_shadow_horizontal_length_tablet=\u00bb0px\u00bb header_5_text_shadow_vertical_length_tablet=\u00bb0px\u00bb header_5_text_shadow_blur_strength_tablet=\u00bb1px\u00bb header_6_text_shadow_horizontal_length_tablet=\u00bb0px\u00bb header_6_text_shadow_vertical_length_tablet=\u00bb0px\u00bb header_6_text_shadow_blur_strength_tablet=\u00bb1px\u00bb box_shadow_horizontal_tablet=\u00bb0px\u00bb box_shadow_vertical_tablet=\u00bb0px\u00bb box_shadow_blur_tablet=\u00bb40px\u00bb box_shadow_spread_tablet=\u00bb0px\u00bb global_colors_info=\u00bb{}\u00bb]<\/p>\n<h2 class=\"font_8\"><span>HISTORIA<\/span><\/h2>\n<p><strong>Artes pola integraci\u00f3n<\/strong> es un festival de transformaci\u00f3n social a trav\u00e9s de las artes creado en 2012. Este 2024 celebrar\u00e1 su 13\u00aa edici\u00f3n y se ampliar\u00e1 centralizando el festival en Santiago de Compostela y desarrollando una red con la ciudad de A Coru\u00f1a. Esta programaci\u00f3n ampliada enlaza con un evento que nace con un sentido de itinerancia entre ambas ciudades y que tiene en cuenta que en la capital de Galicia no existe un festival de artes inclusivas, por lo que parece necesario reubicar esta uni\u00f3n entre cultura y bienestar Social.<\/p>\n<p><strong>El tema de este a\u00f1o: Artes comunitarias para un territorio. <\/strong><br \/>Artes para la Integraci\u00f3n, desde sus inicios, pretende visibilizar proyectos de comunidades alejadas o de personas en riesgo de exclusi\u00f3n social que, por tanto, se ubican fuera de la cultura de su territorio, muchas veces excluidas de las actividades art\u00edsticas cercanas, aunque tengan talento en el \u00e1mbito de la creaci\u00f3n.<\/p>\n<p>Buena parte de los proyectos se realizan y producen entre 3 y 6 meses antes y finalizan con este Encuentro. Se trata de piezas que viajan por lugares como Santiago de Compostela, Ribeira Sacra, A Coru\u00f1a, Madrid, Catalu\u00f1a, Ourense y la Costa da Morte, principalmente.<\/p>\n<p>Por un lado, el festival da contenido a una programaci\u00f3n de artes esc\u00e9nicas y visuales, que incluye en particular un ciclo de videodanzas en colaboraci\u00f3n con Fiver, un festival internacional de videodanza, una \u00abEnsamblaje Diverso\u00bb para crear un espacio de reflexi\u00f3n en el pensamiento. capacitaciones previas y programaci\u00f3n esc\u00e9nica de proyectos comunitarios, as\u00ed como una exposici\u00f3n de artes visuales y dise\u00f1o gr\u00e1fico.<\/p>\n<p>El Encuentro se desarrollar\u00e1 entre el 19 de junio y el 6 de julio en espacios esc\u00e9nicos, en la calle, espacios asociativos o institucionales, algunos de estos relacionados con la diversidad y otros no.<\/p>\n<p>La programaci\u00f3n, integrada por proyectos de origen local, estatal e internacional, as\u00ed como diversas cadenas en alianza con otras agrupaciones, mostrar\u00e1 los espect\u00e1culos m\u00e1s vanguardistas dentro de la programaci\u00f3n esc\u00e9nica inclusiva.<\/p>\n<p>Junto a la asociaci\u00f3n Diversos impulsamos este encuentro para crear v\u00ednculos relacionales y traer a nuestro territorio un espacio compartido de reflexi\u00f3n y exhibici\u00f3n de nuestras inquietudes a trav\u00e9s del arte como arma transformadora.<\/p>\n<p>[\/et_pb_text][\/et_pb_column][\/et_pb_row][et_pb_row _builder_version=\u00bb4.24.1&#8243; background_size=\u00bbinitial\u00bb background_position=\u00bbtop_left\u00bb background_repeat=\u00bbrepeat\u00bb custom_margin=\u00bb50px||||false|false\u00bb custom_padding=\u00bb0px|||||\u00bb global_colors_info=\u00bb{}\u00bb][et_pb_column type=\u00bb4_4&#8243; _builder_version=\u00bb4.16&#8243; custom_padding=\u00bb|||\u00bb global_colors_info=\u00bb{}\u00bb custom_padding__hover=\u00bb|||\u00bb][et_pb_text _builder_version=\u00bb4.25.2&#8243; text_line_height=\u00bb1.8em\u00bb header_2_font_size=\u00bb21px\u00bb text_orientation=\u00bbjustified\u00bb custom_margin=\u00bb||45px|||\u00bb z_index_tablet=\u00bb500&#8243; text_text_shadow_horizontal_length_tablet=\u00bb0px\u00bb text_text_shadow_vertical_length_tablet=\u00bb0px\u00bb text_text_shadow_blur_strength_tablet=\u00bb1px\u00bb link_text_shadow_horizontal_length_tablet=\u00bb0px\u00bb link_text_shadow_vertical_length_tablet=\u00bb0px\u00bb link_text_shadow_blur_strength_tablet=\u00bb1px\u00bb ul_text_shadow_horizontal_length_tablet=\u00bb0px\u00bb ul_text_shadow_vertical_length_tablet=\u00bb0px\u00bb ul_text_shadow_blur_strength_tablet=\u00bb1px\u00bb ol_text_shadow_horizontal_length_tablet=\u00bb0px\u00bb ol_text_shadow_vertical_length_tablet=\u00bb0px\u00bb ol_text_shadow_blur_strength_tablet=\u00bb1px\u00bb quote_text_shadow_horizontal_length_tablet=\u00bb0px\u00bb quote_text_shadow_vertical_length_tablet=\u00bb0px\u00bb quote_text_shadow_blur_strength_tablet=\u00bb1px\u00bb header_text_shadow_horizontal_length_tablet=\u00bb0px\u00bb header_text_shadow_vertical_length_tablet=\u00bb0px\u00bb header_text_shadow_blur_strength_tablet=\u00bb1px\u00bb header_2_text_shadow_horizontal_length_tablet=\u00bb0px\u00bb header_2_text_shadow_vertical_length_tablet=\u00bb0px\u00bb header_2_text_shadow_blur_strength_tablet=\u00bb1px\u00bb header_3_text_shadow_horizontal_length_tablet=\u00bb0px\u00bb header_3_text_shadow_vertical_length_tablet=\u00bb0px\u00bb header_3_text_shadow_blur_strength_tablet=\u00bb1px\u00bb header_4_text_shadow_horizontal_length_tablet=\u00bb0px\u00bb header_4_text_shadow_vertical_length_tablet=\u00bb0px\u00bb header_4_text_shadow_blur_strength_tablet=\u00bb1px\u00bb header_5_text_shadow_horizontal_length_tablet=\u00bb0px\u00bb header_5_text_shadow_vertical_length_tablet=\u00bb0px\u00bb header_5_text_shadow_blur_strength_tablet=\u00bb1px\u00bb header_6_text_shadow_horizontal_length_tablet=\u00bb0px\u00bb header_6_text_shadow_vertical_length_tablet=\u00bb0px\u00bb header_6_text_shadow_blur_strength_tablet=\u00bb1px\u00bb box_shadow_horizontal_tablet=\u00bb0px\u00bb box_shadow_vertical_tablet=\u00bb0px\u00bb box_shadow_blur_tablet=\u00bb40px\u00bb box_shadow_spread_tablet=\u00bb0px\u00bb global_colors_info=\u00bb{}\u00bb]<\/p>\n<h2 class=\"font_8\">OBJETIVOS<\/h2>\n<p>Bajo la direcci\u00f3n art\u00edstica de Carlota P\u00e9rez, core\u00f3grafa y gestora cultural que ha dirigido m\u00e1s de 20 espect\u00e1culos y responsable de otros festivales habituales como el Encontro de Espazos Abandandonados y el SacraFestival de la Ribeira Sacra, Artes pola Integraci\u00f3n busca siempre calidad esc\u00e9nica. propuestas, seleccionando espect\u00e1culos programados en festivales destacados y en red con los ganadores del festival Escena M\u00f3bile y del festival Fiver, como venimos comentando.<\/p>\n<p>Su modelo de desarrollo diversifica y visibiliza los espacios expositivos, integrando espacios excluidos no habituales de las representaciones art\u00edsticas: prisiones, sedes de asociaciones de diversidad funcional, hospitales, colegios, centros de menores, fundaciones, museos&#8230;<\/p>\n<p>La pieza de danza inclusiva que se crea anualmente con el auspicio de este festival tiene actuaciones garantizadas en festivales y tertulias art\u00edsticas: Festigual, Concello de Santiago, Festival Sacra, Danza M\u00f3bile&#8230;<\/p>\n<p>Artes por la Integraci\u00f3n -el primer festival de inclusi\u00f3n de Galicia y el que m\u00e1s ediciones consecutivas- trabaja con artistas de renombre a lo largo de su programa de formaci\u00f3n. Habitualmente, encuentros y festivales de esta naturaleza suelen tener contenido amateur, sin importar la calidad art\u00edstica y sin entrelazar a artistas con y sin discapacidad con comunidades desarticuladas, creando, de esta manera, guetos sociales y culturales.<\/p>\n<p>Por el contrario, en Arts by Integration huimos de este tipo de influencias e intentamos ofrecer espacios art\u00edsticos alternativos donde se re\u00fanen y trabajan artistas con y sin diversidad funcional, donde cada uno aporta su propio talento, creando una plataforma para estrenos estables de gran calidad art\u00edstica. El p\u00fablico al que nos dirigimos es diverso: desde los m\u00e1s especializados y culturalmente activos hasta alumnos de escuelas especiales, pasando por los usuarios de las asociaciones con las que colaboramos,<br \/>profesionales de las artes esc\u00e9nicas, visuales y musicales, profesionales del mundo de la diversidad, personas de los barrios donde desarrollamos las actividades y ciudadanos en general.<\/p>\n<p>En el festival dedicamos un apartado a jornadas de reflexi\u00f3n y charlas, charlas, mesas redondas y debates donde ampliamos la visi\u00f3n de la discapacidad con un marco te\u00f3rico, sirviendo como formaci\u00f3n espec\u00edfica a los profesionales en la inclusi\u00f3n e integraci\u00f3n social a trav\u00e9s de la creaci\u00f3n de proyectos socioculturales.<\/p>\n<p>La Asociaci\u00f3n Diversos es invitada peri\u00f3dicamente a diferentes encuentros especializados donde impartimos talleres y conferencias sobre nuestra metodolog\u00eda y mostramos el trabajo de creaci\u00f3n de la Compa\u00f1\u00eda 5S como Zona 0, Congreso Nacional de Inclusi\u00f3n Social y Artes Esc\u00e9nicas, Festival Escena M\u00f3bile de Sevilla, Festival Visibles de Madrid, SacraFestival, Diversidarte, Festival de Oviedo, Festival M\u00e9xico Inclusi\u00f3n, y distintos festivales de la Unesco como los de T\u00fanez, Argentina o Marruecos.<\/p>\n<p>[\/et_pb_text][\/et_pb_column][\/et_pb_row][et_pb_row _builder_version=\u00bb4.19.4&#8243; _module_preset=\u00bbdefault\u00bb width=\u00bb90%\u00bb max_width=\u00bb1300px\u00bb locked=\u00bboff\u00bb global_colors_info=\u00bb{}\u00bb][et_pb_column type=\u00bb4_4&#8243; _builder_version=\u00bb4.16&#8243; _module_preset=\u00bbdefault\u00bb global_colors_info=\u00bb{}\u00bb][et_pb_image src=\u00bbhttps:\/\/artespolaintegracion.gal\/wp-content\/uploads\/2025\/03\/next-generation.jpg\u00bb alt=\u00bbNext generation EU\u00bb title_text=\u00bbNext generation EU\u00bb _builder_version=\u00bb4.27.4&#8243; _module_preset=\u00bbdefault\u00bb global_colors_info=\u00bb{}\u00bb][\/et_pb_image][\/et_pb_column][\/et_pb_row][et_pb_row column_structure=\u00bb1_3,1_3,1_3&#8243; _builder_version=\u00bb4.19.4&#8243; _module_preset=\u00bbdefault\u00bb width=\u00bb90%\u00bb max_width=\u00bb1300px\u00bb locked=\u00bboff\u00bb global_colors_info=\u00bb{}\u00bb][et_pb_column type=\u00bb1_3&#8243; _builder_version=\u00bb4.16&#8243; _module_preset=\u00bbdefault\u00bb global_colors_info=\u00bb{}\u00bb][et_pb_image src=\u00bbhttps:\/\/artespolaintegracion.gal\/wp-content\/uploads\/2023\/08\/deputacion-da-coruna-1.jpg\u00bb alt=\u00bbDeputaci\u00f3n da Coru\u00f1a\u00bb title_text=\u00bbDeputaci\u00f3n da Coru\u00f1a\u00bb align=\u00bbcenter\u00bb _builder_version=\u00bb4.21.0&#8243; _module_preset=\u00bbdefault\u00bb height=\u00bb100px\u00bb max_height=\u00bb100px\u00bb custom_padding=\u00bb||0px|||\u00bb global_colors_info=\u00bb{}\u00bb][\/et_pb_image][\/et_pb_column][et_pb_column type=\u00bb1_3&#8243; _builder_version=\u00bb4.16&#8243; _module_preset=\u00bbdefault\u00bb global_colors_info=\u00bb{}\u00bb][et_pb_image src=\u00bbhttps:\/\/artespolaintegracion.gal\/wp-content\/uploads\/2023\/08\/ayuntamiento-da-coruna.png\u00bb alt=\u00bbConcello da Coru\u00f1a\u00bb title_text=\u00bbConcello da Coru\u00f1a\u00bb _builder_version=\u00bb4.21.2&#8243; _module_preset=\u00bbdefault\u00bb custom_margin=\u00bb20px|||||\u00bb global_colors_info=\u00bb{}\u00bb][\/et_pb_image][\/et_pb_column][et_pb_column type=\u00bb1_3&#8243; _builder_version=\u00bb4.16&#8243; _module_preset=\u00bbdefault\u00bb global_colors_info=\u00bb{}\u00bb][et_pb_image src=\u00bbhttps:\/\/artespolaintegracion.gal\/wp-content\/uploads\/2023\/08\/imce-1.jpg\u00bb alt=\u00bbImce\u00bb title_text=\u00bbImce\u00bb align=\u00bbcenter\u00bb _builder_version=\u00bb4.21.0&#8243; _module_preset=\u00bbdefault\u00bb global_colors_info=\u00bb{}\u00bb][\/et_pb_image][\/et_pb_column][\/et_pb_row][et_pb_row column_structure=\u00bb1_3,1_3,1_3&#8243; _builder_version=\u00bb4.27.4&#8243; _module_preset=\u00bbdefault\u00bb width=\u00bb90%\u00bb max_width=\u00bb1300px\u00bb custom_padding=\u00bb4px|||||\u00bb locked=\u00bboff\u00bb global_colors_info=\u00bb{}\u00bb][et_pb_column type=\u00bb1_3&#8243; _builder_version=\u00bb4.16&#8243; _module_preset=\u00bbdefault\u00bb global_colors_info=\u00bb{}\u00bb][et_pb_image src=\u00bbhttps:\/\/artespolaintegracion.gal\/wp-content\/uploads\/2023\/08\/hijos-de-ribera-1.jpg\u00bb alt=\u00bbHijos de Ribera\u00bb title_text=\u00bbHijos de Ribera\u00bb align=\u00bbcenter\u00bb _builder_version=\u00bb4.21.0&#8243; _module_preset=\u00bbdefault\u00bb custom_margin=\u00bb20px|||||\u00bb global_colors_info=\u00bb{}\u00bb][\/et_pb_image][\/et_pb_column][et_pb_column type=\u00bb1_3&#8243; _builder_version=\u00bb4.16&#8243; _module_preset=\u00bbdefault\u00bb global_colors_info=\u00bb{}\u00bb][et_pb_image src=\u00bbhttps:\/\/artespolaintegracion.gal\/wp-content\/uploads\/2023\/10\/f-vilaseco.png\u00bb alt=\u00bbF. Vilaseco\u00bb title_text=\u00bbF. Vilaseco\u00bb _builder_version=\u00bb4.22.2&#8243; _module_preset=\u00bbdefault\u00bb global_colors_info=\u00bb{}\u00bb][\/et_pb_image][\/et_pb_column][et_pb_column type=\u00bb1_3&#8243; _builder_version=\u00bb4.16&#8243; _module_preset=\u00bbdefault\u00bb global_colors_info=\u00bb{}\u00bb][et_pb_image src=\u00bbhttps:\/\/artespolaintegracion.gal\/wp-content\/uploads\/2023\/08\/gadis-1.jpg\u00bb alt=\u00bbGadis\u00bb title_text=\u00bbGadis\u00bb align=\u00bbcenter\u00bb _builder_version=\u00bb4.21.0&#8243; _module_preset=\u00bbdefault\u00bb custom_margin=\u00bb38px|||||\u00bb global_colors_info=\u00bb{}\u00bb][\/et_pb_image][\/et_pb_column][\/et_pb_row][et_pb_row _builder_version=\u00bb4.16&#8243; _module_preset=\u00bbdefault\u00bb global_colors_info=\u00bb{}\u00bb][et_pb_column type=\u00bb4_4&#8243; _builder_version=\u00bb4.16&#8243; _module_preset=\u00bbdefault\u00bb global_colors_info=\u00bb{}\u00bb][et_pb_social_media_follow _builder_version=\u00bb4.16&#8243; _module_preset=\u00bbdefault\u00bb text_orientation=\u00bbcenter\u00bb global_colors_info=\u00bb{}\u00bb][et_pb_social_media_follow_network social_network=\u00bbfacebook\u00bb url=\u00bbhttps:\/\/www.facebook.com\/encontroartespolaintegracion\u00bb _builder_version=\u00bb4.16&#8243; _module_preset=\u00bbdefault\u00bb background_color=\u00bb#3b5998&#8243; global_colors_info=\u00bb{}\u00bb follow_button=\u00bboff\u00bb url_new_window=\u00bbon\u00bb]facebook[\/et_pb_social_media_follow_network][et_pb_social_media_follow_network social_network=\u00bbinstagram\u00bb url=\u00bbhttps:\/\/www.instagram.com\/artes.pola.integracion\/\u00bb _builder_version=\u00bb4.16&#8243; _module_preset=\u00bbdefault\u00bb background_color=\u00bb#ea2c59&#8243; global_colors_info=\u00bb{}\u00bb follow_button=\u00bboff\u00bb url_new_window=\u00bbon\u00bb]instagram[\/et_pb_social_media_follow_network][\/et_pb_social_media_follow][\/et_pb_column][\/et_pb_row][\/et_pb_section]<\/p>\n","protected":false},"excerpt":{"rendered":"<p>Programa XIV Encontro Artes Pola Integraci\u00f3n A Coru\u00f1a \/ SantiagoVIERNES 19 A Coru\u00f1aCOLECTIVO DIVERSOSEspect\u00e1culo dedanza comunitariaTiempo de so\u00f1ar 17.00hPraza das Conchi\u00f1asA Coru\u00f1a Espect\u00e1culo inclusivo de danza-teatro que gira en torno a la violencia de g\u00e9nero y diferentes formas de abuso. Los protagonistas hablan de sus propias historias y experiencias en primera persona. Protagonizado por 10 [&hellip;]<\/p>\n","protected":false},"author":1,"featured_media":0,"parent":0,"menu_order":0,"comment_status":"closed","ping_status":"closed","template":"","meta":{"_et_pb_use_builder":"on","_et_pb_old_content":"","_et_gb_content_width":"","footnotes":""},"class_list":["post-1596","page","type-page","status-publish","hentry"],"yoast_head":"<!-- This site is optimized with the Yoast SEO plugin v27.3 - https:\/\/yoast.com\/product\/yoast-seo-wordpress\/ -->\n<title>XIV Encontro - Artes Pola Integraci\u00f3n<\/title>\n<meta name=\"robots\" content=\"index, follow, max-snippet:-1, max-image-preview:large, max-video-preview:-1\" \/>\n<link rel=\"canonical\" href=\"https:\/\/artespolaintegracion.gal\/es\/xiv-encontro-artes-pola-integracion\/\" \/>\n<meta property=\"og:locale\" content=\"es_ES\" \/>\n<meta property=\"og:type\" content=\"article\" \/>\n<meta property=\"og:title\" content=\"XIV Encontro - Artes Pola Integraci\u00f3n\" \/>\n<meta property=\"og:description\" content=\"Programa XIV Encontro Artes Pola Integraci\u00f3n A Coru\u00f1a \/ SantiagoVIERNES 19 A Coru\u00f1aCOLECTIVO DIVERSOSEspect\u00e1culo dedanza comunitariaTiempo de so\u00f1ar 17.00hPraza das Conchi\u00f1asA Coru\u00f1a Espect\u00e1culo inclusivo de danza-teatro que gira en torno a la violencia de g\u00e9nero y diferentes formas de abuso. Los protagonistas hablan de sus propias historias y experiencias en primera persona. Protagonizado por 10 [&hellip;]\" \/>\n<meta property=\"og:url\" content=\"https:\/\/artespolaintegracion.gal\/es\/xiv-encontro-artes-pola-integracion\/\" \/>\n<meta property=\"og:site_name\" content=\"Artes Pola Integraci\u00f3n\" \/>\n<meta property=\"article:modified_time\" content=\"2025-09-12T10:09:19+00:00\" \/>\n<meta name=\"twitter:card\" content=\"summary_large_image\" \/>\n<meta name=\"twitter:label1\" content=\"Tiempo de lectura\" \/>\n\t<meta name=\"twitter:data1\" content=\"25 minutos\" \/>\n<script type=\"application\/ld+json\" class=\"yoast-schema-graph\">{\"@context\":\"https:\\\/\\\/schema.org\",\"@graph\":[{\"@type\":\"WebPage\",\"@id\":\"https:\\\/\\\/artespolaintegracion.gal\\\/es\\\/xiv-encontro-artes-pola-integracion\\\/\",\"url\":\"https:\\\/\\\/artespolaintegracion.gal\\\/es\\\/xiv-encontro-artes-pola-integracion\\\/\",\"name\":\"XIV Encontro - Artes Pola Integraci\u00f3n\",\"isPartOf\":{\"@id\":\"https:\\\/\\\/maroon-squid-270101.hostingersite.com\\\/#website\"},\"datePublished\":\"2025-09-10T23:50:57+00:00\",\"dateModified\":\"2025-09-12T10:09:19+00:00\",\"breadcrumb\":{\"@id\":\"https:\\\/\\\/artespolaintegracion.gal\\\/es\\\/xiv-encontro-artes-pola-integracion\\\/#breadcrumb\"},\"inLanguage\":\"es\",\"potentialAction\":[{\"@type\":\"ReadAction\",\"target\":[\"https:\\\/\\\/artespolaintegracion.gal\\\/es\\\/xiv-encontro-artes-pola-integracion\\\/\"]}]},{\"@type\":\"BreadcrumbList\",\"@id\":\"https:\\\/\\\/artespolaintegracion.gal\\\/es\\\/xiv-encontro-artes-pola-integracion\\\/#breadcrumb\",\"itemListElement\":[{\"@type\":\"ListItem\",\"position\":1,\"name\":\"Home\",\"item\":\"https:\\\/\\\/artespolaintegracion.gal\\\/es\\\/\"},{\"@type\":\"ListItem\",\"position\":2,\"name\":\"XIV Encontro\"}]},{\"@type\":\"WebSite\",\"@id\":\"https:\\\/\\\/maroon-squid-270101.hostingersite.com\\\/#website\",\"url\":\"https:\\\/\\\/maroon-squid-270101.hostingersite.com\\\/\",\"name\":\"Artes Pola Integraci\u00f3n\",\"description\":\"Artes esc\u00e9nicas, artes visuais, mesas de reflexi\u00f3n\",\"potentialAction\":[{\"@type\":\"SearchAction\",\"target\":{\"@type\":\"EntryPoint\",\"urlTemplate\":\"https:\\\/\\\/maroon-squid-270101.hostingersite.com\\\/?s={search_term_string}\"},\"query-input\":{\"@type\":\"PropertyValueSpecification\",\"valueRequired\":true,\"valueName\":\"search_term_string\"}}],\"inLanguage\":\"es\"}]}<\/script>\n<!-- \/ Yoast SEO plugin. -->","yoast_head_json":{"title":"XIV Encontro - Artes Pola Integraci\u00f3n","robots":{"index":"index","follow":"follow","max-snippet":"max-snippet:-1","max-image-preview":"max-image-preview:large","max-video-preview":"max-video-preview:-1"},"canonical":"https:\/\/artespolaintegracion.gal\/es\/xiv-encontro-artes-pola-integracion\/","og_locale":"es_ES","og_type":"article","og_title":"XIV Encontro - Artes Pola Integraci\u00f3n","og_description":"Programa XIV Encontro Artes Pola Integraci\u00f3n A Coru\u00f1a \/ SantiagoVIERNES 19 A Coru\u00f1aCOLECTIVO DIVERSOSEspect\u00e1culo dedanza comunitariaTiempo de so\u00f1ar 17.00hPraza das Conchi\u00f1asA Coru\u00f1a Espect\u00e1culo inclusivo de danza-teatro que gira en torno a la violencia de g\u00e9nero y diferentes formas de abuso. Los protagonistas hablan de sus propias historias y experiencias en primera persona. Protagonizado por 10 [&hellip;]","og_url":"https:\/\/artespolaintegracion.gal\/es\/xiv-encontro-artes-pola-integracion\/","og_site_name":"Artes Pola Integraci\u00f3n","article_modified_time":"2025-09-12T10:09:19+00:00","twitter_card":"summary_large_image","twitter_misc":{"Tiempo de lectura":"25 minutos"},"schema":{"@context":"https:\/\/schema.org","@graph":[{"@type":"WebPage","@id":"https:\/\/artespolaintegracion.gal\/es\/xiv-encontro-artes-pola-integracion\/","url":"https:\/\/artespolaintegracion.gal\/es\/xiv-encontro-artes-pola-integracion\/","name":"XIV Encontro - Artes Pola Integraci\u00f3n","isPartOf":{"@id":"https:\/\/maroon-squid-270101.hostingersite.com\/#website"},"datePublished":"2025-09-10T23:50:57+00:00","dateModified":"2025-09-12T10:09:19+00:00","breadcrumb":{"@id":"https:\/\/artespolaintegracion.gal\/es\/xiv-encontro-artes-pola-integracion\/#breadcrumb"},"inLanguage":"es","potentialAction":[{"@type":"ReadAction","target":["https:\/\/artespolaintegracion.gal\/es\/xiv-encontro-artes-pola-integracion\/"]}]},{"@type":"BreadcrumbList","@id":"https:\/\/artespolaintegracion.gal\/es\/xiv-encontro-artes-pola-integracion\/#breadcrumb","itemListElement":[{"@type":"ListItem","position":1,"name":"Home","item":"https:\/\/artespolaintegracion.gal\/es\/"},{"@type":"ListItem","position":2,"name":"XIV Encontro"}]},{"@type":"WebSite","@id":"https:\/\/maroon-squid-270101.hostingersite.com\/#website","url":"https:\/\/maroon-squid-270101.hostingersite.com\/","name":"Artes Pola Integraci\u00f3n","description":"Artes esc\u00e9nicas, artes visuais, mesas de reflexi\u00f3n","potentialAction":[{"@type":"SearchAction","target":{"@type":"EntryPoint","urlTemplate":"https:\/\/maroon-squid-270101.hostingersite.com\/?s={search_term_string}"},"query-input":{"@type":"PropertyValueSpecification","valueRequired":true,"valueName":"search_term_string"}}],"inLanguage":"es"}]}},"_links":{"self":[{"href":"https:\/\/artespolaintegracion.gal\/es\/wp-json\/wp\/v2\/pages\/1596","targetHints":{"allow":["GET"]}}],"collection":[{"href":"https:\/\/artespolaintegracion.gal\/es\/wp-json\/wp\/v2\/pages"}],"about":[{"href":"https:\/\/artespolaintegracion.gal\/es\/wp-json\/wp\/v2\/types\/page"}],"author":[{"embeddable":true,"href":"https:\/\/artespolaintegracion.gal\/es\/wp-json\/wp\/v2\/users\/1"}],"replies":[{"embeddable":true,"href":"https:\/\/artespolaintegracion.gal\/es\/wp-json\/wp\/v2\/comments?post=1596"}],"version-history":[{"count":4,"href":"https:\/\/artespolaintegracion.gal\/es\/wp-json\/wp\/v2\/pages\/1596\/revisions"}],"predecessor-version":[{"id":1683,"href":"https:\/\/artespolaintegracion.gal\/es\/wp-json\/wp\/v2\/pages\/1596\/revisions\/1683"}],"wp:attachment":[{"href":"https:\/\/artespolaintegracion.gal\/es\/wp-json\/wp\/v2\/media?parent=1596"}],"curies":[{"name":"wp","href":"https:\/\/api.w.org\/{rel}","templated":true}]}}