{"id":1442,"date":"2025-03-30T21:34:30","date_gmt":"2025-03-30T21:34:30","guid":{"rendered":"https:\/\/maroon-squid-270101.hostingersite.com\/xiii-encontro\/"},"modified":"2025-04-08T11:54:28","modified_gmt":"2025-04-08T11:54:28","slug":"xiii-encontro","status":"publish","type":"page","link":"https:\/\/artespolaintegracion.gal\/es\/xiii-encontro\/","title":{"rendered":"XIII Encontro"},"content":{"rendered":"<p>[et_pb_section fb_built=\u00bb1&#8243; _builder_version=\u00bb4.21.0&#8243; custom_margin=\u00bb-1px||38px|||\u00bb custom_padding=\u00bb0px||0px||false|false\u00bb locked=\u00bboff\u00bb global_colors_info=\u00bb{}\u00bb][et_pb_row _builder_version=\u00bb4.21.0&#8243; _module_preset=\u00bbdefault\u00bb width=\u00bb100%\u00bb max_width=\u00bb100%\u00bb custom_padding=\u00bb1px|||||\u00bb global_colors_info=\u00bb{}\u00bb][et_pb_column type=\u00bb4_4&#8243; _builder_version=\u00bb4.21.0&#8243; _module_preset=\u00bbdefault\u00bb global_colors_info=\u00bb{}\u00bb][et_pb_image src=\u00bbhttp:\/\/artespolaintegracion.gal\/wp-content\/uploads\/2024\/05\/XIII-artes-pola-integracion-1.jpg\u00bb alt=\u00bbXIII Artes pola integraci\u00f3n\u00bb title_text=\u00bbXIII Artes pola integraci\u00f3n\u00bb align=\u00bbcenter\u00bb force_fullwidth=\u00bbon\u00bb _builder_version=\u00bb4.25.1&#8243; _module_preset=\u00bbdefault\u00bb global_colors_info=\u00bb{}\u00bb][\/et_pb_image][\/et_pb_column][\/et_pb_row][\/et_pb_section][et_pb_section fb_built=\u00bb1&#8243; _builder_version=\u00bb4.16&#8243; custom_margin=\u00bb-39px|||||\u00bb custom_padding=\u00bb0px||116px|||\u00bb locked=\u00bboff\u00bb global_colors_info=\u00bb{}\u00bb][et_pb_row _builder_version=\u00bb4.25.1&#8243; _module_preset=\u00bbdefault\u00bb background_color=\u00bb#be5fc6&#8243; custom_padding=\u00bb11px||1px|||\u00bb border_width_bottom=\u00bb2px\u00bb border_color_bottom=\u00bb#96006b\u00bb global_colors_info=\u00bb{}\u00bb][et_pb_column type=\u00bb4_4&#8243; _builder_version=\u00bb4.21.0&#8243; _module_preset=\u00bbdefault\u00bb background_color=\u00bbRGBA(255,255,255,0)\u00bb global_colors_info=\u00bb{}\u00bb][et_pb_text _builder_version=\u00bb4.25.1&#8243; _module_preset=\u00bbdefault\u00bb text_font=\u00bb||||||||\u00bb header_font=\u00bb|||on|||||\u00bb header_text_color=\u00bb#FFFFFF\u00bb header_font_size=\u00bb27px\u00bb header_line_height=\u00bb1.3em\u00bb header_2_font=\u00bbAnton||||||||\u00bb header_2_text_align=\u00bbcenter\u00bb header_2_text_color=\u00bb#070049&#8243; header_2_font_size=\u00bb35px\u00bb header_2_letter_spacing=\u00bb4px\u00bb custom_margin=\u00bb||||false|false\u00bb custom_padding=\u00bb5px|5px|5px|5px|false|false\u00bb global_colors_info=\u00bb{}\u00bb]<\/p>\n<h1 class=\"et_pb_module_header\" style=\"text-align: center;\"><strong>Programa XIII Encuentro Artes Pola Integraci\u00f3n de la ciudad de A Coru\u00f1a<\/strong><\/h1>\n<p>[\/et_pb_text][\/et_pb_column][\/et_pb_row][et_pb_row column_structure=\u00bb1_2,1_2&#8243; _builder_version=\u00bb4.25.1&#8243; _module_preset=\u00bbdefault\u00bb background_color=\u00bbrgba(253,168,242,0.91)\u00bb custom_padding=\u00bb11px||1px|||\u00bb border_width_bottom=\u00bb2px\u00bb border_color_bottom=\u00bb#96006b\u00bb global_colors_info=\u00bb{}\u00bb][et_pb_column type=\u00bb1_2&#8243; _builder_version=\u00bb4.17.4&#8243; _module_preset=\u00bbdefault\u00bb background_color=\u00bbRGBA(255,255,255,0)\u00bb global_colors_info=\u00bb{}\u00bb][et_pb_text _builder_version=\u00bb4.25.1&#8243; _module_preset=\u00bbdefault\u00bb text_font=\u00bb||||||||\u00bb header_2_font=\u00bbAnton||||||||\u00bb header_2_text_align=\u00bbcenter\u00bb header_2_text_color=\u00bb#070049&#8243; header_2_font_size=\u00bb35px\u00bb header_2_letter_spacing=\u00bb4px\u00bb custom_margin=\u00bb||||false|false\u00bb global_colors_info=\u00bb{}\u00bb]<\/p>\n<h2>MI\u00c9RCOLES 19 DE JUNIO<\/h2>\n<p>[\/et_pb_text][\/et_pb_column][et_pb_column type=\u00bb1_2&#8243; _builder_version=\u00bb4.17.4&#8243; _module_preset=\u00bbdefault\u00bb global_colors_info=\u00bb{}\u00bb][\/et_pb_column][\/et_pb_row][et_pb_row column_structure=\u00bb3_5,2_5&#8243; _builder_version=\u00bb4.25.1&#8243; _module_preset=\u00bbdefault\u00bb background_color=\u00bbrgba(253,168,242,0.67)\u00bb border_width_bottom=\u00bb2px\u00bb border_color_bottom=\u00bb#96006b\u00bb global_colors_info=\u00bb{}\u00bb][et_pb_column type=\u00bb3_5&#8243; _builder_version=\u00bb4.17.4&#8243; _module_preset=\u00bbdefault\u00bb global_colors_info=\u00bb{}\u00bb][et_pb_text _builder_version=\u00bb4.25.1&#8243; _module_preset=\u00bbdefault\u00bb text_font=\u00bb|600|||||||\u00bb text_text_color=\u00bb#000000&#8243; text_line_height=\u00bb1.8em\u00bb header_3_font=\u00bbAnton||||||||\u00bb header_3_text_color=\u00bbrgba(17,11,73,0.95)\u00bb header_3_letter_spacing=\u00bb1px\u00bb header_3_line_height=\u00bb1.2em\u00bb header_4_font=\u00bbAnton||||||||\u00bb header_4_text_color=\u00bb#b51540&#8243; header_4_font_size=\u00bb22px\u00bb custom_margin=\u00bb||||false|false\u00bb custom_padding=\u00bb|20px||20px|false|false\u00bb global_colors_info=\u00bb{}\u00bb]<\/p>\n<h4>20:00 horas<\/h4>\n<h3>APERTURA DEL FESTIVAL<\/h3>\n<h3>Auditorio de Galicia<\/h3>\n<p>&nbsp;<\/p>\n<h4>Muestra de la pieza CEREBRARTES<\/h4>\n<p>Direcci\u00f3n:<br \/>Carlota P\u00e9rez<\/p>\n<p>Ayudante de direcci\u00f3n:<br \/>Adriana Paulos<\/p>\n<p>Compositora musical y Arteterapeuta:<br \/>Rebeca Ponte<br \/><span style=\"color: #ffffff;\"><\/span><\/p>\n<p>[\/et_pb_text][et_pb_text _builder_version=\u00bb4.25.1&#8243; _module_preset=\u00bbdefault\u00bb text_text_color=\u00bb#FFFFFF\u00bb link_font=\u00bb|700|||||||\u00bb link_text_color=\u00bb#b51540&#8243; header_3_font=\u00bbAnton||||||||\u00bb header_3_text_color=\u00bbrgba(17,11,73,0.95)\u00bb header_3_letter_spacing=\u00bb1px\u00bb custom_margin=\u00bb||||false|false\u00bb custom_padding=\u00bb|20px||20px|false|false\u00bb locked=\u00bboff\u00bb global_colors_info=\u00bb{}\u00bb]<\/p>\n<p><a href=\"https:\/\/maroon-squid-270101.hostingersite.com\/mostra-da-peza-cerebrartes\/\">m\u00e1s info<\/a><\/p>\n<p>[\/et_pb_text][\/et_pb_column][et_pb_column type=\u00bb2_5&#8243; _builder_version=\u00bb4.17.4&#8243; _module_preset=\u00bbdefault\u00bb global_colors_info=\u00bb{}\u00bb][et_pb_image src=\u00bbhttp:\/\/artespolaintegracion.gal\/wp-content\/uploads\/2024\/05\/xiii-aencontro.jpg\u00bb alt=\u00bbXIII Artes pola integraci\u00f3n\u00bb title_text=\u00bbXIII Artes pola integraci\u00f3n\u00bb _builder_version=\u00bb4.25.1&#8243; _module_preset=\u00bbdefault\u00bb custom_margin=\u00bb||||false|false\u00bb custom_padding=\u00bb|20px||20px|false|false\u00bb locked=\u00bboff\u00bb global_colors_info=\u00bb{}\u00bb][\/et_pb_image][\/et_pb_column][\/et_pb_row][et_pb_row column_structure=\u00bb3_5,2_5&#8243; _builder_version=\u00bb4.25.1&#8243; _module_preset=\u00bbdefault\u00bb background_color=\u00bbrgba(253,168,242,0.67)\u00bb border_width_bottom=\u00bb2px\u00bb border_color_bottom=\u00bb#96006b\u00bb global_colors_info=\u00bb{}\u00bb][et_pb_column type=\u00bb3_5&#8243; _builder_version=\u00bb4.17.4&#8243; _module_preset=\u00bbdefault\u00bb global_colors_info=\u00bb{}\u00bb][et_pb_text _builder_version=\u00bb4.25.1&#8243; _module_preset=\u00bbdefault\u00bb text_font=\u00bb|600|||||||\u00bb text_text_color=\u00bb#000000&#8243; text_line_height=\u00bb1.8em\u00bb header_3_font=\u00bbAnton||||||||\u00bb header_3_text_color=\u00bbrgba(17,11,73,0.95)\u00bb header_3_letter_spacing=\u00bb1px\u00bb header_3_line_height=\u00bb1.2em\u00bb header_4_font=\u00bbAnton||||||||\u00bb header_4_text_color=\u00bb#b51540&#8243; header_4_font_size=\u00bb22px\u00bb custom_margin=\u00bb||||false|false\u00bb custom_padding=\u00bb|20px||20px|false|false\u00bb global_colors_info=\u00bb{}\u00bb]<\/p>\n<h4>20:00 horas<\/h4>\n<h3>Santiago de Compostela<\/h3>\n<h3>Auditorio de Galicia<\/h3>\n<p>&nbsp;<\/p>\n<h4>Promena: Vaciarte<\/h4>\n<p>Duracio\u0301n: 10\u2019<\/p>\n<p>Coreograf\u00eda:<br \/>Jaume &amp; Iris<\/p>\n<p>Int\u00e9rpretes:<br \/>Jaume Girbau<br \/>Iris Gonz\u00e1lez<\/p>\n<p><span style=\"color: #ffffff;\"><\/span><\/p>\n<p>[\/et_pb_text][et_pb_text _builder_version=\u00bb4.25.1&#8243; _module_preset=\u00bbdefault\u00bb text_text_color=\u00bb#FFFFFF\u00bb link_font=\u00bb|700|||||||\u00bb link_text_color=\u00bb#b51540&#8243; header_3_font=\u00bbAnton||||||||\u00bb header_3_text_color=\u00bbrgba(17,11,73,0.95)\u00bb header_3_letter_spacing=\u00bb1px\u00bb custom_margin=\u00bb||||false|false\u00bb custom_padding=\u00bb|20px||20px|false|false\u00bb locked=\u00bboff\u00bb global_colors_info=\u00bb{}\u00bb]<\/p>\n<p><a href=\"https:\/\/maroon-squid-270101.hostingersite.com\/promena-vaciarte\/\">m\u00e1s info<\/a><\/p>\n<p>[\/et_pb_text][\/et_pb_column][et_pb_column type=\u00bb2_5&#8243; _builder_version=\u00bb4.17.4&#8243; _module_preset=\u00bbdefault\u00bb global_colors_info=\u00bb{}\u00bb][et_pb_image src=\u00bbhttp:\/\/artespolaintegracion.gal\/wp-content\/uploads\/2024\/05\/promena-vaciarte.jpg\u00bb alt=\u00bbPromena: Vaciarte\u00bb title_text=\u00bbPromena: Vaciarte\u00bb _builder_version=\u00bb4.25.1&#8243; _module_preset=\u00bbdefault\u00bb custom_margin=\u00bb||||false|false\u00bb custom_padding=\u00bb|20px||20px|false|false\u00bb locked=\u00bboff\u00bb global_colors_info=\u00bb{}\u00bb][\/et_pb_image][\/et_pb_column][\/et_pb_row][\/et_pb_section][et_pb_section fb_built=\u00bb1&#8243; _builder_version=\u00bb4.16&#8243; custom_margin=\u00bb-39px|||||\u00bb custom_padding=\u00bb0px||110px|||\u00bb locked=\u00bboff\u00bb global_colors_info=\u00bb{}\u00bb][et_pb_row column_structure=\u00bb1_2,1_2&#8243; _builder_version=\u00bb4.25.1&#8243; _module_preset=\u00bbdefault\u00bb background_color=\u00bbrgba(253,168,242,0.91)\u00bb custom_padding=\u00bb11px||1px|||\u00bb border_width_bottom=\u00bb2px\u00bb border_color_bottom=\u00bb#96006b\u00bb global_colors_info=\u00bb{}\u00bb][et_pb_column type=\u00bb1_2&#8243; _builder_version=\u00bb4.17.4&#8243; _module_preset=\u00bbdefault\u00bb background_color=\u00bbRGBA(255,255,255,0)\u00bb global_colors_info=\u00bb{}\u00bb][et_pb_text _builder_version=\u00bb4.25.1&#8243; _module_preset=\u00bbdefault\u00bb text_font=\u00bb||||||||\u00bb header_2_font=\u00bbAnton||||||||\u00bb header_2_text_align=\u00bbcenter\u00bb header_2_text_color=\u00bb#070049&#8243; header_2_font_size=\u00bb35px\u00bb header_2_letter_spacing=\u00bb4px\u00bb custom_margin=\u00bb||||false|false\u00bb global_colors_info=\u00bb{}\u00bb]<\/p>\n<h2>VIERNES 21 DE JUNIO<\/h2>\n<p>[\/et_pb_text][\/et_pb_column][et_pb_column type=\u00bb1_2&#8243; _builder_version=\u00bb4.17.4&#8243; _module_preset=\u00bbdefault\u00bb global_colors_info=\u00bb{}\u00bb][\/et_pb_column][\/et_pb_row][et_pb_row column_structure=\u00bb3_5,2_5&#8243; _builder_version=\u00bb4.25.1&#8243; _module_preset=\u00bbdefault\u00bb background_color=\u00bbrgba(253,168,242,0.67)\u00bb border_width_bottom=\u00bb2px\u00bb border_color_bottom=\u00bb#96006b\u00bb global_colors_info=\u00bb{}\u00bb][et_pb_column type=\u00bb3_5&#8243; _builder_version=\u00bb4.17.4&#8243; _module_preset=\u00bbdefault\u00bb global_colors_info=\u00bb{}\u00bb][et_pb_text _builder_version=\u00bb4.25.1&#8243; _module_preset=\u00bbdefault\u00bb text_font=\u00bb|600|||||||\u00bb text_text_color=\u00bb#000000&#8243; text_line_height=\u00bb1.8em\u00bb header_3_font=\u00bbAnton||||||||\u00bb header_3_text_color=\u00bbrgba(17,11,73,0.95)\u00bb header_3_letter_spacing=\u00bb1px\u00bb header_3_line_height=\u00bb1.2em\u00bb header_4_font=\u00bbAnton||||||||\u00bb header_4_text_color=\u00bb#b51540&#8243; header_4_font_size=\u00bb22px\u00bb custom_margin=\u00bb||||false|false\u00bb custom_padding=\u00bb|20px||20px|false|false\u00bb locked=\u00bboff\u00bb global_colors_info=\u00bb{}\u00bb]<\/p>\n<h4>18:00 horas<\/h4>\n<h3>A Coru\u00f1a<\/h3>\n<h3>Auditorio F\u00f3rum Metropolitano<\/h3>\n<p>&nbsp;<\/p>\n<p>&nbsp;<\/p>\n<h4>Teatro: Contra Ana<\/h4>\n<p><strong>Autora:<\/strong><br \/>Alma Garc\u00eda<br \/><strong>Direcci\u00f3n:<\/strong><br \/>Paco Montes<br \/><strong>Elenco:<\/strong><br \/>Carmen Climent<br \/>Alma Garc\u00eda<br \/>Le\u00f3n Molina<br \/>Jone Laspiur<\/p>\n<p><span style=\"color: #ffffff;\"><\/span><\/p>\n<p>[\/et_pb_text][et_pb_text _builder_version=\u00bb4.25.1&#8243; _module_preset=\u00bbdefault\u00bb text_text_color=\u00bb#FFFFFF\u00bb link_font=\u00bb|700|||||||\u00bb link_text_color=\u00bb#b51540&#8243; header_3_font=\u00bbAnton||||||||\u00bb header_3_text_color=\u00bbrgba(17,11,73,0.95)\u00bb header_3_letter_spacing=\u00bb1px\u00bb custom_margin=\u00bb||||false|false\u00bb custom_padding=\u00bb|20px||20px|false|false\u00bb locked=\u00bboff\u00bb global_colors_info=\u00bb{}\u00bb]<\/p>\n<p><a href=\"https:\/\/maroon-squid-270101.hostingersite.com\/teatro-contra-ana\/\">m\u00e1s info<\/a><\/p>\n<p>[\/et_pb_text][\/et_pb_column][et_pb_column type=\u00bb2_5&#8243; _builder_version=\u00bb4.17.4&#8243; _module_preset=\u00bbdefault\u00bb global_colors_info=\u00bb{}\u00bb][et_pb_image src=\u00bbhttp:\/\/artespolaintegracion.gal\/wp-content\/uploads\/2024\/05\/teatro-contra-ana.jpg\u00bb alt=\u00bbTeatro: Contra Ana\u00bb title_text=\u00bbTeatro: Contra Ana\u00bb _builder_version=\u00bb4.25.1&#8243; _module_preset=\u00bbdefault\u00bb custom_margin=\u00bb||||false|false\u00bb custom_padding=\u00bb|20px||20px|false|false\u00bb locked=\u00bboff\u00bb global_colors_info=\u00bb{}\u00bb][\/et_pb_image][\/et_pb_column][\/et_pb_row][et_pb_row column_structure=\u00bb3_5,2_5&#8243; _builder_version=\u00bb4.25.1&#8243; _module_preset=\u00bbdefault\u00bb background_color=\u00bbrgba(253,168,242,0.67)\u00bb border_width_bottom=\u00bb2px\u00bb border_color_bottom=\u00bb#96006b\u00bb global_colors_info=\u00bb{}\u00bb][et_pb_column type=\u00bb3_5&#8243; _builder_version=\u00bb4.17.4&#8243; _module_preset=\u00bbdefault\u00bb global_colors_info=\u00bb{}\u00bb][et_pb_text _builder_version=\u00bb4.25.1&#8243; _module_preset=\u00bbdefault\u00bb text_font=\u00bb|600|||||||\u00bb text_text_color=\u00bb#000000&#8243; text_line_height=\u00bb1.8em\u00bb header_3_font=\u00bbAnton||||||||\u00bb header_3_text_color=\u00bbrgba(17,11,73,0.95)\u00bb header_3_letter_spacing=\u00bb1px\u00bb header_3_line_height=\u00bb1.2em\u00bb header_4_font=\u00bbAnton||||||||\u00bb header_4_text_color=\u00bb#b51540&#8243; header_4_font_size=\u00bb22px\u00bb custom_margin=\u00bb||||false|false\u00bb custom_padding=\u00bb|20px||20px|false|false\u00bb global_colors_info=\u00bb{}\u00bb]<\/p>\n<h4>20:30 horas<\/h4>\n<h3>A Coru\u00f1a<br \/>Teatro Rosalia de Castro<\/h3>\n<p>&nbsp;<\/p>\n<p>&nbsp;<\/p>\n<h4>Picasso: A mirada nas mans<\/h4>\n<h3>Experimentadanza + banda municipal de m\u00fasica da coru\u00f1a<\/h3>\n<p>Duracio\u0301n: 10\u2019<\/p>\n<p>Coreograf\u00eda:<br \/>Jaume &amp; Iris<\/p>\n<p>Int\u00e9rpretes:<br \/>Jaume Girbau<br \/>Iris Gonz\u00e1lez<\/p>\n<p><span style=\"color: #ffffff;\"><\/span><\/p>\n<p>[\/et_pb_text][et_pb_text _builder_version=\u00bb4.25.1&#8243; _module_preset=\u00bbdefault\u00bb text_text_color=\u00bb#FFFFFF\u00bb link_font=\u00bb|700|||||||\u00bb link_text_color=\u00bb#b51540&#8243; header_3_font=\u00bbAnton||||||||\u00bb header_3_text_color=\u00bbrgba(17,11,73,0.95)\u00bb header_3_letter_spacing=\u00bb1px\u00bb custom_margin=\u00bb||||false|false\u00bb custom_padding=\u00bb|20px||20px|false|false\u00bb locked=\u00bboff\u00bb global_colors_info=\u00bb{}\u00bb]<\/p>\n<p><a href=\"https:\/\/maroon-squid-270101.hostingersite.com\/picasso-a-mirada-nas-mans\/\">m\u00e1s info<\/a><\/p>\n<p>[\/et_pb_text][\/et_pb_column][et_pb_column type=\u00bb2_5&#8243; _builder_version=\u00bb4.17.4&#8243; _module_preset=\u00bbdefault\u00bb global_colors_info=\u00bb{}\u00bb][et_pb_image src=\u00bbhttp:\/\/artespolaintegracion.gal\/wp-content\/uploads\/2024\/05\/picasso-a-mirada-nas-mans.jpg\u00bb alt=\u00bbPicasso: A mirada nas mans\u00bb title_text=\u00bbPicasso: A mirada nas mans\u00bb _builder_version=\u00bb4.25.1&#8243; _module_preset=\u00bbdefault\u00bb custom_margin=\u00bb||||false|false\u00bb custom_padding=\u00bb|20px||20px|false|false\u00bb locked=\u00bboff\u00bb global_colors_info=\u00bb{}\u00bb][\/et_pb_image][\/et_pb_column][\/et_pb_row][\/et_pb_section][et_pb_section fb_built=\u00bb1&#8243; _builder_version=\u00bb4.16&#8243; custom_margin=\u00bb-39px|||||\u00bb custom_padding=\u00bb0px|||||\u00bb locked=\u00bboff\u00bb global_colors_info=\u00bb{}\u00bb][et_pb_row column_structure=\u00bb1_2,1_2&#8243; _builder_version=\u00bb4.25.1&#8243; _module_preset=\u00bbdefault\u00bb background_color=\u00bbrgba(253,168,242,0.91)\u00bb custom_padding=\u00bb11px||1px|||\u00bb border_width_bottom=\u00bb2px\u00bb border_color_bottom=\u00bb#96006b\u00bb global_colors_info=\u00bb{}\u00bb][et_pb_column type=\u00bb1_2&#8243; _builder_version=\u00bb4.17.4&#8243; _module_preset=\u00bbdefault\u00bb background_color=\u00bbRGBA(255,255,255,0)\u00bb global_colors_info=\u00bb{}\u00bb][et_pb_text _builder_version=\u00bb4.25.1&#8243; _module_preset=\u00bbdefault\u00bb text_font=\u00bb||||||||\u00bb header_2_font=\u00bbAnton||||||||\u00bb header_2_text_align=\u00bbcenter\u00bb header_2_text_color=\u00bb#070049&#8243; header_2_font_size=\u00bb35px\u00bb header_2_letter_spacing=\u00bb4px\u00bb custom_margin=\u00bb||||false|false\u00bb global_colors_info=\u00bb{}\u00bb]<\/p>\n<h2>S\u00c1BADO 22 DE JUNIO<\/h2>\n<p>[\/et_pb_text][\/et_pb_column][et_pb_column type=\u00bb1_2&#8243; _builder_version=\u00bb4.17.4&#8243; _module_preset=\u00bbdefault\u00bb global_colors_info=\u00bb{}\u00bb][\/et_pb_column][\/et_pb_row][et_pb_row column_structure=\u00bb3_5,2_5&#8243; _builder_version=\u00bb4.25.1&#8243; _module_preset=\u00bbdefault\u00bb background_color=\u00bbrgba(253,168,242,0.67)\u00bb border_width_bottom=\u00bb2px\u00bb border_color_bottom=\u00bb#96006b\u00bb global_colors_info=\u00bb{}\u00bb][et_pb_column type=\u00bb3_5&#8243; _builder_version=\u00bb4.17.4&#8243; _module_preset=\u00bbdefault\u00bb global_colors_info=\u00bb{}\u00bb][et_pb_text _builder_version=\u00bb4.25.1&#8243; _module_preset=\u00bbdefault\u00bb text_font=\u00bb|600|||||||\u00bb text_text_color=\u00bb#000000&#8243; text_line_height=\u00bb1.8em\u00bb header_3_font=\u00bbAnton||||||||\u00bb header_3_text_color=\u00bbrgba(17,11,73,0.95)\u00bb header_3_letter_spacing=\u00bb1px\u00bb header_3_line_height=\u00bb1.2em\u00bb header_4_font=\u00bbAnton||||||||\u00bb header_4_text_color=\u00bb#b51540&#8243; header_4_font_size=\u00bb22px\u00bb custom_margin=\u00bb||||false|false\u00bb custom_padding=\u00bb|20px||20px|false|false\u00bb locked=\u00bboff\u00bb global_colors_info=\u00bb{}\u00bb]<\/p>\n<h4>18:00 horas<\/h4>\n<h3>CGAC<br \/>A Coru\u00f1a<\/h3>\n<p>&nbsp;<\/p>\n<p>&nbsp;<\/p>\n<h4>Tuetano\u201d de ExperimentaDanza<\/h4>\n<p>Direcci\u00f3n: Jordi Cort\u00e9s &amp; Carlota P\u00e9rez<br \/>Direcci\u00f3n t\u00e9cnica: David Rodr\u00edguez<br \/>Audiovisual: Vivolibre films S.L.<br \/>Jorge Sierra &amp; Manuel Mej\u00edas<br \/>M\u00fasica: Davide Salvado &amp; Cibr\u00e1n Seixo.<br \/>Escenograf\u00eda y vestuario:<br \/>EXPERIMENTADANZA<br \/>Iluminaci\u00f3n y sonido:<br \/>David Rodr\u00edguez<br \/>Duraci\u00f3n: 00:55 min<\/p>\n<p><span style=\"color: #ffffff;\"><\/span><\/p>\n<p>[\/et_pb_text][et_pb_text _builder_version=\u00bb4.25.1&#8243; _module_preset=\u00bbdefault\u00bb text_text_color=\u00bb#FFFFFF\u00bb link_font=\u00bb|700|||||||\u00bb link_text_color=\u00bb#b51540&#8243; header_3_font=\u00bbAnton||||||||\u00bb header_3_text_color=\u00bbrgba(17,11,73,0.95)\u00bb header_3_letter_spacing=\u00bb1px\u00bb custom_margin=\u00bb||||false|false\u00bb custom_padding=\u00bb|20px||20px|false|false\u00bb locked=\u00bboff\u00bb global_colors_info=\u00bb{}\u00bb]<\/p>\n<p><a href=\"https:\/\/maroon-squid-270101.hostingersite.com\/tuetano-de-experimenta-danza\/\">m\u00e1s info<\/a><\/p>\n<p>[\/et_pb_text][\/et_pb_column][et_pb_column type=\u00bb2_5&#8243; _builder_version=\u00bb4.17.4&#8243; _module_preset=\u00bbdefault\u00bb global_colors_info=\u00bb{}\u00bb][et_pb_image src=\u00bbhttp:\/\/artespolaintegracion.gal\/wp-content\/uploads\/2024\/05\/tuetano-experimenta-danza.jpg\u00bb alt=\u00bbTuetano, De Experimenta Danza\u00bb title_text=\u00bbTuetano, De Experimenta Danza\u00bb _builder_version=\u00bb4.25.1&#8243; _module_preset=\u00bbdefault\u00bb custom_margin=\u00bb||||false|false\u00bb custom_padding=\u00bb|20px||20px|false|false\u00bb locked=\u00bboff\u00bb global_colors_info=\u00bb{}\u00bb][\/et_pb_image][\/et_pb_column][\/et_pb_row][et_pb_row column_structure=\u00bb3_5,2_5&#8243; _builder_version=\u00bb4.25.1&#8243; _module_preset=\u00bbdefault\u00bb background_color=\u00bbrgba(253,168,242,0.67)\u00bb border_width_bottom=\u00bb2px\u00bb border_color_bottom=\u00bb#96006b\u00bb global_colors_info=\u00bb{}\u00bb][et_pb_column type=\u00bb3_5&#8243; _builder_version=\u00bb4.17.4&#8243; _module_preset=\u00bbdefault\u00bb global_colors_info=\u00bb{}\u00bb][et_pb_text _builder_version=\u00bb4.25.1&#8243; _module_preset=\u00bbdefault\u00bb text_font=\u00bb|600|||||||\u00bb text_text_color=\u00bb#000000&#8243; text_line_height=\u00bb1.8em\u00bb header_3_font=\u00bbAnton||||||||\u00bb header_3_text_color=\u00bbrgba(17,11,73,0.95)\u00bb header_3_letter_spacing=\u00bb1px\u00bb header_4_font=\u00bbAnton||||||||\u00bb header_4_text_color=\u00bb#b51540&#8243; header_4_font_size=\u00bb22px\u00bb custom_margin=\u00bb||||false|false\u00bb custom_padding=\u00bb|20px||20px|false|false\u00bb global_colors_info=\u00bb{}\u00bb]<\/p>\n<h4>11:00 a 14:00 horas<\/h4>\n<h3>Santiago de Compostela<br \/>CSC Maruxa e Coralia<\/h3>\n<h3>Santiago de Compostela<\/h3>\n<p>&nbsp;<\/p>\n<p>&nbsp;<\/p>\n<h4>Muestra de videodanzas y muestra de la pieza \u201cTres Mujeres\u201d de Alexis Delgado<\/h4>\n<h3>Fiver Dance Film Festival<\/h3>\n<p>Direcci\u00f3n y producci\u00f3n:<br \/>Alexis Delgado B\u00fardalo<br \/>Fotograf\u00eda:<br \/>Frodo Garc\u00eda-Conde &amp; Alexis Delgado<br \/>Edici\u00f3n:<br \/>Ainara Nieves Mag\u00e1n &amp; Alexis Delgado<br \/>Son directo:<br \/>Iv\u00e1n Carnero &amp; Javier Fraguerio<br \/>Mestura de son:<br \/>Jorge Alarc\u00f3n<br \/>M\u00fasica:<br \/>Bruno Dozza &amp; Cello: Helena Poggio<br \/>Formato HD (16:9)<br \/>Dur. 29min<\/p>\n<p><span style=\"color: #ffffff;\"><\/span><\/p>\n<p>[\/et_pb_text][et_pb_text _builder_version=\u00bb4.25.1&#8243; _module_preset=\u00bbdefault\u00bb text_text_color=\u00bb#FFFFFF\u00bb link_font=\u00bb|700|||||||\u00bb link_text_color=\u00bb#b51540&#8243; header_3_font=\u00bbAnton||||||||\u00bb header_3_text_color=\u00bbrgba(17,11,73,0.95)\u00bb header_3_letter_spacing=\u00bb1px\u00bb custom_margin=\u00bb||||false|false\u00bb custom_padding=\u00bb|20px||20px|false|false\u00bb locked=\u00bboff\u00bb global_colors_info=\u00bb{}\u00bb]<\/p>\n<p><a href=\"https:\/\/maroon-squid-270101.hostingersite.com\/mostra-de-videodanzas-e-mostra-da-peza-tres-mujeres-de-alexis-delgado\/\">m\u00e1s info<\/a><\/p>\n<p>[\/et_pb_text][\/et_pb_column][et_pb_column type=\u00bb2_5&#8243; _builder_version=\u00bb4.17.4&#8243; _module_preset=\u00bbdefault\u00bb global_colors_info=\u00bb{}\u00bb][et_pb_image src=\u00bbhttp:\/\/artespolaintegracion.gal\/wp-content\/uploads\/2024\/05\/alexis-delgado.jpg\u00bb alt=\u00bbAlexis Delgado\u00bb title_text=\u00bbAlexis Delgado\u00bb _builder_version=\u00bb4.25.1&#8243; _module_preset=\u00bbdefault\u00bb custom_margin=\u00bb||||false|false\u00bb custom_padding=\u00bb|20px||20px|false|false\u00bb locked=\u00bboff\u00bb global_colors_info=\u00bb{}\u00bb][\/et_pb_image][\/et_pb_column][\/et_pb_row][\/et_pb_section][et_pb_section fb_built=\u00bb1&#8243; _builder_version=\u00bb4.16&#8243; custom_margin=\u00bb-39px|||||\u00bb custom_padding=\u00bb0px|||||\u00bb locked=\u00bboff\u00bb global_colors_info=\u00bb{}\u00bb][et_pb_row column_structure=\u00bb1_2,1_2&#8243; _builder_version=\u00bb4.25.1&#8243; _module_preset=\u00bbdefault\u00bb background_color=\u00bbrgba(253,168,242,0.91)\u00bb custom_padding=\u00bb11px||1px|||\u00bb border_width_bottom=\u00bb2px\u00bb border_color_bottom=\u00bb#96006b\u00bb global_colors_info=\u00bb{}\u00bb][et_pb_column type=\u00bb1_2&#8243; _builder_version=\u00bb4.17.4&#8243; _module_preset=\u00bbdefault\u00bb background_color=\u00bbRGBA(255,255,255,0)\u00bb global_colors_info=\u00bb{}\u00bb][et_pb_text _builder_version=\u00bb4.25.1&#8243; _module_preset=\u00bbdefault\u00bb text_font=\u00bb||||||||\u00bb header_2_font=\u00bbAnton||||||||\u00bb header_2_text_align=\u00bbcenter\u00bb header_2_text_color=\u00bb#070049&#8243; header_2_font_size=\u00bb35px\u00bb header_2_letter_spacing=\u00bb4px\u00bb custom_margin=\u00bb||||false|false\u00bb global_colors_info=\u00bb{}\u00bb]<\/p>\n<h2>S\u00c1BADO 6 DE JULIO<\/h2>\n<p>[\/et_pb_text][\/et_pb_column][et_pb_column type=\u00bb1_2&#8243; _builder_version=\u00bb4.17.4&#8243; _module_preset=\u00bbdefault\u00bb global_colors_info=\u00bb{}\u00bb][\/et_pb_column][\/et_pb_row][et_pb_row column_structure=\u00bb3_5,2_5&#8243; _builder_version=\u00bb4.25.1&#8243; _module_preset=\u00bbdefault\u00bb background_color=\u00bbrgba(253,168,242,0.67)\u00bb border_width_bottom=\u00bb2px\u00bb border_color_bottom=\u00bb#96006b\u00bb locked=\u00bboff\u00bb global_colors_info=\u00bb{}\u00bb][et_pb_column type=\u00bb3_5&#8243; _builder_version=\u00bb4.17.4&#8243; _module_preset=\u00bbdefault\u00bb global_colors_info=\u00bb{}\u00bb][et_pb_text _builder_version=\u00bb4.25.1&#8243; _module_preset=\u00bbdefault\u00bb text_font=\u00bb|600|||||||\u00bb text_text_color=\u00bb#000000&#8243; text_line_height=\u00bb1.8em\u00bb header_3_font=\u00bbAnton||||||||\u00bb header_3_text_color=\u00bbrgba(17,11,73,0.95)\u00bb header_3_letter_spacing=\u00bb1px\u00bb header_3_line_height=\u00bb1.2em\u00bb header_4_font=\u00bbAnton||||||||\u00bb header_4_text_color=\u00bb#b51540&#8243; header_4_font_size=\u00bb22px\u00bb custom_margin=\u00bb||||false|false\u00bb custom_padding=\u00bb|20px||20px|false|false\u00bb locked=\u00bboff\u00bb global_colors_info=\u00bb{}\u00bb]<\/p>\n<h4>De 11:00 a 14:00 horas<\/h4>\n<h3>CSC MARUXA E CORALIA &#8211; SANTIAGO DE COMPOSTELA<\/h3>\n<p>&nbsp;<\/p>\n<p>&nbsp;<\/p>\n<h4>TERRITORIOS QUE CREAN UNA MIRADA DE TRANSFORMACI\u00d3N A trav\u00e9s DE Las ARTES<\/h4>\n<p>REBECA PONTE<br \/>Arteterapeuta y artista multidisciplinar<\/p>\n<p>MUSEUM&amp;ME<br \/>\u201cMuseos e sa\u00fade\u201d<\/p>\n<p>REDE ALDEAR<br \/>Oscar Pen\u00edn &amp; Ux\u00edo Novoneyra<br \/>Asociaci\u00f3n de entidades que operan<br \/>en pueblos de Lugo y Ourense de la zona<br \/>de cultura y educaci\u00f3n<\/p>\n<p>ESCUELA WALDORF MENI\u00d1EIROS DE FRIOL<br \/>\u201cOutra maneira de educar\u201d<\/p>\n<p>VICENTE GALASO<br \/>\u201cYo no soy mi diagn\u00f3stico\u201d<\/p>\n<p>NURIA SOTELO Y RUB\u00c9N VILANOVA<br \/>ENCARNA LAGO<\/p>\n<p>Gerente de la Red Muse\u00edstica de Lugo<br \/>\u201cProxectos de comunidade e artes nos museos\u201d<\/p>\n<p>CARLOTA P\u00c9REZ Y JORDI CORT\u00c9S<br \/>Asociaci\u00f3n Diversos &amp; Sacraexperience<br \/>+ colectivo de danza Liant la Troca<\/p>\n<p><span style=\"color: #ffffff;\"><\/span><\/p>\n<p>[\/et_pb_text][et_pb_text _builder_version=\u00bb4.25.1&#8243; _module_preset=\u00bbdefault\u00bb text_text_color=\u00bb#FFFFFF\u00bb link_font=\u00bb|700|||||||\u00bb link_text_color=\u00bb#b51540&#8243; header_3_font=\u00bbAnton||||||||\u00bb header_3_text_color=\u00bbrgba(17,11,73,0.95)\u00bb header_3_letter_spacing=\u00bb1px\u00bb custom_margin=\u00bb||||false|false\u00bb custom_padding=\u00bb|20px||20px|false|false\u00bb locked=\u00bboff\u00bb global_colors_info=\u00bb{}\u00bb]<\/p>\n<p><a href=\"https:\/\/maroon-squid-270101.hostingersite.com\/territorios-que-crean-unha-mirada-de-transformacion-a-traves-das-artes\/\">m\u00e1s info<\/a><\/p>\n<p>[\/et_pb_text][\/et_pb_column][et_pb_column type=\u00bb2_5&#8243; _builder_version=\u00bb4.17.4&#8243; _module_preset=\u00bbdefault\u00bb global_colors_info=\u00bb{}\u00bb][et_pb_image src=\u00bbhttp:\/\/artespolaintegracion.gal\/wp-content\/uploads\/2024\/05\/jordi-cortes.jpg\u00bb alt=\u00bbJordi Cort\u00e9s\u00bb title_text=\u00bbJordi Cort\u00e9s\u00bb _builder_version=\u00bb4.25.1&#8243; _module_preset=\u00bbdefault\u00bb custom_margin=\u00bb||||false|false\u00bb custom_padding=\u00bb|20px||20px|false|false\u00bb global_colors_info=\u00bb{}\u00bb][\/et_pb_image][et_pb_image src=\u00bbhttp:\/\/artespolaintegracion.gal\/wp-content\/uploads\/2025\/03\/Vicente-Galaso-1.jpg\u00bb alt=\u00bbVicente Galaso\u00bb title_text=\u00bbVicente Galaso\u00bb _builder_version=\u00bb4.27.4&#8243; _module_preset=\u00bbdefault\u00bb custom_margin=\u00bb||||false|false\u00bb custom_padding=\u00bb|20px||20px|false|false\u00bb global_colors_info=\u00bb{}\u00bb][\/et_pb_image][et_pb_image src=\u00bbhttp:\/\/artespolaintegracion.gal\/wp-content\/uploads\/2025\/03\/Vicente-Galaso-taller.jpg\u00bb alt=\u00bbVicente Galaso Taller\u00bb title_text=\u00bbVicente Galaso Taller\u00bb _builder_version=\u00bb4.27.4&#8243; _module_preset=\u00bbdefault\u00bb custom_margin=\u00bb||||false|false\u00bb custom_padding=\u00bb|20px||20px|false|false\u00bb global_colors_info=\u00bb{}\u00bb][\/et_pb_image][\/et_pb_column][\/et_pb_row][et_pb_row column_structure=\u00bb3_5,2_5&#8243; _builder_version=\u00bb4.25.1&#8243; _module_preset=\u00bbdefault\u00bb background_color=\u00bbrgba(253,168,242,0.67)\u00bb border_width_bottom=\u00bb2px\u00bb border_color_bottom=\u00bb#96006b\u00bb global_colors_info=\u00bb{}\u00bb][et_pb_column type=\u00bb3_5&#8243; _builder_version=\u00bb4.17.4&#8243; _module_preset=\u00bbdefault\u00bb global_colors_info=\u00bb{}\u00bb][et_pb_text _builder_version=\u00bb4.25.1&#8243; _module_preset=\u00bbdefault\u00bb text_font=\u00bb|600|||||||\u00bb text_text_color=\u00bb#000000&#8243; text_line_height=\u00bb1.8em\u00bb header_3_font=\u00bbAnton||||||||\u00bb header_3_text_color=\u00bbrgba(17,11,73,0.95)\u00bb header_3_letter_spacing=\u00bb1px\u00bb header_4_font=\u00bbAnton||||||||\u00bb header_4_text_color=\u00bb#b51540&#8243; header_4_font_size=\u00bb22px\u00bb custom_margin=\u00bb||||false|false\u00bb custom_padding=\u00bb|20px||20px|false|false\u00bb global_colors_info=\u00bb{}\u00bb]<\/p>\n<h4>18:00 a 21:00 horas<\/h4>\n<h3>PARQUE DE BONAVAL, SANTIAGO DE COMPOSTELA<\/h3>\n<h3>Santiago de Compostela<\/h3>\n<p>&nbsp;<\/p>\n<p>&nbsp;<\/p>\n<h4>CONCURSO DE PIEZAS PARA LA COMUNIDAD<\/h4>\n<h3>PRESENTA ADRIANA PAULOS<\/h3>\n<p>&nbsp;<\/p>\n<p><span style=\"color: #ffffff;\"><\/span><\/p>\n<p>[\/et_pb_text][et_pb_text _builder_version=\u00bb4.25.1&#8243; _module_preset=\u00bbdefault\u00bb text_text_color=\u00bb#FFFFFF\u00bb link_font=\u00bb|700|||||||\u00bb link_text_color=\u00bb#b51540&#8243; header_3_font=\u00bbAnton||||||||\u00bb header_3_text_color=\u00bbrgba(17,11,73,0.95)\u00bb header_3_letter_spacing=\u00bb1px\u00bb custom_margin=\u00bb||||false|false\u00bb custom_padding=\u00bb|20px||20px|false|false\u00bb locked=\u00bboff\u00bb global_colors_info=\u00bb{}\u00bb]<\/p>\n<p><a href=\"https:\/\/maroon-squid-270101.hostingersite.com\/concurso-de-pezas-para-a-counidade\/\">m\u00e1s info<\/a><\/p>\n<p>[\/et_pb_text][\/et_pb_column][et_pb_column type=\u00bb2_5&#8243; _builder_version=\u00bb4.17.4&#8243; _module_preset=\u00bbdefault\u00bb global_colors_info=\u00bb{}\u00bb][et_pb_image src=\u00bbhttp:\/\/artespolaintegracion.gal\/wp-content\/uploads\/2024\/05\/concurso-de-pezas-para-a-comunidade.jpg\u00bb alt=\u00bbConcurso de piezas para la comunidad\u00bb title_text=\u00bbConcurso de pezas para a comunidade\u00bb _builder_version=\u00bb4.25.1&#8243; _module_preset=\u00bbdefault\u00bb custom_margin=\u00bb||||false|false\u00bb custom_padding=\u00bb|20px||20px|false|false\u00bb locked=\u00bboff\u00bb global_colors_info=\u00bb{}\u00bb][\/et_pb_image][\/et_pb_column][\/et_pb_row][et_pb_row column_structure=\u00bb3_5,2_5&#8243; _builder_version=\u00bb4.25.1&#8243; _module_preset=\u00bbdefault\u00bb background_color=\u00bbrgba(253,168,242,0.67)\u00bb border_width_bottom=\u00bb2px\u00bb border_color_bottom=\u00bb#96006b\u00bb global_colors_info=\u00bb{}\u00bb][et_pb_column type=\u00bb3_5&#8243; _builder_version=\u00bb4.17.4&#8243; _module_preset=\u00bbdefault\u00bb global_colors_info=\u00bb{}\u00bb][et_pb_text _builder_version=\u00bb4.25.1&#8243; _module_preset=\u00bbdefault\u00bb text_font=\u00bb|600|||||||\u00bb text_text_color=\u00bb#000000&#8243; text_line_height=\u00bb1.8em\u00bb header_3_font=\u00bbAnton||||||||\u00bb header_3_text_color=\u00bbrgba(17,11,73,0.95)\u00bb header_3_letter_spacing=\u00bb1px\u00bb header_4_font=\u00bbAnton||||||||\u00bb header_4_text_color=\u00bb#b51540&#8243; header_4_font_size=\u00bb22px\u00bb custom_margin=\u00bb||||false|false\u00bb custom_padding=\u00bb|20px||20px|false|false\u00bb global_colors_info=\u00bb{}\u00bb]<\/p>\n<h3>EXPOSICI\u00d3N<\/h3>\n<h3>CSC MARUXA E CORALIA<br \/>SANTIAGO DE COMPOSTELA<\/h3>\n<p>&nbsp;<\/p>\n<p>&nbsp;<\/p>\n<h4>LA PEQUE\u00d1A BAUHAUS<\/h4>\n<h3>MUSEUM&amp;ME<\/h3>\n<p>&nbsp;<\/p>\n<p><span style=\"color: #ffffff;\"><\/span><\/p>\n<p>[\/et_pb_text][et_pb_text _builder_version=\u00bb4.25.1&#8243; _module_preset=\u00bbdefault\u00bb text_text_color=\u00bb#FFFFFF\u00bb link_font=\u00bb|700|||||||\u00bb link_text_color=\u00bb#b51540&#8243; header_3_font=\u00bbAnton||||||||\u00bb header_3_text_color=\u00bbrgba(17,11,73,0.95)\u00bb header_3_letter_spacing=\u00bb1px\u00bb custom_margin=\u00bb||||false|false\u00bb custom_padding=\u00bb|20px||20px|false|false\u00bb locked=\u00bboff\u00bb global_colors_info=\u00bb{}\u00bb]<\/p>\n<p><a href=\"https:\/\/maroon-squid-270101.hostingersite.com\/a-pequena-bauhaus\/\">m\u00e1s info<\/a><\/p>\n<p>[\/et_pb_text][\/et_pb_column][et_pb_column type=\u00bb2_5&#8243; _builder_version=\u00bb4.17.4&#8243; _module_preset=\u00bbdefault\u00bb global_colors_info=\u00bb{}\u00bb][et_pb_image src=\u00bbhttp:\/\/artespolaintegracion.gal\/wp-content\/uploads\/2024\/05\/a-pequena-bauhaus-exposicion.jpg\u00bb alt=\u00bbLa Peque\u00f1a Bauhaus, exposici\u00f3n\u00bb title_text=\u00bbA Pequena Bauhaus, exposici\u00f3n\u00bb _builder_version=\u00bb4.25.1&#8243; _module_preset=\u00bbdefault\u00bb custom_margin=\u00bb||||false|false\u00bb custom_padding=\u00bb|20px||20px|false|false\u00bb locked=\u00bboff\u00bb global_colors_info=\u00bb{}\u00bb][\/et_pb_image][\/et_pb_column][\/et_pb_row][\/et_pb_section][et_pb_section fb_built=\u00bb1&#8243; _builder_version=\u00bb4.17.4&#8243; _module_preset=\u00bbdefault\u00bb locked=\u00bboff\u00bb global_colors_info=\u00bb{}\u00bb][et_pb_row _builder_version=\u00bb4.17.4&#8243; _module_preset=\u00bbdefault\u00bb global_colors_info=\u00bb{}\u00bb][et_pb_column type=\u00bb4_4&#8243; _builder_version=\u00bb4.17.4&#8243; _module_preset=\u00bbdefault\u00bb global_colors_info=\u00bb{}\u00bb][et_pb_text _builder_version=\u00bb4.23.1&#8243; _module_preset=\u00bbdefault\u00bb text_font=\u00bb||||||||\u00bb header_2_font=\u00bbAnton||||||||\u00bb header_2_text_align=\u00bbcenter\u00bb header_2_text_color=\u00bb#070049&#8243; header_2_font_size=\u00bb35px\u00bb header_2_letter_spacing=\u00bb4px\u00bb custom_margin=\u00bb||||false|false\u00bb global_colors_info=\u00bb{}\u00bb]<\/p>\n<h2> M\u00e1s info sobre Artistas y Obras<\/h2>\n<p>[\/et_pb_text][et_pb_blog fullwidth=\u00bboff\u00bb posts_number=\u00bb20&#8243; include_categories=\u00bb26&#8243; show_author=\u00bboff\u00bb show_date=\u00bboff\u00bb show_pagination=\u00bboff\u00bb module_class=\u00bbblog_igual_altura\u00bb _builder_version=\u00bb4.27.4&#8243; _module_preset=\u00bbdefault\u00bb global_colors_info=\u00bb{}\u00bb][\/et_pb_blog][\/et_pb_column][\/et_pb_row][\/et_pb_section][et_pb_section fb_built=\u00bb1&#8243; _builder_version=\u00bb4.16&#8243; custom_margin=\u00bb-1px|||||\u00bb custom_padding=\u00bb0px|||||\u00bb locked=\u00bboff\u00bb global_colors_info=\u00bb{}\u00bb][et_pb_row column_structure=\u00bb1_2,1_2&#8243; _builder_version=\u00bb4.27.4&#8243; _module_preset=\u00bbdefault\u00bb custom_padding=\u00bb||33px|||\u00bb border_width_bottom=\u00bb1px\u00bb border_color_bottom=\u00bb#d3d3d3&#8243; locked=\u00bboff\u00bb global_colors_info=\u00bb{}\u00bb][et_pb_column type=\u00bb1_2&#8243; _builder_version=\u00bb4.16&#8243; _module_preset=\u00bbdefault\u00bb global_colors_info=\u00bb{}\u00bb][et_pb_blurb title=\u00bbDescargar Folleto\u00bb url=\u00bbhttp:\/\/artespolaintegracion.gal\/wp-content\/uploads\/2025\/03\/folleto_artes_pola_integracion2.pdf\u00bb url_new_window=\u00bbon\u00bb image=\u00bbhttp:\/\/artespolaintegracion.gal\/wp-content\/uploads\/2020\/07\/icono-pdf.png\u00bb alt=\u00bbDescargar Dossier Artes Pola Integraci\u00f3n\u00bb _builder_version=\u00bb4.27.4&#8243; _module_preset=\u00bbdefault\u00bb text_orientation=\u00bbcenter\u00bb link_option_url_new_window=\u00bbon\u00bb global_colors_info=\u00bb{}\u00bb][\/et_pb_blurb][\/et_pb_column][et_pb_column type=\u00bb1_2&#8243; _builder_version=\u00bb4.16&#8243; _module_preset=\u00bbdefault\u00bb global_colors_info=\u00bb{}\u00bb][et_pb_blurb title=\u00bbDescargar Dossier\u00bb url=\u00bbhttp:\/\/artespolaintegracion.gal\/wp-content\/uploads\/2025\/03\/Dossier_XIII_Encontro-Artes-pola-Integracion_2024.pdf\u00bb url_new_window=\u00bbon\u00bb image=\u00bbhttp:\/\/artespolaintegracion.gal\/wp-content\/uploads\/2020\/07\/icono-pdf.png\u00bb alt=\u00bbDescargar Dossier Artes Pola Integraci\u00f3n\u00bb _builder_version=\u00bb4.27.4&#8243; _module_preset=\u00bbdefault\u00bb text_orientation=\u00bbcenter\u00bb link_option_url_new_window=\u00bbon\u00bb global_colors_info=\u00bb{}\u00bb][\/et_pb_blurb][\/et_pb_column][\/et_pb_row][et_pb_row column_structure=\u00bb1_3,1_3,1_3&#8243; _builder_version=\u00bb4.27.4&#8243; _module_preset=\u00bbdefault\u00bb custom_padding=\u00bb||33px|||\u00bb locked=\u00bboff\u00bb global_colors_info=\u00bb{}\u00bb][et_pb_column type=\u00bb1_3&#8243; _builder_version=\u00bb4.16&#8243; _module_preset=\u00bbdefault\u00bb global_colors_info=\u00bb{}\u00bb][et_pb_blurb title=\u00bbDossier de Prensa a\u00f1o 23\/22\/21&#8243; url=\u00bbhttp:\/\/artespolaintegracion.gal\/wp-content\/uploads\/2025\/04\/DOSSIER-PRENSA-2023-2022-2021.pdf\u00bb url_new_window=\u00bbon\u00bb image=\u00bbhttp:\/\/artespolaintegracion.gal\/wp-content\/uploads\/2020\/07\/icono-pdf.png\u00bb alt=\u00bbDescargar Dossier Artes Pola Integraci\u00f3n\u00bb _builder_version=\u00bb4.27.4&#8243; _module_preset=\u00bbdefault\u00bb text_orientation=\u00bbcenter\u00bb link_option_url_new_window=\u00bbon\u00bb hover_enabled=\u00bb0&#8243; global_colors_info=\u00bb{}\u00bb sticky_enabled=\u00bb0&#8243;][\/et_pb_blurb][\/et_pb_column][et_pb_column type=\u00bb1_3&#8243; _builder_version=\u00bb4.16&#8243; _module_preset=\u00bbdefault\u00bb global_colors_info=\u00bb{}\u00bb][et_pb_blurb title=\u00bbMemoria Fotogr\u00e1fica\u00bb url=\u00bbhttp:\/\/artespolaintegracion.gal\/wp-content\/uploads\/2025\/04\/MEMORIA_FOTOGRAFICA_ARTESPOLAINETGRACION-1.pdf\u00bb url_new_window=\u00bbon\u00bb image=\u00bbhttp:\/\/artespolaintegracion.gal\/wp-content\/uploads\/2020\/07\/icono-pdf.png\u00bb alt=\u00bbDescargar Dossier Artes Pola Integraci\u00f3n\u00bb _builder_version=\u00bb4.27.4&#8243; _module_preset=\u00bbdefault\u00bb text_orientation=\u00bbcenter\u00bb link_option_url_new_window=\u00bbon\u00bb hover_enabled=\u00bb0&#8243; global_colors_info=\u00bb{}\u00bb sticky_enabled=\u00bb0&#8243;][\/et_pb_blurb][\/et_pb_column][et_pb_column type=\u00bb1_3&#8243; _builder_version=\u00bb4.16&#8243; _module_preset=\u00bbdefault\u00bb global_colors_info=\u00bb{}\u00bb][et_pb_blurb title=\u00bbRedes Sociales y Prensa\u00bb url=\u00bbhttp:\/\/artespolaintegracion.gal\/wp-content\/uploads\/2025\/04\/RESULTADO-REDES-ARTES-POLA-INTEGRACION-1.pdf\u00bb url_new_window=\u00bbon\u00bb image=\u00bbhttp:\/\/artespolaintegracion.gal\/wp-content\/uploads\/2020\/07\/icono-pdf.png\u00bb alt=\u00bbDescargar Dossier Artes Pola Integraci\u00f3n\u00bb _builder_version=\u00bb4.27.4&#8243; _module_preset=\u00bbdefault\u00bb text_orientation=\u00bbcenter\u00bb link_option_url_new_window=\u00bbon\u00bb hover_enabled=\u00bb0&#8243; global_colors_info=\u00bb{}\u00bb sticky_enabled=\u00bb0&#8243;][\/et_pb_blurb][\/et_pb_column][\/et_pb_row][et_pb_row _builder_version=\u00bb4.17.3&#8243; _module_preset=\u00bbdefault\u00bb global_colors_info=\u00bb{}\u00bb][et_pb_column type=\u00bb4_4&#8243; _builder_version=\u00bb4.17.3&#8243; _module_preset=\u00bbdefault\u00bb global_colors_info=\u00bb{}\u00bb][et_pb_video src=\u00bbhttp:\/\/artespolaintegracion.gal\/wp-content\/uploads\/2024\/02\/XII-ENCONTRO-ARTES-POLA-INTEGRACION-CORUNA.mp4&#8243; image_src=\u00bbhttp:\/\/artespolaintegracion.gal\/wp-content\/uploads\/2024\/02\/XII-ARTES-POLA-INTEGRACION-coruna.jpg\u00bb _builder_version=\u00bb4.24.1&#8243; _module_preset=\u00bbdefault\u00bb global_colors_info=\u00bb{}\u00bb][\/et_pb_video][\/et_pb_column][\/et_pb_row][et_pb_row _builder_version=\u00bb4.24.1&#8243; _module_preset=\u00bbdefault\u00bb global_colors_info=\u00bb{}\u00bb][et_pb_column type=\u00bb4_4&#8243; _builder_version=\u00bb4.24.1&#8243; _module_preset=\u00bbdefault\u00bb global_colors_info=\u00bb{}\u00bb][et_pb_gallery gallery_ids=\u00bb1087,1089,1092,1094,1096,1098,1100,1102,1104,1106,1108,1110,1464,1462,1459,1456,1458,1453,1452&#8243; posts_number=\u00bb20&#8243; _builder_version=\u00bb4.27.4&#8243; _module_preset=\u00bbdefault\u00bb global_colors_info=\u00bb{}\u00bb border_color_all_image__hover_enabled=\u00bbon|desktop\u00bb][\/et_pb_gallery][\/et_pb_column][\/et_pb_row][et_pb_row _builder_version=\u00bb4.24.1&#8243; _module_preset=\u00bbdefault\u00bb custom_margin=\u00bb32px|auto||auto||\u00bb custom_padding=\u00bb||77px|||\u00bb global_colors_info=\u00bb{}\u00bb][et_pb_column type=\u00bb4_4&#8243; _builder_version=\u00bb4.24.1&#8243; _module_preset=\u00bbdefault\u00bb global_colors_info=\u00bb{}\u00bb][et_pb_divider color=\u00bbrgba(0,0,0,0.16)\u00bb divider_weight=\u00bb2px\u00bb _builder_version=\u00bb4.24.1&#8243; _module_preset=\u00bbdefault\u00bb width=\u00bb40%\u00bb module_alignment=\u00bbcenter\u00bb global_colors_info=\u00bb{}\u00bb][\/et_pb_divider][\/et_pb_column][\/et_pb_row][et_pb_row _builder_version=\u00bb4.16&#8243; background_size=\u00bbinitial\u00bb background_position=\u00bbtop_left\u00bb background_repeat=\u00bbrepeat\u00bb custom_padding=\u00bb0px|||||\u00bb global_colors_info=\u00bb{}\u00bb][et_pb_column type=\u00bb4_4&#8243; _builder_version=\u00bb4.16&#8243; custom_padding=\u00bb|||\u00bb global_colors_info=\u00bb{}\u00bb custom_padding__hover=\u00bb|||\u00bb][et_pb_text _builder_version=\u00bb4.25.2&#8243; text_line_height=\u00bb1.8em\u00bb header_2_font_size=\u00bb30px\u00bb text_orientation=\u00bbjustified\u00bb z_index_tablet=\u00bb500&#8243; text_text_shadow_horizontal_length_tablet=\u00bb0px\u00bb text_text_shadow_vertical_length_tablet=\u00bb0px\u00bb text_text_shadow_blur_strength_tablet=\u00bb1px\u00bb link_text_shadow_horizontal_length_tablet=\u00bb0px\u00bb link_text_shadow_vertical_length_tablet=\u00bb0px\u00bb link_text_shadow_blur_strength_tablet=\u00bb1px\u00bb ul_text_shadow_horizontal_length_tablet=\u00bb0px\u00bb ul_text_shadow_vertical_length_tablet=\u00bb0px\u00bb ul_text_shadow_blur_strength_tablet=\u00bb1px\u00bb ol_text_shadow_horizontal_length_tablet=\u00bb0px\u00bb ol_text_shadow_vertical_length_tablet=\u00bb0px\u00bb ol_text_shadow_blur_strength_tablet=\u00bb1px\u00bb quote_text_shadow_horizontal_length_tablet=\u00bb0px\u00bb quote_text_shadow_vertical_length_tablet=\u00bb0px\u00bb quote_text_shadow_blur_strength_tablet=\u00bb1px\u00bb header_text_shadow_horizontal_length_tablet=\u00bb0px\u00bb header_text_shadow_vertical_length_tablet=\u00bb0px\u00bb header_text_shadow_blur_strength_tablet=\u00bb1px\u00bb header_2_text_shadow_horizontal_length_tablet=\u00bb0px\u00bb header_2_text_shadow_vertical_length_tablet=\u00bb0px\u00bb header_2_text_shadow_blur_strength_tablet=\u00bb1px\u00bb header_3_text_shadow_horizontal_length_tablet=\u00bb0px\u00bb header_3_text_shadow_vertical_length_tablet=\u00bb0px\u00bb header_3_text_shadow_blur_strength_tablet=\u00bb1px\u00bb header_4_text_shadow_horizontal_length_tablet=\u00bb0px\u00bb header_4_text_shadow_vertical_length_tablet=\u00bb0px\u00bb header_4_text_shadow_blur_strength_tablet=\u00bb1px\u00bb header_5_text_shadow_horizontal_length_tablet=\u00bb0px\u00bb header_5_text_shadow_vertical_length_tablet=\u00bb0px\u00bb header_5_text_shadow_blur_strength_tablet=\u00bb1px\u00bb header_6_text_shadow_horizontal_length_tablet=\u00bb0px\u00bb header_6_text_shadow_vertical_length_tablet=\u00bb0px\u00bb header_6_text_shadow_blur_strength_tablet=\u00bb1px\u00bb box_shadow_horizontal_tablet=\u00bb0px\u00bb box_shadow_vertical_tablet=\u00bb0px\u00bb box_shadow_blur_tablet=\u00bb40px\u00bb box_shadow_spread_tablet=\u00bb0px\u00bb global_colors_info=\u00bb{}\u00bb]<\/p>\n<h2 class=\"font_8\"><span>HISTORIA<\/span><\/h2>\n<p><strong>Artes pola integraci\u00f3n<\/strong> es un festival de transformaci\u00f3n social a trav\u00e9s de las artes creado en 2012. Este 2024 celebrar\u00e1 su 13\u00aa edici\u00f3n y se ampliar\u00e1 centralizando el festival en Santiago de Compostela y desarrollando una red con la ciudad de A Coru\u00f1a. Esta programaci\u00f3n ampliada enlaza con un evento que nace con un sentido de itinerancia entre ambas ciudades y que tiene en cuenta que en la capital de Galicia no existe un festival de artes inclusivas, por lo que parece necesario reubicar esta uni\u00f3n entre cultura y bienestar Social.<\/p>\n<p><strong>El tema de este a\u00f1o: Artes comunitarias para un territorio. <\/strong><br \/>Artes para la Integraci\u00f3n, desde sus inicios, pretende visibilizar proyectos de comunidades alejadas o de personas en riesgo de exclusi\u00f3n social que, por tanto, se ubican fuera de la cultura de su territorio, muchas veces excluidas de las actividades art\u00edsticas cercanas, aunque tengan talento en el \u00e1mbito de la creaci\u00f3n.<\/p>\n<p>Buena parte de los proyectos se realizan y producen entre 3 y 6 meses antes y finalizan con este Encuentro. Se trata de piezas que viajan por lugares como Santiago de Compostela, Ribeira Sacra, A Coru\u00f1a, Madrid, Catalu\u00f1a, Ourense y la Costa da Morte, principalmente.<\/p>\n<p>Por un lado, el festival da contenido a una programaci\u00f3n de artes esc\u00e9nicas y visuales, que incluye en particular un ciclo de videodanzas en colaboraci\u00f3n con Fiver, un festival internacional de videodanza, una \u00abEnsamblaje Diverso\u00bb para crear un espacio de reflexi\u00f3n en el pensamiento. capacitaciones previas y programaci\u00f3n esc\u00e9nica de proyectos comunitarios, as\u00ed como una exposici\u00f3n de artes visuales y dise\u00f1o gr\u00e1fico.<\/p>\n<p>El Encuentro se desarrollar\u00e1 entre el 19 de junio y el 6 de julio en espacios esc\u00e9nicos, en la calle, espacios asociativos o institucionales, algunos de estos relacionados con la diversidad y otros no.<\/p>\n<p>La programaci\u00f3n, integrada por proyectos de origen local, estatal e internacional, as\u00ed como diversas cadenas en alianza con otras agrupaciones, mostrar\u00e1 los espect\u00e1culos m\u00e1s vanguardistas dentro de la programaci\u00f3n esc\u00e9nica inclusiva.<\/p>\n<p>Junto a la asociaci\u00f3n Diversos impulsamos este encuentro para crear v\u00ednculos relacionales y traer a nuestro territorio un espacio compartido de reflexi\u00f3n y exhibici\u00f3n de nuestras inquietudes a trav\u00e9s del arte como arma transformadora.<\/p>\n<p>[\/et_pb_text][\/et_pb_column][\/et_pb_row][et_pb_row _builder_version=\u00bb4.24.1&#8243; background_size=\u00bbinitial\u00bb background_position=\u00bbtop_left\u00bb background_repeat=\u00bbrepeat\u00bb custom_margin=\u00bb50px||||false|false\u00bb custom_padding=\u00bb0px|||||\u00bb global_colors_info=\u00bb{}\u00bb][et_pb_column type=\u00bb4_4&#8243; _builder_version=\u00bb4.16&#8243; custom_padding=\u00bb|||\u00bb global_colors_info=\u00bb{}\u00bb custom_padding__hover=\u00bb|||\u00bb][et_pb_text _builder_version=\u00bb4.25.2&#8243; text_line_height=\u00bb1.8em\u00bb header_2_font_size=\u00bb21px\u00bb text_orientation=\u00bbjustified\u00bb custom_margin=\u00bb||45px|||\u00bb z_index_tablet=\u00bb500&#8243; text_text_shadow_horizontal_length_tablet=\u00bb0px\u00bb text_text_shadow_vertical_length_tablet=\u00bb0px\u00bb text_text_shadow_blur_strength_tablet=\u00bb1px\u00bb link_text_shadow_horizontal_length_tablet=\u00bb0px\u00bb link_text_shadow_vertical_length_tablet=\u00bb0px\u00bb link_text_shadow_blur_strength_tablet=\u00bb1px\u00bb ul_text_shadow_horizontal_length_tablet=\u00bb0px\u00bb ul_text_shadow_vertical_length_tablet=\u00bb0px\u00bb ul_text_shadow_blur_strength_tablet=\u00bb1px\u00bb ol_text_shadow_horizontal_length_tablet=\u00bb0px\u00bb ol_text_shadow_vertical_length_tablet=\u00bb0px\u00bb ol_text_shadow_blur_strength_tablet=\u00bb1px\u00bb quote_text_shadow_horizontal_length_tablet=\u00bb0px\u00bb quote_text_shadow_vertical_length_tablet=\u00bb0px\u00bb quote_text_shadow_blur_strength_tablet=\u00bb1px\u00bb header_text_shadow_horizontal_length_tablet=\u00bb0px\u00bb header_text_shadow_vertical_length_tablet=\u00bb0px\u00bb header_text_shadow_blur_strength_tablet=\u00bb1px\u00bb header_2_text_shadow_horizontal_length_tablet=\u00bb0px\u00bb header_2_text_shadow_vertical_length_tablet=\u00bb0px\u00bb header_2_text_shadow_blur_strength_tablet=\u00bb1px\u00bb header_3_text_shadow_horizontal_length_tablet=\u00bb0px\u00bb header_3_text_shadow_vertical_length_tablet=\u00bb0px\u00bb header_3_text_shadow_blur_strength_tablet=\u00bb1px\u00bb header_4_text_shadow_horizontal_length_tablet=\u00bb0px\u00bb header_4_text_shadow_vertical_length_tablet=\u00bb0px\u00bb header_4_text_shadow_blur_strength_tablet=\u00bb1px\u00bb header_5_text_shadow_horizontal_length_tablet=\u00bb0px\u00bb header_5_text_shadow_vertical_length_tablet=\u00bb0px\u00bb header_5_text_shadow_blur_strength_tablet=\u00bb1px\u00bb header_6_text_shadow_horizontal_length_tablet=\u00bb0px\u00bb header_6_text_shadow_vertical_length_tablet=\u00bb0px\u00bb header_6_text_shadow_blur_strength_tablet=\u00bb1px\u00bb box_shadow_horizontal_tablet=\u00bb0px\u00bb box_shadow_vertical_tablet=\u00bb0px\u00bb box_shadow_blur_tablet=\u00bb40px\u00bb box_shadow_spread_tablet=\u00bb0px\u00bb global_colors_info=\u00bb{}\u00bb]<\/p>\n<h2 class=\"font_8\">OBJETIVOS<\/h2>\n<p>Bajo la direcci\u00f3n art\u00edstica de Carlota P\u00e9rez, core\u00f3grafa y gestora cultural que ha dirigido m\u00e1s de 20 espect\u00e1culos y responsable de otros festivales habituales como el Encontro de Espazos Abandandonados y el SacraFestival de la Ribeira Sacra, Artes pola Integraci\u00f3n busca siempre calidad esc\u00e9nica. propuestas, seleccionando espect\u00e1culos programados en festivales destacados y en red con los ganadores del festival Escena M\u00f3bile y del festival Fiver, como venimos comentando.<\/p>\n<p>Su modelo de desarrollo diversifica y visibiliza los espacios expositivos, integrando espacios excluidos no habituales de las representaciones art\u00edsticas: prisiones, sedes de asociaciones de diversidad funcional, hospitales, colegios, centros de menores, fundaciones, museos&#8230;<\/p>\n<p>La pieza de danza inclusiva que se crea anualmente con el auspicio de este festival tiene actuaciones garantizadas en festivales y tertulias art\u00edsticas: Festigual, Concello de Santiago, Festival Sacra, Danza M\u00f3bile&#8230;<\/p>\n<p>Artes por la Integraci\u00f3n -el primer festival de inclusi\u00f3n de Galicia y el que m\u00e1s ediciones consecutivas- trabaja con artistas de renombre a lo largo de su programa de formaci\u00f3n. Habitualmente, encuentros y festivales de esta naturaleza suelen tener contenido amateur, sin importar la calidad art\u00edstica y sin entrelazar a artistas con y sin discapacidad con comunidades desarticuladas, creando, de esta manera, guetos sociales y culturales.<\/p>\n<p>Por el contrario, en Arts by Integration huimos de este tipo de influencias e intentamos ofrecer espacios art\u00edsticos alternativos donde se re\u00fanen y trabajan artistas con y sin diversidad funcional, donde cada uno aporta su propio talento, creando una plataforma para estrenos estables de gran calidad art\u00edstica. El p\u00fablico al que nos dirigimos es diverso: desde los m\u00e1s especializados y culturalmente activos hasta alumnos de escuelas especiales, pasando por los usuarios de las asociaciones con las que colaboramos,<br \/>profesionales de las artes esc\u00e9nicas, visuales y musicales, profesionales del mundo de la diversidad, personas de los barrios donde desarrollamos las actividades y ciudadanos en general.<\/p>\n<p>En el festival dedicamos un apartado a jornadas de reflexi\u00f3n y charlas, charlas, mesas redondas y debates donde ampliamos la visi\u00f3n de la discapacidad con un marco te\u00f3rico, sirviendo como formaci\u00f3n espec\u00edfica a los profesionales en la inclusi\u00f3n e integraci\u00f3n social a trav\u00e9s de la creaci\u00f3n de proyectos socioculturales.<\/p>\n<p>La Asociaci\u00f3n Diversos es invitada peri\u00f3dicamente a diferentes encuentros especializados donde impartimos talleres y conferencias sobre nuestra metodolog\u00eda y mostramos el trabajo de creaci\u00f3n de la Compa\u00f1\u00eda 5S como Zona 0, Congreso Nacional de Inclusi\u00f3n Social y Artes Esc\u00e9nicas, Festival Escena M\u00f3bile de Sevilla, Festival Visibles de Madrid, SacraFestival, Diversidarte, Festival de Oviedo, Festival M\u00e9xico Inclusi\u00f3n, y distintos festivales de la Unesco como los de T\u00fanez, Argentina o Marruecos.<\/p>\n<p>[\/et_pb_text][\/et_pb_column][\/et_pb_row][et_pb_row _builder_version=\u00bb4.19.4&#8243; _module_preset=\u00bbdefault\u00bb width=\u00bb90%\u00bb max_width=\u00bb1300px\u00bb locked=\u00bboff\u00bb global_colors_info=\u00bb{}\u00bb][et_pb_column type=\u00bb4_4&#8243; _builder_version=\u00bb4.16&#8243; _module_preset=\u00bbdefault\u00bb global_colors_info=\u00bb{}\u00bb][et_pb_image src=\u00bbhttp:\/\/artespolaintegracion.gal\/wp-content\/uploads\/2025\/03\/next-generation.jpg\u00bb alt=\u00bbNext generation EU\u00bb title_text=\u00bbNext generation EU\u00bb _builder_version=\u00bb4.27.4&#8243; _module_preset=\u00bbdefault\u00bb global_colors_info=\u00bb{}\u00bb][\/et_pb_image][\/et_pb_column][\/et_pb_row][et_pb_row column_structure=\u00bb1_3,1_3,1_3&#8243; _builder_version=\u00bb4.19.4&#8243; _module_preset=\u00bbdefault\u00bb width=\u00bb90%\u00bb max_width=\u00bb1300px\u00bb locked=\u00bboff\u00bb global_colors_info=\u00bb{}\u00bb][et_pb_column type=\u00bb1_3&#8243; _builder_version=\u00bb4.16&#8243; _module_preset=\u00bbdefault\u00bb global_colors_info=\u00bb{}\u00bb][et_pb_image src=\u00bbhttp:\/\/artespolaintegracion.gal\/wp-content\/uploads\/2023\/08\/deputacion-da-coruna-1.jpg\u00bb alt=\u00bbDeputaci\u00f3n da Coru\u00f1a\u00bb title_text=\u00bbDeputaci\u00f3n da Coru\u00f1a\u00bb align=\u00bbcenter\u00bb _builder_version=\u00bb4.21.0&#8243; _module_preset=\u00bbdefault\u00bb height=\u00bb100px\u00bb max_height=\u00bb100px\u00bb custom_padding=\u00bb||0px|||\u00bb global_colors_info=\u00bb{}\u00bb][\/et_pb_image][\/et_pb_column][et_pb_column type=\u00bb1_3&#8243; _builder_version=\u00bb4.16&#8243; _module_preset=\u00bbdefault\u00bb global_colors_info=\u00bb{}\u00bb][et_pb_image src=\u00bbhttp:\/\/artespolaintegracion.gal\/wp-content\/uploads\/2023\/08\/ayuntamiento-da-coruna.png\u00bb alt=\u00bbConcello da Coru\u00f1a\u00bb title_text=\u00bbConcello da Coru\u00f1a\u00bb _builder_version=\u00bb4.21.2&#8243; _module_preset=\u00bbdefault\u00bb custom_margin=\u00bb20px|||||\u00bb global_colors_info=\u00bb{}\u00bb][\/et_pb_image][\/et_pb_column][et_pb_column type=\u00bb1_3&#8243; _builder_version=\u00bb4.16&#8243; _module_preset=\u00bbdefault\u00bb global_colors_info=\u00bb{}\u00bb][et_pb_image src=\u00bbhttp:\/\/artespolaintegracion.gal\/wp-content\/uploads\/2023\/08\/imce-1.jpg\u00bb alt=\u00bbImce\u00bb title_text=\u00bbImce\u00bb align=\u00bbcenter\u00bb _builder_version=\u00bb4.21.0&#8243; _module_preset=\u00bbdefault\u00bb global_colors_info=\u00bb{}\u00bb][\/et_pb_image][\/et_pb_column][\/et_pb_row][et_pb_row column_structure=\u00bb1_3,1_3,1_3&#8243; _builder_version=\u00bb4.27.4&#8243; _module_preset=\u00bbdefault\u00bb width=\u00bb90%\u00bb max_width=\u00bb1300px\u00bb custom_padding=\u00bb4px|||||\u00bb locked=\u00bboff\u00bb global_colors_info=\u00bb{}\u00bb][et_pb_column type=\u00bb1_3&#8243; _builder_version=\u00bb4.16&#8243; _module_preset=\u00bbdefault\u00bb global_colors_info=\u00bb{}\u00bb][et_pb_image src=\u00bbhttp:\/\/artespolaintegracion.gal\/wp-content\/uploads\/2023\/08\/hijos-de-ribera-1.jpg\u00bb alt=\u00bbHijos de Ribera\u00bb title_text=\u00bbHijos de Ribera\u00bb align=\u00bbcenter\u00bb _builder_version=\u00bb4.21.0&#8243; _module_preset=\u00bbdefault\u00bb custom_margin=\u00bb20px|||||\u00bb global_colors_info=\u00bb{}\u00bb][\/et_pb_image][\/et_pb_column][et_pb_column type=\u00bb1_3&#8243; _builder_version=\u00bb4.16&#8243; _module_preset=\u00bbdefault\u00bb global_colors_info=\u00bb{}\u00bb][et_pb_image src=\u00bbhttp:\/\/artespolaintegracion.gal\/wp-content\/uploads\/2023\/10\/f-vilaseco.png\u00bb alt=\u00bbF. Vilaseco\u00bb title_text=\u00bbF. Vilaseco\u00bb _builder_version=\u00bb4.22.2&#8243; _module_preset=\u00bbdefault\u00bb global_colors_info=\u00bb{}\u00bb][\/et_pb_image][\/et_pb_column][et_pb_column type=\u00bb1_3&#8243; _builder_version=\u00bb4.16&#8243; _module_preset=\u00bbdefault\u00bb global_colors_info=\u00bb{}\u00bb][et_pb_image src=\u00bbhttp:\/\/artespolaintegracion.gal\/wp-content\/uploads\/2023\/08\/gadis-1.jpg\u00bb alt=\u00bbGadis\u00bb title_text=\u00bbGadis\u00bb align=\u00bbcenter\u00bb _builder_version=\u00bb4.21.0&#8243; _module_preset=\u00bbdefault\u00bb custom_margin=\u00bb38px|||||\u00bb global_colors_info=\u00bb{}\u00bb][\/et_pb_image][\/et_pb_column][\/et_pb_row][et_pb_row _builder_version=\u00bb4.16&#8243; _module_preset=\u00bbdefault\u00bb global_colors_info=\u00bb{}\u00bb][et_pb_column type=\u00bb4_4&#8243; _builder_version=\u00bb4.16&#8243; _module_preset=\u00bbdefault\u00bb global_colors_info=\u00bb{}\u00bb][et_pb_social_media_follow _builder_version=\u00bb4.16&#8243; _module_preset=\u00bbdefault\u00bb text_orientation=\u00bbcenter\u00bb global_colors_info=\u00bb{}\u00bb][et_pb_social_media_follow_network social_network=\u00bbfacebook\u00bb url=\u00bbhttps:\/\/www.facebook.com\/encontroartespolaintegracion\u00bb _builder_version=\u00bb4.16&#8243; _module_preset=\u00bbdefault\u00bb background_color=\u00bb#3b5998&#8243; global_colors_info=\u00bb{}\u00bb follow_button=\u00bboff\u00bb url_new_window=\u00bbon\u00bb]facebook[\/et_pb_social_media_follow_network][et_pb_social_media_follow_network social_network=\u00bbinstagram\u00bb url=\u00bbhttps:\/\/www.instagram.com\/artes.pola.integracion\/\u00bb _builder_version=\u00bb4.16&#8243; _module_preset=\u00bbdefault\u00bb background_color=\u00bb#ea2c59&#8243; global_colors_info=\u00bb{}\u00bb follow_button=\u00bboff\u00bb url_new_window=\u00bbon\u00bb]instagram[\/et_pb_social_media_follow_network][\/et_pb_social_media_follow][\/et_pb_column][\/et_pb_row][\/et_pb_section]<\/p>\n","protected":false},"excerpt":{"rendered":"<p>Programa XIII Encuentro Artes Pola Integraci\u00f3n de la ciudad de A Coru\u00f1aMI\u00c9RCOLES 19 DE JUNIO20:00 horas APERTURA DEL FESTIVAL Auditorio de Galicia &nbsp; Muestra de la pieza CEREBRARTES Direcci\u00f3n:Carlota P\u00e9rez Ayudante de direcci\u00f3n:Adriana Paulos Compositora musical y Arteterapeuta:Rebeca Pontem\u00e1s info20:00 horas Santiago de Compostela Auditorio de Galicia &nbsp; Promena: Vaciarte Duracio\u0301n: 10\u2019 Coreograf\u00eda:Jaume &amp; Iris [&hellip;]<\/p>\n","protected":false},"author":1,"featured_media":0,"parent":0,"menu_order":0,"comment_status":"closed","ping_status":"closed","template":"","meta":{"_et_pb_use_builder":"on","_et_pb_old_content":"","_et_gb_content_width":"","footnotes":""},"class_list":["post-1442","page","type-page","status-publish","hentry"],"yoast_head":"<!-- This site is optimized with the Yoast SEO plugin v27.3 - https:\/\/yoast.com\/product\/yoast-seo-wordpress\/ -->\n<title>XIII Encontro - Artes Pola Integraci\u00f3n<\/title>\n<meta name=\"robots\" content=\"index, follow, max-snippet:-1, max-image-preview:large, max-video-preview:-1\" \/>\n<link rel=\"canonical\" href=\"https:\/\/artespolaintegracion.gal\/es\/xiii-encontro\/\" \/>\n<meta property=\"og:locale\" content=\"es_ES\" \/>\n<meta property=\"og:type\" content=\"article\" \/>\n<meta property=\"og:title\" content=\"XIII Encontro - Artes Pola Integraci\u00f3n\" \/>\n<meta property=\"og:description\" content=\"Programa XIII Encuentro Artes Pola Integraci\u00f3n de la ciudad de A Coru\u00f1aMI\u00c9RCOLES 19 DE JUNIO20:00 horas APERTURA DEL FESTIVAL Auditorio de Galicia &nbsp; Muestra de la pieza CEREBRARTES Direcci\u00f3n:Carlota P\u00e9rez Ayudante de direcci\u00f3n:Adriana Paulos Compositora musical y Arteterapeuta:Rebeca Pontem\u00e1s info20:00 horas Santiago de Compostela Auditorio de Galicia &nbsp; Promena: Vaciarte Duracio\u0301n: 10\u2019 Coreograf\u00eda:Jaume &amp; Iris [&hellip;]\" \/>\n<meta property=\"og:url\" content=\"https:\/\/artespolaintegracion.gal\/es\/xiii-encontro\/\" \/>\n<meta property=\"og:site_name\" content=\"Artes Pola Integraci\u00f3n\" \/>\n<meta property=\"article:modified_time\" content=\"2025-04-08T11:54:28+00:00\" \/>\n<meta name=\"twitter:card\" content=\"summary_large_image\" \/>\n<meta name=\"twitter:label1\" content=\"Tiempo de lectura\" \/>\n\t<meta name=\"twitter:data1\" content=\"29 minutos\" \/>\n<script type=\"application\/ld+json\" class=\"yoast-schema-graph\">{\"@context\":\"https:\\\/\\\/schema.org\",\"@graph\":[{\"@type\":\"WebPage\",\"@id\":\"https:\\\/\\\/artespolaintegracion.gal\\\/es\\\/xiii-encontro\\\/\",\"url\":\"https:\\\/\\\/artespolaintegracion.gal\\\/es\\\/xiii-encontro\\\/\",\"name\":\"XIII Encontro - Artes Pola Integraci\u00f3n\",\"isPartOf\":{\"@id\":\"https:\\\/\\\/maroon-squid-270101.hostingersite.com\\\/#website\"},\"datePublished\":\"2025-03-30T21:34:30+00:00\",\"dateModified\":\"2025-04-08T11:54:28+00:00\",\"breadcrumb\":{\"@id\":\"https:\\\/\\\/artespolaintegracion.gal\\\/es\\\/xiii-encontro\\\/#breadcrumb\"},\"inLanguage\":\"es\",\"potentialAction\":[{\"@type\":\"ReadAction\",\"target\":[\"https:\\\/\\\/artespolaintegracion.gal\\\/es\\\/xiii-encontro\\\/\"]}]},{\"@type\":\"BreadcrumbList\",\"@id\":\"https:\\\/\\\/artespolaintegracion.gal\\\/es\\\/xiii-encontro\\\/#breadcrumb\",\"itemListElement\":[{\"@type\":\"ListItem\",\"position\":1,\"name\":\"Home\",\"item\":\"https:\\\/\\\/artespolaintegracion.gal\\\/es\\\/\"},{\"@type\":\"ListItem\",\"position\":2,\"name\":\"XIII Encontro\"}]},{\"@type\":\"WebSite\",\"@id\":\"https:\\\/\\\/maroon-squid-270101.hostingersite.com\\\/#website\",\"url\":\"https:\\\/\\\/maroon-squid-270101.hostingersite.com\\\/\",\"name\":\"Artes Pola Integraci\u00f3n\",\"description\":\"Artes esc\u00e9nicas, artes visuais, mesas de reflexi\u00f3n\",\"potentialAction\":[{\"@type\":\"SearchAction\",\"target\":{\"@type\":\"EntryPoint\",\"urlTemplate\":\"https:\\\/\\\/maroon-squid-270101.hostingersite.com\\\/?s={search_term_string}\"},\"query-input\":{\"@type\":\"PropertyValueSpecification\",\"valueRequired\":true,\"valueName\":\"search_term_string\"}}],\"inLanguage\":\"es\"}]}<\/script>\n<!-- \/ Yoast SEO plugin. -->","yoast_head_json":{"title":"XIII Encontro - Artes Pola Integraci\u00f3n","robots":{"index":"index","follow":"follow","max-snippet":"max-snippet:-1","max-image-preview":"max-image-preview:large","max-video-preview":"max-video-preview:-1"},"canonical":"https:\/\/artespolaintegracion.gal\/es\/xiii-encontro\/","og_locale":"es_ES","og_type":"article","og_title":"XIII Encontro - Artes Pola Integraci\u00f3n","og_description":"Programa XIII Encuentro Artes Pola Integraci\u00f3n de la ciudad de A Coru\u00f1aMI\u00c9RCOLES 19 DE JUNIO20:00 horas APERTURA DEL FESTIVAL Auditorio de Galicia &nbsp; Muestra de la pieza CEREBRARTES Direcci\u00f3n:Carlota P\u00e9rez Ayudante de direcci\u00f3n:Adriana Paulos Compositora musical y Arteterapeuta:Rebeca Pontem\u00e1s info20:00 horas Santiago de Compostela Auditorio de Galicia &nbsp; Promena: Vaciarte Duracio\u0301n: 10\u2019 Coreograf\u00eda:Jaume &amp; Iris [&hellip;]","og_url":"https:\/\/artespolaintegracion.gal\/es\/xiii-encontro\/","og_site_name":"Artes Pola Integraci\u00f3n","article_modified_time":"2025-04-08T11:54:28+00:00","twitter_card":"summary_large_image","twitter_misc":{"Tiempo de lectura":"29 minutos"},"schema":{"@context":"https:\/\/schema.org","@graph":[{"@type":"WebPage","@id":"https:\/\/artespolaintegracion.gal\/es\/xiii-encontro\/","url":"https:\/\/artespolaintegracion.gal\/es\/xiii-encontro\/","name":"XIII Encontro - Artes Pola Integraci\u00f3n","isPartOf":{"@id":"https:\/\/maroon-squid-270101.hostingersite.com\/#website"},"datePublished":"2025-03-30T21:34:30+00:00","dateModified":"2025-04-08T11:54:28+00:00","breadcrumb":{"@id":"https:\/\/artespolaintegracion.gal\/es\/xiii-encontro\/#breadcrumb"},"inLanguage":"es","potentialAction":[{"@type":"ReadAction","target":["https:\/\/artespolaintegracion.gal\/es\/xiii-encontro\/"]}]},{"@type":"BreadcrumbList","@id":"https:\/\/artespolaintegracion.gal\/es\/xiii-encontro\/#breadcrumb","itemListElement":[{"@type":"ListItem","position":1,"name":"Home","item":"https:\/\/artespolaintegracion.gal\/es\/"},{"@type":"ListItem","position":2,"name":"XIII Encontro"}]},{"@type":"WebSite","@id":"https:\/\/maroon-squid-270101.hostingersite.com\/#website","url":"https:\/\/maroon-squid-270101.hostingersite.com\/","name":"Artes Pola Integraci\u00f3n","description":"Artes esc\u00e9nicas, artes visuais, mesas de reflexi\u00f3n","potentialAction":[{"@type":"SearchAction","target":{"@type":"EntryPoint","urlTemplate":"https:\/\/maroon-squid-270101.hostingersite.com\/?s={search_term_string}"},"query-input":{"@type":"PropertyValueSpecification","valueRequired":true,"valueName":"search_term_string"}}],"inLanguage":"es"}]}},"_links":{"self":[{"href":"https:\/\/artespolaintegracion.gal\/es\/wp-json\/wp\/v2\/pages\/1442","targetHints":{"allow":["GET"]}}],"collection":[{"href":"https:\/\/artespolaintegracion.gal\/es\/wp-json\/wp\/v2\/pages"}],"about":[{"href":"https:\/\/artespolaintegracion.gal\/es\/wp-json\/wp\/v2\/types\/page"}],"author":[{"embeddable":true,"href":"https:\/\/artespolaintegracion.gal\/es\/wp-json\/wp\/v2\/users\/1"}],"replies":[{"embeddable":true,"href":"https:\/\/artespolaintegracion.gal\/es\/wp-json\/wp\/v2\/comments?post=1442"}],"version-history":[{"count":2,"href":"https:\/\/artespolaintegracion.gal\/es\/wp-json\/wp\/v2\/pages\/1442\/revisions"}],"predecessor-version":[{"id":1481,"href":"https:\/\/artespolaintegracion.gal\/es\/wp-json\/wp\/v2\/pages\/1442\/revisions\/1481"}],"wp:attachment":[{"href":"https:\/\/artespolaintegracion.gal\/es\/wp-json\/wp\/v2\/media?parent=1442"}],"curies":[{"name":"wp","href":"https:\/\/api.w.org\/{rel}","templated":true}]}}