{"id":1129,"date":"2024-05-20T23:31:27","date_gmt":"2024-05-20T23:31:27","guid":{"rendered":"https:\/\/maroon-squid-270101.hostingersite.com\/xii-encontro-artes-pola-integracion\/"},"modified":"2025-04-08T11:59:43","modified_gmt":"2025-04-08T11:59:43","slug":"xii-encontro-artes-pola-integracion","status":"publish","type":"page","link":"https:\/\/artespolaintegracion.gal\/es\/xii-encontro-artes-pola-integracion\/","title":{"rendered":"XII Encontro Artes Pola Integraci\u00f3n"},"content":{"rendered":"<p>[et_pb_section fb_built=\u00bb1&#8243; _builder_version=\u00bb4.21.0&#8243; custom_margin=\u00bb-1px||38px|||\u00bb custom_padding=\u00bb0px||0px||false|false\u00bb global_colors_info=\u00bb{}\u00bb][et_pb_row _builder_version=\u00bb4.21.0&#8243; _module_preset=\u00bbdefault\u00bb width=\u00bb100%\u00bb max_width=\u00bb100%\u00bb custom_padding=\u00bb1px|||||\u00bb global_colors_info=\u00bb{}\u00bb][et_pb_column type=\u00bb4_4&#8243; _builder_version=\u00bb4.21.0&#8243; _module_preset=\u00bbdefault\u00bb global_colors_info=\u00bb{}\u00bb][et_pb_image src=\u00bbhttp:\/\/artespolaintegracion.gal\/wp-content\/uploads\/2023\/08\/portada-2-1.jpg\u00bb title_text=\u00bbXII encontro artes pola integraci\u00f3n\u00bb align=\u00bbcenter\u00bb force_fullwidth=\u00bbon\u00bb _builder_version=\u00bb4.21.0&#8243; _module_preset=\u00bbdefault\u00bb global_colors_info=\u00bb{}\u00bb][\/et_pb_image][\/et_pb_column][\/et_pb_row][\/et_pb_section][et_pb_section fb_built=\u00bb1&#8243; _builder_version=\u00bb4.16&#8243; custom_margin=\u00bb-39px|||||\u00bb custom_padding=\u00bb0px|||||\u00bb locked=\u00bboff\u00bb global_colors_info=\u00bb{}\u00bb][et_pb_row _builder_version=\u00bb4.21.0&#8243; _module_preset=\u00bbdefault\u00bb background_color=\u00bb#021837&#8243; custom_padding=\u00bb11px||1px|||\u00bb border_width_bottom=\u00bb2px\u00bb border_color_bottom=\u00bb#668399&#8243; global_colors_info=\u00bb{}\u00bb][et_pb_column type=\u00bb4_4&#8243; _builder_version=\u00bb4.21.0&#8243; _module_preset=\u00bbdefault\u00bb background_color=\u00bbRGBA(255,255,255,0)\u00bb global_colors_info=\u00bb{}\u00bb][et_pb_text _builder_version=\u00bb4.17.4&#8243; _module_preset=\u00bbdefault\u00bb text_font=\u00bb||||||||\u00bb header_font=\u00bb|||on|||||\u00bb header_text_color=\u00bb#FFFFFF\u00bb header_font_size=\u00bb27px\u00bb header_line_height=\u00bb1.3em\u00bb header_2_font=\u00bbAnton||||||||\u00bb header_2_text_align=\u00bbcenter\u00bb header_2_text_color=\u00bb#070049&#8243; header_2_font_size=\u00bb35px\u00bb header_2_letter_spacing=\u00bb4px\u00bb custom_margin=\u00bb||||false|false\u00bb custom_padding=\u00bb5px|5px|5px|5px|false|false\u00bb global_colors_info=\u00bb{}\u00bb]<\/p>\n<h1 class=\"et_pb_module_header\" style=\"text-align: center;\"><strong>Programa XII Encuentro Artes Pola Integraci\u00f3n de la ciudad de A Coru\u00f1a<\/strong><\/h1>\n<p>[\/et_pb_text][\/et_pb_column][\/et_pb_row][et_pb_row column_structure=\u00bb1_2,1_2&#8243; _builder_version=\u00bb4.17.4&#8243; _module_preset=\u00bbdefault\u00bb background_color=\u00bb#7191a8&#8243; custom_padding=\u00bb11px||1px|||\u00bb border_width_bottom=\u00bb2px\u00bb border_color_bottom=\u00bb#668399&#8243; global_colors_info=\u00bb{}\u00bb][et_pb_column type=\u00bb1_2&#8243; _builder_version=\u00bb4.17.4&#8243; _module_preset=\u00bbdefault\u00bb background_color=\u00bbRGBA(255,255,255,0)\u00bb global_colors_info=\u00bb{}\u00bb][et_pb_text _builder_version=\u00bb4.21.0&#8243; _module_preset=\u00bbdefault\u00bb text_font=\u00bb||||||||\u00bb header_2_font=\u00bbAnton||||||||\u00bb header_2_text_align=\u00bbcenter\u00bb header_2_text_color=\u00bb#070049&#8243; header_2_font_size=\u00bb35px\u00bb header_2_letter_spacing=\u00bb4px\u00bb custom_margin=\u00bb||||false|false\u00bb global_colors_info=\u00bb{}\u00bb]<\/p>\n<h2>VIERNES 1 SEPTIEMBRE<\/h2>\n<p>[\/et_pb_text][\/et_pb_column][et_pb_column type=\u00bb1_2&#8243; _builder_version=\u00bb4.17.4&#8243; _module_preset=\u00bbdefault\u00bb global_colors_info=\u00bb{}\u00bb][et_pb_text _builder_version=\u00bb4.21.0&#8243; _module_preset=\u00bbdefault\u00bb text_font=\u00bb||||||||\u00bb header_font=\u00bb|||on|||||\u00bb header_2_font=\u00bbAnton|||on|||||\u00bb header_2_text_align=\u00bbcenter\u00bb header_2_text_color=\u00bb#9fc8de\u00bb header_2_font_size=\u00bb35px\u00bb header_2_letter_spacing=\u00bb4px\u00bb custom_margin=\u00bb||||false|false\u00bb global_colors_info=\u00bb{}\u00bb]<\/p>\n<h2>Jardines de M\u00e9ndez N\u00fa\u00f1ez<\/h2>\n<p>[\/et_pb_text][\/et_pb_column][\/et_pb_row][et_pb_row column_structure=\u00bb3_5,2_5&#8243; _builder_version=\u00bb4.17.4&#8243; _module_preset=\u00bbdefault\u00bb background_color=\u00bb#7191a8&#8243; border_width_bottom=\u00bb2px\u00bb border_color_bottom=\u00bb#668399&#8243; global_colors_info=\u00bb{}\u00bb][et_pb_column type=\u00bb3_5&#8243; _builder_version=\u00bb4.17.4&#8243; _module_preset=\u00bbdefault\u00bb global_colors_info=\u00bb{}\u00bb][et_pb_text _builder_version=\u00bb4.21.0&#8243; _module_preset=\u00bbdefault\u00bb text_text_color=\u00bb#FFFFFF\u00bb header_3_font=\u00bbAnton||||||||\u00bb header_3_text_color=\u00bbrgba(17,11,73,0.95)\u00bb header_3_letter_spacing=\u00bb1px\u00bb custom_margin=\u00bb||||false|false\u00bb custom_padding=\u00bb|20px||20px|false|false\u00bb global_colors_info=\u00bb{}\u00bb]<\/p>\n<h3><span style=\"color: #ccffff;\">19:00 horas<\/span><\/h3>\n<h3>PRESENTACI\u00d3N DEL FESTIVAL<\/h3>\n<p>&nbsp;<\/p>\n<p>&nbsp;<\/p>\n<h3>Muestra de la pieza \u201c<span style=\"color: #ffffff;\">O meu lugar!<\/span>\u201d<\/h3>\n<p>Dirigida por Rebeca Ponte y Carlota P\u00e9rez para el Ayuntamiento de Santiago.<br \/>Asistencia de dramaturgia: V\u00edctor Dupl\u00e1 y Mar\u00eda V\u00e1zquez<\/p>\n<p>[\/et_pb_text][et_pb_text _builder_version=\u00bb4.19.4&#8243; _module_preset=\u00bbdefault\u00bb text_text_color=\u00bb#FFFFFF\u00bb header_3_font=\u00bbAnton||||||||\u00bb header_3_text_color=\u00bbrgba(17,11,73,0.95)\u00bb header_3_letter_spacing=\u00bb1px\u00bb custom_margin=\u00bb||||false|false\u00bb custom_padding=\u00bb|20px||20px|false|false\u00bb locked=\u00bboff\u00bb global_colors_info=\u00bb{}\u00bb]<\/p>\n<p><a href=\"https:\/\/maroon-squid-270101.hostingersite.com\/mostra-da-peza-o-meu-lugar\/\">m\u00e1s info<\/a><\/p>\n<p>[\/et_pb_text][\/et_pb_column][et_pb_column type=\u00bb2_5&#8243; _builder_version=\u00bb4.17.4&#8243; _module_preset=\u00bbdefault\u00bb global_colors_info=\u00bb{}\u00bb][et_pb_image src=\u00bbhttp:\/\/artespolaintegracion.gal\/wp-content\/uploads\/2023\/08\/o-meu-lugar-artes-pola-integracion-1.jpg\u00bb alt=\u00bb%22O meu lugar%22&#8243; title_text=\u00bb%22O meu lugar%22&#8243; _builder_version=\u00bb4.21.0&#8243; _module_preset=\u00bbdefault\u00bb custom_margin=\u00bb||||false|false\u00bb custom_padding=\u00bb|20px||20px|false|false\u00bb locked=\u00bboff\u00bb global_colors_info=\u00bb{}\u00bb][\/et_pb_image][\/et_pb_column][\/et_pb_row][et_pb_row column_structure=\u00bb3_5,2_5&#8243; _builder_version=\u00bb4.17.4&#8243; _module_preset=\u00bbdefault\u00bb background_color=\u00bb#7191a8&#8243; border_width_bottom=\u00bb2px\u00bb border_color_bottom=\u00bb#668399&#8243; global_colors_info=\u00bb{}\u00bb][et_pb_column type=\u00bb3_5&#8243; _builder_version=\u00bb4.17.4&#8243; _module_preset=\u00bbdefault\u00bb global_colors_info=\u00bb{}\u00bb][et_pb_text _builder_version=\u00bb4.21.0&#8243; _module_preset=\u00bbdefault\u00bb text_text_color=\u00bb#FFFFFF\u00bb header_3_font=\u00bbAnton||||||||\u00bb header_3_text_color=\u00bbrgba(17,11,73,0.95)\u00bb header_3_letter_spacing=\u00bb1px\u00bb header_3_line_height=\u00bb1.2em\u00bb custom_margin=\u00bb||||false|false\u00bb custom_padding=\u00bb|20px||20px|false|false\u00bb global_colors_info=\u00bb{}\u00bb]<\/p>\n<h3><span style=\"color: #ccffff;\">20:00 horas<\/span><\/h3>\n<h3>Experimenta danza<br \/>Tu\u00e9tano <span style=\"color: #ffffff;\">\u201cTempo de so\u00f1ar\u201d <\/span> <\/h3>\n<p>La pieza habla de todas esas carencias y potencialidades no desarrolladas que, si sabemos<br \/>transf\u00f3rmarlas, haznos muy fuertes y cruza todas las barreras de nuestra inspiraci\u00f3n.<\/p>\n<p>[\/et_pb_text][et_pb_text _builder_version=\u00bb4.19.4&#8243; _module_preset=\u00bbdefault\u00bb text_text_color=\u00bb#FFFFFF\u00bb header_3_font=\u00bbAnton||||||||\u00bb header_3_text_color=\u00bbrgba(17,11,73,0.95)\u00bb header_3_letter_spacing=\u00bb1px\u00bb custom_margin=\u00bb||||false|false\u00bb custom_padding=\u00bb|20px||20px|false|false\u00bb locked=\u00bboff\u00bb global_colors_info=\u00bb{}\u00bb]<a href=\"https:\/\/maroon-squid-270101.hostingersite.com\/experimenta-danza-tuetano-tempo-de-sonar\/\">m\u00e1s info<\/a>[\/et_pb_text][\/et_pb_column][et_pb_column type=\u00bb2_5&#8243; _builder_version=\u00bb4.17.4&#8243; _module_preset=\u00bbdefault\u00bb global_colors_info=\u00bb{}\u00bb][et_pb_image src=\u00bbhttp:\/\/artespolaintegracion.gal\/wp-content\/uploads\/2023\/08\/tuetano-2.jpg\u00bb alt=\u00bbJavier Collado Alma Garc\u00eda\u00bb title_text=\u00bbtuetano\u00bb _builder_version=\u00bb4.19.4&#8243; _module_preset=\u00bbdefault\u00bb custom_margin=\u00bb||||false|false\u00bb custom_padding=\u00bb|20px||20px|false|false\u00bb global_colors_info=\u00bb{}\u00bb][\/et_pb_image][\/et_pb_column][\/et_pb_row][et_pb_row column_structure=\u00bb3_5,2_5&#8243; _builder_version=\u00bb4.17.4&#8243; _module_preset=\u00bbdefault\u00bb background_color=\u00bb#7191a8&#8243; border_width_bottom=\u00bb2px\u00bb border_color_bottom=\u00bb#668399&#8243; global_colors_info=\u00bb{}\u00bb][et_pb_column type=\u00bb3_5&#8243; _builder_version=\u00bb4.17.4&#8243; _module_preset=\u00bbdefault\u00bb global_colors_info=\u00bb{}\u00bb][et_pb_text _builder_version=\u00bb4.21.0&#8243; _module_preset=\u00bbdefault\u00bb text_text_color=\u00bb#FFFFFF\u00bb header_3_font=\u00bbAnton||||||||\u00bb header_3_text_color=\u00bbrgba(17,11,73,0.95)\u00bb header_3_letter_spacing=\u00bb1px\u00bb custom_margin=\u00bb||||false|false\u00bb custom_padding=\u00bb|20px||20px|false|false\u00bb global_colors_info=\u00bb{}\u00bb]<\/p>\n<h3><span style=\"color: #ccffff;\">21:00 horas<\/span><\/h3>\n<h3>Mordiendo la verdad<\/h3>\n<p>Mordiendo la verdad 2.0, es un canto a la memoria y m\u00fasica no escrita: Las nanas preservadas en nosotros<br \/>labios sellados de nuestros antepasados. El dolor sin nombre que sin embargo hizo la carne y el cincel<br \/>d\u00eda a d\u00eda las formas de nuestros cuerpos y de nuestras vidas. <\/p>\n<p>[\/et_pb_text][et_pb_text _builder_version=\u00bb4.19.4&#8243; _module_preset=\u00bbdefault\u00bb text_text_color=\u00bb#FFFFFF\u00bb header_3_font=\u00bbAnton||||||||\u00bb header_3_text_color=\u00bbrgba(17,11,73,0.95)\u00bb header_3_letter_spacing=\u00bb1px\u00bb custom_margin=\u00bb||||false|false\u00bb custom_padding=\u00bb|20px||20px|false|false\u00bb locked=\u00bboff\u00bb global_colors_info=\u00bb{}\u00bb]<a href=\"https:\/\/maroon-squid-270101.hostingersite.com\/mordiendo-la-verdad\/\">m\u00e1s info<\/a>[\/et_pb_text][\/et_pb_column][et_pb_column type=\u00bb2_5&#8243; _builder_version=\u00bb4.17.4&#8243; _module_preset=\u00bbdefault\u00bb global_colors_info=\u00bb{}\u00bb][et_pb_image src=\u00bbhttp:\/\/artespolaintegracion.gal\/wp-content\/uploads\/2023\/08\/mordiendo-la-verdad-1.jpg\u00bb alt=\u00bbMordiendo la verdad\u00bb title_text=\u00bbMordiendo la verdad\u00bb _builder_version=\u00bb4.21.0&#8243; _module_preset=\u00bbdefault\u00bb custom_margin=\u00bb||||false|false\u00bb custom_padding=\u00bb|20px||20px|false|false\u00bb global_colors_info=\u00bb{}\u00bb][\/et_pb_image][\/et_pb_column][\/et_pb_row][et_pb_row column_structure=\u00bb3_5,2_5&#8243; _builder_version=\u00bb4.17.4&#8243; _module_preset=\u00bbdefault\u00bb background_color=\u00bb#7191a8&#8243; border_width_bottom=\u00bb2px\u00bb border_color_bottom=\u00bb#668399&#8243; global_colors_info=\u00bb{}\u00bb][et_pb_column type=\u00bb3_5&#8243; _builder_version=\u00bb4.17.4&#8243; _module_preset=\u00bbdefault\u00bb global_colors_info=\u00bb{}\u00bb][et_pb_text _builder_version=\u00bb4.21.0&#8243; _module_preset=\u00bbdefault\u00bb text_text_color=\u00bb#FFFFFF\u00bb header_3_font=\u00bbAnton||||||||\u00bb header_3_text_color=\u00bbrgba(17,11,73,0.95)\u00bb header_3_letter_spacing=\u00bb1px\u00bb custom_margin=\u00bb||||false|false\u00bb custom_padding=\u00bb|20px||20px|false|false\u00bb global_colors_info=\u00bb{}\u00bb]<\/p>\n<h3><span style=\"color: #ccffff;\">22:00 horas<\/span><\/h3>\n<h3>Encuentro de videodanzas y diversidad<\/h3>\n<p>Proyectos de lenguaje audiovisual desarrollados en colaboraci\u00f3n con el <strong>Fiver Festival<\/strong> y la asociaci\u00f3n Berde.<\/p>\n<p>[\/et_pb_text][et_pb_text _builder_version=\u00bb4.19.4&#8243; _module_preset=\u00bbdefault\u00bb text_text_color=\u00bb#FFFFFF\u00bb header_3_font=\u00bbAnton||||||||\u00bb header_3_text_color=\u00bbrgba(17,11,73,0.95)\u00bb header_3_letter_spacing=\u00bb1px\u00bb custom_margin=\u00bb||||false|false\u00bb custom_padding=\u00bb|20px||20px|false|false\u00bb locked=\u00bboff\u00bb global_colors_info=\u00bb{}\u00bb]<a href=\"https:\/\/maroon-squid-270101.hostingersite.com\/encontro-de-videodanzas-e-diversidade\/\">m\u00e1s info<\/a>[\/et_pb_text][\/et_pb_column][et_pb_column type=\u00bb2_5&#8243; _builder_version=\u00bb4.17.4&#8243; _module_preset=\u00bbdefault\u00bb global_colors_info=\u00bb{}\u00bb][et_pb_image src=\u00bbhttp:\/\/artespolaintegracion.gal\/wp-content\/uploads\/2023\/08\/fiver-festival-1.jpg\u00bb alt=\u00bbEncuentro de videodanzas y diversidad \u00bb title_text=\u00bbEncontro de videodanzas e diversidade  \u00bb _builder_version=\u00bb4.21.0&#8243; _module_preset=\u00bbdefault\u00bb custom_margin=\u00bb||||false|false\u00bb custom_padding=\u00bb|20px||20px|false|false\u00bb global_colors_info=\u00bb{}\u00bb][\/et_pb_image][\/et_pb_column][\/et_pb_row][\/et_pb_section][et_pb_section fb_built=\u00bb1&#8243; _builder_version=\u00bb4.16&#8243; custom_margin=\u00bb1px|||||\u00bb custom_padding=\u00bb0px|||||\u00bb locked=\u00bboff\u00bb global_colors_info=\u00bb{}\u00bb][et_pb_row column_structure=\u00bb1_2,1_2&#8243; _builder_version=\u00bb4.17.4&#8243; _module_preset=\u00bbdefault\u00bb background_color=\u00bb#7191a8&#8243; custom_padding=\u00bb11px||1px|||\u00bb border_width_bottom=\u00bb2px\u00bb border_color_bottom=\u00bb#668399&#8243; global_colors_info=\u00bb{}\u00bb][et_pb_column type=\u00bb1_2&#8243; _builder_version=\u00bb4.17.4&#8243; _module_preset=\u00bbdefault\u00bb background_color=\u00bbRGBA(255,255,255,0)\u00bb global_colors_info=\u00bb{}\u00bb][et_pb_text _builder_version=\u00bb4.21.0&#8243; _module_preset=\u00bbdefault\u00bb text_font=\u00bb||||||||\u00bb header_2_font=\u00bbAnton||||||||\u00bb header_2_text_align=\u00bbcenter\u00bb header_2_text_color=\u00bb#070049&#8243; header_2_font_size=\u00bb35px\u00bb header_2_letter_spacing=\u00bb4px\u00bb custom_margin=\u00bb||||false|false\u00bb locked=\u00bboff\u00bb global_colors_info=\u00bb{}\u00bb]<\/p>\n<h2>S\u00c1BADO 2 SEPTIEMBRE<\/h2>\n<p>[\/et_pb_text][\/et_pb_column][et_pb_column type=\u00bb1_2&#8243; _builder_version=\u00bb4.17.4&#8243; _module_preset=\u00bbdefault\u00bb global_colors_info=\u00bb{}\u00bb][et_pb_text _builder_version=\u00bb4.21.0&#8243; _module_preset=\u00bbdefault\u00bb text_font=\u00bb||||||||\u00bb header_2_font=\u00bbAnton|||on|||||\u00bb header_2_text_align=\u00bbcenter\u00bb header_2_text_color=\u00bb#9fc8de\u00bb header_2_font_size=\u00bb35px\u00bb header_2_letter_spacing=\u00bb4px\u00bb custom_margin=\u00bb||||false|false\u00bb global_colors_info=\u00bb{}\u00bb]<\/p>\n<h2>Centro \u00c1gora<\/h2>\n<p>[\/et_pb_text][\/et_pb_column][\/et_pb_row][et_pb_row column_structure=\u00bb3_5,2_5&#8243; _builder_version=\u00bb4.17.4&#8243; _module_preset=\u00bbdefault\u00bb background_color=\u00bb#7191a8&#8243; border_width_bottom=\u00bb2px\u00bb border_color_bottom=\u00bb#668399&#8243; global_colors_info=\u00bb{}\u00bb][et_pb_column type=\u00bb3_5&#8243; _builder_version=\u00bb4.17.4&#8243; _module_preset=\u00bbdefault\u00bb global_colors_info=\u00bb{}\u00bb][et_pb_text _builder_version=\u00bb4.21.0&#8243; _module_preset=\u00bbdefault\u00bb text_text_color=\u00bb#FFFFFF\u00bb header_3_font=\u00bbAnton||||||||\u00bb header_3_text_color=\u00bbrgba(17,11,73,0.95)\u00bb header_3_letter_spacing=\u00bb1px\u00bb header_3_line_height=\u00bb1.2em\u00bb custom_margin=\u00bb||||false|false\u00bb custom_padding=\u00bb|20px||20px|false|false\u00bb global_colors_info=\u00bb{}\u00bb]<\/p>\n<h3><span style=\"color: #ccffff;\">16:00 horas<\/span><\/h3>\n<h3>Inauguraci\u00f3n Expo <span style=\"color: rgba(255, 255, 255, 0.95);\">AMOCIDADE CREA<\/span><\/h3>\n<p>Proyecto realizado en colaboraci\u00f3n con SacraExperience que, tras dos a\u00f1os de talleres y<br \/>formaci\u00f3n y creaci\u00f3n con j\u00f3venes, da lugar a una exposici\u00f3n que se inaugura en la Casa da Juventude<br \/>de Lugo, pasando por la escuela de formaci\u00f3n Angel Casal y el Pazo de Tor.<\/p>\n<p>[\/et_pb_text][et_pb_text _builder_version=\u00bb4.19.4&#8243; _module_preset=\u00bbdefault\u00bb text_text_color=\u00bb#FFFFFF\u00bb header_3_font=\u00bbAnton||||||||\u00bb header_3_text_color=\u00bbrgba(17,11,73,0.95)\u00bb header_3_letter_spacing=\u00bb1px\u00bb custom_margin=\u00bb||||false|false\u00bb custom_padding=\u00bb|20px||20px|false|false\u00bb locked=\u00bboff\u00bb global_colors_info=\u00bb{}\u00bb]<a href=\"https:\/\/maroon-squid-270101.hostingersite.com\/inauguracio-expo-amocidade-crea\/\">m\u00e1s info<\/a>[\/et_pb_text][\/et_pb_column][et_pb_column type=\u00bb2_5&#8243; _builder_version=\u00bb4.17.4&#8243; _module_preset=\u00bbdefault\u00bb global_colors_info=\u00bb{}\u00bb][et_pb_image src=\u00bbhttp:\/\/artespolaintegracion.gal\/wp-content\/uploads\/2023\/08\/AMOCIDADE-CREA-exposicion-1.jpg\u00bb alt=\u00bbAMOCIDADE CREA, exposici\u00f3n\u00bb title_text=\u00bbAMOCIDADE CREA, exposici\u00f3n\u00bb _builder_version=\u00bb4.21.0&#8243; _module_preset=\u00bbdefault\u00bb custom_margin=\u00bb||||false|false\u00bb custom_padding=\u00bb|20px||20px|false|false\u00bb global_colors_info=\u00bb{}\u00bb][\/et_pb_image][\/et_pb_column][\/et_pb_row][et_pb_row column_structure=\u00bb3_5,2_5&#8243; _builder_version=\u00bb4.17.4&#8243; _module_preset=\u00bbdefault\u00bb background_color=\u00bb#7191a8&#8243; border_width_bottom=\u00bb2px\u00bb border_color_bottom=\u00bb#668399&#8243; global_colors_info=\u00bb{}\u00bb][et_pb_column type=\u00bb3_5&#8243; _builder_version=\u00bb4.17.4&#8243; _module_preset=\u00bbdefault\u00bb global_colors_info=\u00bb{}\u00bb][et_pb_text _builder_version=\u00bb4.21.0&#8243; _module_preset=\u00bbdefault\u00bb text_text_color=\u00bb#FFFFFF\u00bb header_3_font=\u00bbAnton||||||||\u00bb header_3_text_color=\u00bbrgba(17,11,73,0.95)\u00bb header_3_letter_spacing=\u00bb1px\u00bb header_3_line_height=\u00bb1.2em\u00bb custom_margin=\u00bb||||false|false\u00bb custom_padding=\u00bb|20px||20px|false|false\u00bb global_colors_info=\u00bb{}\u00bb]<\/p>\n<h3><span style=\"color: #ccffff;\">16:40 a 20:00 horas<\/span><\/h3>\n<h3>ASAMBLEA DIVERSA <span style=\"color: #ffffff;\">JORNADA SALUD Y MUSEOS<\/span><\/h3>\n<p><strong>Coordinaci\u00f3n de la jornada:<\/strong> Rebeca Ponte<\/p>\n<p><strong>PONENTES:<\/strong><\/p>\n<p><strong>Rebeca Ponte:<\/strong> Especialista en Artes Terap\u00e9uticas<br \/><strong>Juan Garc\u00eda Sandoval:<\/strong> Conservador de Museos de la Comunidad Aut\u00f3noma de la Regi\u00f3n de Murcia. Karen Lund Orbeta: Arteterapeuta especialista en Arte y Museos.<br \/><strong>Encarna Lago:<\/strong> Gerente de la RED Muse\u00edstica Provincial de Lugo.<br \/><strong>Doctora Alexandra Gerstain:<\/strong> Curadora de Escultura y Artes Decorativas del CourtLaud Museum de Londres.<br \/><strong>Cierre de la Jornada<\/strong> Taller Experiencial<\/p>\n<p>[\/et_pb_text][et_pb_text _builder_version=\u00bb4.19.4&#8243; _module_preset=\u00bbdefault\u00bb text_text_color=\u00bb#FFFFFF\u00bb header_3_font=\u00bbAnton||||||||\u00bb header_3_text_color=\u00bbrgba(17,11,73,0.95)\u00bb header_3_letter_spacing=\u00bb1px\u00bb custom_margin=\u00bb||||false|false\u00bb custom_padding=\u00bb|20px||20px|false|false\u00bb locked=\u00bboff\u00bb global_colors_info=\u00bb{}\u00bb]<a href=\"https:\/\/maroon-squid-270101.hostingersite.com\/asamblea-diversa\/\">m\u00e1s info<\/a>[\/et_pb_text][\/et_pb_column][et_pb_column type=\u00bb2_5&#8243; _builder_version=\u00bb4.17.4&#8243; _module_preset=\u00bbdefault\u00bb global_colors_info=\u00bb{}\u00bb][et_pb_image src=\u00bbhttp:\/\/artespolaintegracion.gal\/wp-content\/uploads\/2023\/08\/asamblea-diversa-1.jpg\u00bb alt=\u00bbAsamblea diversa\u00bb title_text=\u00bbAsamblea diversa\u00bb _builder_version=\u00bb4.21.0&#8243; _module_preset=\u00bbdefault\u00bb custom_margin=\u00bb||||false|false\u00bb custom_padding=\u00bb|20px||20px|false|false\u00bb global_colors_info=\u00bb{}\u00bb][\/et_pb_image][\/et_pb_column][\/et_pb_row][et_pb_row column_structure=\u00bb3_5,2_5&#8243; _builder_version=\u00bb4.17.4&#8243; _module_preset=\u00bbdefault\u00bb background_color=\u00bb#7191a8&#8243; border_width_bottom=\u00bb2px\u00bb border_color_bottom=\u00bb#668399&#8243; global_colors_info=\u00bb{}\u00bb][et_pb_column type=\u00bb3_5&#8243; _builder_version=\u00bb4.17.4&#8243; _module_preset=\u00bbdefault\u00bb global_colors_info=\u00bb{}\u00bb][et_pb_text _builder_version=\u00bb4.21.0&#8243; _module_preset=\u00bbdefault\u00bb text_text_color=\u00bb#FFFFFF\u00bb header_3_font=\u00bbAnton||||||||\u00bb header_3_text_color=\u00bbrgba(17,11,73,0.95)\u00bb header_3_letter_spacing=\u00bb1px\u00bb header_3_line_height=\u00bb1.2em\u00bb custom_margin=\u00bb||||false|false\u00bb custom_padding=\u00bb|20px||20px|false|false\u00bb global_colors_info=\u00bb{}\u00bb]<\/p>\n<h3><span style=\"color: #ccffff;\">20:00 horas<\/span><\/h3>\n<h3>Yurdance \u201c<span style=\"color: #ffffff;\">The Sound of the Void<\/span>\u201d<\/h3>\n<p>\u00abThe Sound of the Void\u00bb intenta plantear preguntas en la audiencia, invita a la autoindagaci\u00f3n y saca a la luz cuestiones que nos afectan a todos, como la fragilidad humana y la impermanencia de la vida.<br \/>\u00bfC\u00f3mo llenar el vac\u00edo? \u00bfHay algo permanente?<\/p>\n<p>[\/et_pb_text][et_pb_text _builder_version=\u00bb4.19.4&#8243; _module_preset=\u00bbdefault\u00bb text_text_color=\u00bb#FFFFFF\u00bb header_3_font=\u00bbAnton||||||||\u00bb header_3_text_color=\u00bbrgba(17,11,73,0.95)\u00bb header_3_letter_spacing=\u00bb1px\u00bb custom_margin=\u00bb||||false|false\u00bb custom_padding=\u00bb|20px||20px|false|false\u00bb locked=\u00bboff\u00bb global_colors_info=\u00bb{}\u00bb]<a href=\"https:\/\/maroon-squid-270101.hostingersite.com\/yurdance-the-sound-of-the-void\/\">m\u00e1s info<\/a>[\/et_pb_text][\/et_pb_column][et_pb_column type=\u00bb2_5&#8243; _builder_version=\u00bb4.17.4&#8243; _module_preset=\u00bbdefault\u00bb global_colors_info=\u00bb{}\u00bb][et_pb_image src=\u00bbhttp:\/\/artespolaintegracion.gal\/wp-content\/uploads\/2023\/08\/yurdance-1.jpg\u00bb alt=\u00bbYurdance\u00bb title_text=\u00bbYurdance\u00bb _builder_version=\u00bb4.21.0&#8243; _module_preset=\u00bbdefault\u00bb custom_margin=\u00bb||||false|false\u00bb custom_padding=\u00bb|20px||20px|false|false\u00bb global_colors_info=\u00bb{}\u00bb][\/et_pb_image][\/et_pb_column][\/et_pb_row][et_pb_row column_structure=\u00bb3_5,2_5&#8243; _builder_version=\u00bb4.17.4&#8243; _module_preset=\u00bbdefault\u00bb background_color=\u00bb#7191a8&#8243; border_width_bottom=\u00bb2px\u00bb border_color_bottom=\u00bb#668399&#8243; global_colors_info=\u00bb{}\u00bb][et_pb_column type=\u00bb3_5&#8243; _builder_version=\u00bb4.17.4&#8243; _module_preset=\u00bbdefault\u00bb global_colors_info=\u00bb{}\u00bb][et_pb_text _builder_version=\u00bb4.21.0&#8243; _module_preset=\u00bbdefault\u00bb text_text_color=\u00bb#FFFFFF\u00bb header_3_font=\u00bbAnton||||||||\u00bb header_3_text_color=\u00bbrgba(17,11,73,0.95)\u00bb header_3_letter_spacing=\u00bb1px\u00bb header_3_line_height=\u00bb1.2em\u00bb custom_margin=\u00bb||||false|false\u00bb custom_padding=\u00bb|20px||20px|false|false\u00bb global_colors_info=\u00bb{}\u00bb]<\/p>\n<h3><span style=\"color: #ccffff;\">20:30 horas<\/span><\/h3>\n<h3>Basket Beat: <span style=\"color: #ffffff;\">movimiento, arte, educaci\u00f3n y acci\u00f3n social<\/span><\/h3>\n<p><strong>Josep M. Aragay Borr\u00e0s<\/strong><\/p>\n<p>Basket Beat es una metodolog\u00eda que utiliza el baloncesto, el cuerpo y el juego para acceder a experiencias art\u00edsticas de calidad y formar habilidades para la vida con ojo cr\u00edtico para la transformaci\u00f3n social.<\/p>\n<p>[\/et_pb_text][et_pb_text _builder_version=\u00bb4.19.4&#8243; _module_preset=\u00bbdefault\u00bb text_text_color=\u00bb#FFFFFF\u00bb header_3_font=\u00bbAnton||||||||\u00bb header_3_text_color=\u00bbrgba(17,11,73,0.95)\u00bb header_3_letter_spacing=\u00bb1px\u00bb custom_margin=\u00bb||||false|false\u00bb custom_padding=\u00bb|20px||20px|false|false\u00bb locked=\u00bboff\u00bb global_colors_info=\u00bb{}\u00bb]<a href=\"https:\/\/maroon-squid-270101.hostingersite.com\/basket-beat-movemento-arte-educacion-e-accion-social\/\">m\u00e1s info<\/a>[\/et_pb_text][\/et_pb_column][et_pb_column type=\u00bb2_5&#8243; _builder_version=\u00bb4.17.4&#8243; _module_preset=\u00bbdefault\u00bb global_colors_info=\u00bb{}\u00bb][et_pb_image src=\u00bbhttp:\/\/artespolaintegracion.gal\/wp-content\/uploads\/2023\/08\/basket-beat-1.jpg\u00bb alt=\u00bbBasket Beat\u00bb title_text=\u00bbBasket Beat\u00bb _builder_version=\u00bb4.21.0&#8243; _module_preset=\u00bbdefault\u00bb custom_margin=\u00bb||||false|false\u00bb custom_padding=\u00bb|20px||20px|false|false\u00bb global_colors_info=\u00bb{}\u00bb][\/et_pb_image][\/et_pb_column][\/et_pb_row][\/et_pb_section][et_pb_section fb_built=\u00bb1&#8243; _builder_version=\u00bb4.16&#8243; custom_margin=\u00bb1px|||||\u00bb custom_padding=\u00bb0px|||||\u00bb locked=\u00bboff\u00bb global_colors_info=\u00bb{}\u00bb][et_pb_row column_structure=\u00bb1_2,1_2&#8243; _builder_version=\u00bb4.17.4&#8243; _module_preset=\u00bbdefault\u00bb background_color=\u00bb#7191a8&#8243; custom_padding=\u00bb11px||1px|||\u00bb border_width_bottom=\u00bb2px\u00bb border_color_bottom=\u00bb#668399&#8243; global_colors_info=\u00bb{}\u00bb][et_pb_column type=\u00bb1_2&#8243; _builder_version=\u00bb4.17.4&#8243; _module_preset=\u00bbdefault\u00bb background_color=\u00bbRGBA(255,255,255,0)\u00bb global_colors_info=\u00bb{}\u00bb][et_pb_text _builder_version=\u00bb4.21.0&#8243; _module_preset=\u00bbdefault\u00bb text_font=\u00bb||||||||\u00bb header_2_font=\u00bbAnton||||||||\u00bb header_2_text_align=\u00bbcenter\u00bb header_2_text_color=\u00bb#070049&#8243; header_2_font_size=\u00bb35px\u00bb header_2_letter_spacing=\u00bb4px\u00bb custom_margin=\u00bb||||false|false\u00bb locked=\u00bboff\u00bb global_colors_info=\u00bb{}\u00bb]<\/p>\n<h2>DOMINGO 3 SEPTIEMBRE<\/h2>\n<p>[\/et_pb_text][\/et_pb_column][et_pb_column type=\u00bb1_2&#8243; _builder_version=\u00bb4.17.4&#8243; _module_preset=\u00bbdefault\u00bb global_colors_info=\u00bb{}\u00bb][et_pb_text _builder_version=\u00bb4.21.0&#8243; _module_preset=\u00bbdefault\u00bb text_font=\u00bb||||||||\u00bb header_2_font=\u00bbAnton|||on|||||\u00bb header_2_text_align=\u00bbcenter\u00bb header_2_text_color=\u00bb#9fc8de\u00bb header_2_font_size=\u00bb35px\u00bb header_2_letter_spacing=\u00bb4px\u00bb custom_margin=\u00bb||||false|false\u00bb global_colors_info=\u00bb{}\u00bb]<\/p>\n<h2>Plaza de la Constituci\u00f3n<\/h2>\n<p>[\/et_pb_text][\/et_pb_column][\/et_pb_row][et_pb_row _builder_version=\u00bb4.17.4&#8243; _module_preset=\u00bbdefault\u00bb background_color=\u00bb#7191a8&#8243; border_width_bottom=\u00bb2px\u00bb border_color_bottom=\u00bb#668399&#8243; global_colors_info=\u00bb{}\u00bb][et_pb_column type=\u00bb4_4&#8243; _builder_version=\u00bb4.17.4&#8243; _module_preset=\u00bbdefault\u00bb global_colors_info=\u00bb{}\u00bb][et_pb_text _builder_version=\u00bb4.21.0&#8243; _module_preset=\u00bbdefault\u00bb text_text_color=\u00bb#FFFFFF\u00bb header_3_font=\u00bbAnton||||||||\u00bb header_3_text_color=\u00bbrgba(17,11,73,0.95)\u00bb header_3_letter_spacing=\u00bb1px\u00bb header_3_line_height=\u00bb1.2em\u00bb custom_margin=\u00bb||||false|false\u00bb custom_padding=\u00bb|20px||20px|false|false\u00bb global_colors_info=\u00bb{}\u00bb]<\/p>\n<h3><span style=\"color: #ccffff;\">17:00 horas<\/span><\/h3>\n<h3><span>Recepci\u00f3n de p\u00fablico<\/span><\/h3>\n<p>&nbsp;<\/p>\n<p>[\/et_pb_text][\/et_pb_column][\/et_pb_row][et_pb_row column_structure=\u00bb3_5,2_5&#8243; _builder_version=\u00bb4.17.4&#8243; _module_preset=\u00bbdefault\u00bb background_color=\u00bb#7191a8&#8243; border_width_bottom=\u00bb2px\u00bb border_color_bottom=\u00bb#668399&#8243; global_colors_info=\u00bb{}\u00bb][et_pb_column type=\u00bb3_5&#8243; _builder_version=\u00bb4.17.4&#8243; _module_preset=\u00bbdefault\u00bb global_colors_info=\u00bb{}\u00bb][et_pb_text _builder_version=\u00bb4.21.0&#8243; _module_preset=\u00bbdefault\u00bb text_text_color=\u00bb#FFFFFF\u00bb header_3_font=\u00bbAnton||||||||\u00bb header_3_text_color=\u00bbrgba(17,11,73,0.95)\u00bb header_3_letter_spacing=\u00bb1px\u00bb header_3_line_height=\u00bb1.2em\u00bb custom_margin=\u00bb||||false|false\u00bb custom_padding=\u00bb|20px||20px|false|false\u00bb global_colors_info=\u00bb{}\u00bb]<\/p>\n<h3><span style=\"color: #ccffff;\">17:00-20:00 horas<\/span><\/h3>\n<h3>Concurso de piezas para la comunidad<\/h3>\n<p>Convocatoria abierta a creadores de un m\u00ednimo de dos y un m\u00e1ximo de cuatro int\u00e9rpretes de propuestas de danza, m\u00fasica y teatro que re\u00fanan a personas con y sin diversidad. Con una duraci\u00f3n m\u00e1xima de 15 minutos, un jurado de expertos seleccionar\u00e1 dos piezas que recibir\u00e1n 500 euros cada una y una pieza que ser\u00e1 la ganadora del premio del p\u00fablico que estar\u00e1 presente durante el concurso. Se seleccionar\u00e1n un m\u00e1ximo de 10 piezas para el concurso y tres de ellas ser\u00e1n ganadoras.<\/p>\n<p>[\/et_pb_text][et_pb_text _builder_version=\u00bb4.19.4&#8243; _module_preset=\u00bbdefault\u00bb text_text_color=\u00bb#FFFFFF\u00bb header_3_font=\u00bbAnton||||||||\u00bb header_3_text_color=\u00bbrgba(17,11,73,0.95)\u00bb header_3_letter_spacing=\u00bb1px\u00bb custom_margin=\u00bb||||false|false\u00bb custom_padding=\u00bb|20px||20px|false|false\u00bb locked=\u00bboff\u00bb global_colors_info=\u00bb{}\u00bb]<a href=\"https:\/\/maroon-squid-270101.hostingersite.com\/praza-da-constitucion\/\">m\u00e1s info<\/a>[\/et_pb_text][\/et_pb_column][et_pb_column type=\u00bb2_5&#8243; _builder_version=\u00bb4.17.4&#8243; _module_preset=\u00bbdefault\u00bb global_colors_info=\u00bb{}\u00bb][et_pb_image src=\u00bbhttp:\/\/artespolaintegracion.gal\/wp-content\/uploads\/2023\/08\/Praza-da-Constitucion-coruna-1.jpg\u00bb alt=\u00bbPlaza de la Constituci\u00f3n\u00bb title_text=\u00bbPraza da Constituci\u00f3n\u00bb _builder_version=\u00bb4.21.0&#8243; _module_preset=\u00bbdefault\u00bb custom_margin=\u00bb||||false|false\u00bb custom_padding=\u00bb|20px||20px|false|false\u00bb global_colors_info=\u00bb{}\u00bb][\/et_pb_image][\/et_pb_column][\/et_pb_row][\/et_pb_section][et_pb_section fb_built=\u00bb1&#8243; _builder_version=\u00bb4.17.4&#8243; _module_preset=\u00bbdefault\u00bb locked=\u00bboff\u00bb global_colors_info=\u00bb{}\u00bb][et_pb_row _builder_version=\u00bb4.17.4&#8243; _module_preset=\u00bbdefault\u00bb global_colors_info=\u00bb{}\u00bb][et_pb_column type=\u00bb4_4&#8243; _builder_version=\u00bb4.17.4&#8243; _module_preset=\u00bbdefault\u00bb global_colors_info=\u00bb{}\u00bb][et_pb_text _builder_version=\u00bb4.23.1&#8243; _module_preset=\u00bbdefault\u00bb text_font=\u00bb||||||||\u00bb header_2_font=\u00bbAnton||||||||\u00bb header_2_text_align=\u00bbcenter\u00bb header_2_text_color=\u00bb#070049&#8243; header_2_font_size=\u00bb35px\u00bb header_2_letter_spacing=\u00bb4px\u00bb custom_margin=\u00bb||||false|false\u00bb global_colors_info=\u00bb{}\u00bb]<\/p>\n<h2> M\u00e1s info sobre Artistas y Obras<\/h2>\n<p>[\/et_pb_text][et_pb_blog fullwidth=\u00bboff\u00bb posts_number=\u00bb20&#8243; include_categories=\u00bb21&#8243; show_author=\u00bboff\u00bb show_date=\u00bboff\u00bb show_pagination=\u00bboff\u00bb module_class=\u00bbblog_igual_altura\u00bb _builder_version=\u00bb4.19.4&#8243; _module_preset=\u00bbdefault\u00bb global_colors_info=\u00bb{}\u00bb][\/et_pb_blog][\/et_pb_column][\/et_pb_row][\/et_pb_section][et_pb_section fb_built=\u00bb1&#8243; _builder_version=\u00bb4.16&#8243; custom_margin=\u00bb-1px|||||\u00bb custom_padding=\u00bb0px|||||\u00bb locked=\u00bboff\u00bb global_colors_info=\u00bb{}\u00bb][et_pb_row column_structure=\u00bb1_3,1_3,1_3&#8243; _builder_version=\u00bb4.27.4&#8243; _module_preset=\u00bbdefault\u00bb custom_padding=\u00bb||33px|||\u00bb hover_enabled=\u00bb0&#8243; global_colors_info=\u00bb{}\u00bb sticky_enabled=\u00bb0&#8243;][et_pb_column type=\u00bb1_3&#8243; _builder_version=\u00bb4.16&#8243; _module_preset=\u00bbdefault\u00bb global_colors_info=\u00bb{}\u00bb][et_pb_blurb title=\u00bbDescargar Cartel\u00bb url=\u00bbhttp:\/\/artespolaintegracion.gal\/wp-content\/uploads\/2025\/03\/Cartel-XIIEAI-.pdf\u00bb url_new_window=\u00bbon\u00bb image=\u00bbhttp:\/\/artespolaintegracion.gal\/wp-content\/uploads\/2020\/07\/icono-pdf.png\u00bb alt=\u00bbDescargar Dossier Artes Pola Integraci\u00f3n\u00bb disabled_on=\u00bboff|off|off\u00bb _builder_version=\u00bb4.27.4&#8243; _module_preset=\u00bbdefault\u00bb text_orientation=\u00bbcenter\u00bb link_option_url_new_window=\u00bbon\u00bb global_colors_info=\u00bb{}\u00bb][\/et_pb_blurb][\/et_pb_column][et_pb_column type=\u00bb1_3&#8243; _builder_version=\u00bb4.16&#8243; _module_preset=\u00bbdefault\u00bb global_colors_info=\u00bb{}\u00bb][et_pb_blurb title=\u00bbDescargar Dossier\u00bb url=\u00bbhttp:\/\/artespolaintegracion.gal\/wp-content\/uploads\/2025\/03\/Dossier-XII-EAI-bien.pdf\u00bb url_new_window=\u00bbon\u00bb image=\u00bbhttp:\/\/artespolaintegracion.gal\/wp-content\/uploads\/2020\/07\/icono-pdf.png\u00bb alt=\u00bbDescargar Dossier Artes Pola Integraci\u00f3n\u00bb _builder_version=\u00bb4.27.4&#8243; _module_preset=\u00bbdefault\u00bb text_orientation=\u00bbcenter\u00bb link_option_url_new_window=\u00bbon\u00bb global_colors_info=\u00bb{}\u00bb][\/et_pb_blurb][\/et_pb_column][et_pb_column type=\u00bb1_3&#8243; _builder_version=\u00bb4.16&#8243; _module_preset=\u00bbdefault\u00bb global_colors_info=\u00bb{}\u00bb][et_pb_blurb title=\u00bbDescargar Dossier de prensa\u00bb url=\u00bbhttp:\/\/artespolaintegracion.gal\/wp-content\/uploads\/2025\/04\/DOSSIER-PRENSA-2023.pdf\u00bb url_new_window=\u00bbon\u00bb image=\u00bbhttp:\/\/artespolaintegracion.gal\/wp-content\/uploads\/2020\/07\/icono-pdf.png\u00bb alt=\u00bbDescargar Dossier Artes Pola Integraci\u00f3n\u00bb _builder_version=\u00bb4.27.4&#8243; _module_preset=\u00bbdefault\u00bb text_orientation=\u00bbcenter\u00bb link_option_url_new_window=\u00bbon\u00bb hover_enabled=\u00bb0&#8243; global_colors_info=\u00bb{}\u00bb sticky_enabled=\u00bb0&#8243;][\/et_pb_blurb][\/et_pb_column][\/et_pb_row][et_pb_row _builder_version=\u00bb4.17.3&#8243; _module_preset=\u00bbdefault\u00bb global_colors_info=\u00bb{}\u00bb][et_pb_column type=\u00bb4_4&#8243; _builder_version=\u00bb4.17.3&#8243; _module_preset=\u00bbdefault\u00bb global_colors_info=\u00bb{}\u00bb][et_pb_text _builder_version=\u00bb4.27.4&#8243; _module_preset=\u00bbdefault\u00bb custom_margin=\u00bb||2px|||\u00bb global_colors_info=\u00bb{}\u00bb]<\/p>\n<h2><strong>1\u00aa PARTE<\/strong><\/h2>\n<p>[\/et_pb_text][et_pb_video src=\u00bbhttps:\/\/youtu.be\/O6a-Z7n4iY0?si=9EWMGf45xukxIUMt\u00bb image_src=\u00bbhttp:\/\/artespolaintegracion.gal\/wp-content\/uploads\/2024\/02\/XII-ARTES-POLA-INTEGRACION-coruna.jpg\u00bb _builder_version=\u00bb4.27.4&#8243; _module_preset=\u00bbdefault\u00bb global_colors_info=\u00bb{}\u00bb][\/et_pb_video][et_pb_text _builder_version=\u00bb4.27.4&#8243; _module_preset=\u00bbdefault\u00bb custom_margin=\u00bb||2px|||\u00bb global_colors_info=\u00bb{}\u00bb]<\/p>\n<h2><strong>2\u00aa PARTE<\/strong><\/h2>\n<p>[\/et_pb_text][et_pb_video src=\u00bbhttps:\/\/youtu.be\/6G_k-erG-3I?si=h3K5qZM0G3WhfeSF\u00bb image_src=\u00bbhttp:\/\/artespolaintegracion.gal\/wp-content\/uploads\/2025\/02\/XII-ARTES-POLA-INTEGRACION-parte-2-video.jpg\u00bb _builder_version=\u00bb4.27.4&#8243; _module_preset=\u00bbdefault\u00bb global_colors_info=\u00bb{}\u00bb][\/et_pb_video][\/et_pb_column][\/et_pb_row][et_pb_row _builder_version=\u00bb4.24.1&#8243; _module_preset=\u00bbdefault\u00bb global_colors_info=\u00bb{}\u00bb][et_pb_column type=\u00bb4_4&#8243; _builder_version=\u00bb4.24.1&#8243; _module_preset=\u00bbdefault\u00bb global_colors_info=\u00bb{}\u00bb][et_pb_gallery gallery_ids=\u00bb1087,1089,1092,1094,1096,1098,1100,1102,1104,1106,1108,1110&#8243; posts_number=\u00bb20&#8243; _builder_version=\u00bb4.24.1&#8243; _module_preset=\u00bbdefault\u00bb global_colors_info=\u00bb{}\u00bb border_color_all_image__hover_enabled=\u00bbon|desktop\u00bb][\/et_pb_gallery][\/et_pb_column][\/et_pb_row][et_pb_row _builder_version=\u00bb4.24.1&#8243; _module_preset=\u00bbdefault\u00bb custom_margin=\u00bb32px|auto||auto||\u00bb custom_padding=\u00bb||77px|||\u00bb global_colors_info=\u00bb{}\u00bb][et_pb_column type=\u00bb4_4&#8243; _builder_version=\u00bb4.24.1&#8243; _module_preset=\u00bbdefault\u00bb global_colors_info=\u00bb{}\u00bb][et_pb_divider color=\u00bbrgba(0,0,0,0.16)\u00bb divider_weight=\u00bb2px\u00bb _builder_version=\u00bb4.24.1&#8243; _module_preset=\u00bbdefault\u00bb width=\u00bb40%\u00bb module_alignment=\u00bbcenter\u00bb global_colors_info=\u00bb{}\u00bb][\/et_pb_divider][\/et_pb_column][\/et_pb_row][et_pb_row _builder_version=\u00bb4.16&#8243; background_size=\u00bbinitial\u00bb background_position=\u00bbtop_left\u00bb background_repeat=\u00bbrepeat\u00bb custom_padding=\u00bb0px|||||\u00bb global_colors_info=\u00bb{}\u00bb][et_pb_column type=\u00bb4_4&#8243; _builder_version=\u00bb4.16&#8243; custom_padding=\u00bb|||\u00bb global_colors_info=\u00bb{}\u00bb custom_padding__hover=\u00bb|||\u00bb][et_pb_text _builder_version=\u00bb4.24.1&#8243; text_line_height=\u00bb1.8em\u00bb header_2_font_size=\u00bb30px\u00bb text_orientation=\u00bbjustified\u00bb z_index_tablet=\u00bb500&#8243; text_text_shadow_horizontal_length_tablet=\u00bb0px\u00bb text_text_shadow_vertical_length_tablet=\u00bb0px\u00bb text_text_shadow_blur_strength_tablet=\u00bb1px\u00bb link_text_shadow_horizontal_length_tablet=\u00bb0px\u00bb link_text_shadow_vertical_length_tablet=\u00bb0px\u00bb link_text_shadow_blur_strength_tablet=\u00bb1px\u00bb ul_text_shadow_horizontal_length_tablet=\u00bb0px\u00bb ul_text_shadow_vertical_length_tablet=\u00bb0px\u00bb ul_text_shadow_blur_strength_tablet=\u00bb1px\u00bb ol_text_shadow_horizontal_length_tablet=\u00bb0px\u00bb ol_text_shadow_vertical_length_tablet=\u00bb0px\u00bb ol_text_shadow_blur_strength_tablet=\u00bb1px\u00bb quote_text_shadow_horizontal_length_tablet=\u00bb0px\u00bb quote_text_shadow_vertical_length_tablet=\u00bb0px\u00bb quote_text_shadow_blur_strength_tablet=\u00bb1px\u00bb header_text_shadow_horizontal_length_tablet=\u00bb0px\u00bb header_text_shadow_vertical_length_tablet=\u00bb0px\u00bb header_text_shadow_blur_strength_tablet=\u00bb1px\u00bb header_2_text_shadow_horizontal_length_tablet=\u00bb0px\u00bb header_2_text_shadow_vertical_length_tablet=\u00bb0px\u00bb header_2_text_shadow_blur_strength_tablet=\u00bb1px\u00bb header_3_text_shadow_horizontal_length_tablet=\u00bb0px\u00bb header_3_text_shadow_vertical_length_tablet=\u00bb0px\u00bb header_3_text_shadow_blur_strength_tablet=\u00bb1px\u00bb header_4_text_shadow_horizontal_length_tablet=\u00bb0px\u00bb header_4_text_shadow_vertical_length_tablet=\u00bb0px\u00bb header_4_text_shadow_blur_strength_tablet=\u00bb1px\u00bb header_5_text_shadow_horizontal_length_tablet=\u00bb0px\u00bb header_5_text_shadow_vertical_length_tablet=\u00bb0px\u00bb header_5_text_shadow_blur_strength_tablet=\u00bb1px\u00bb header_6_text_shadow_horizontal_length_tablet=\u00bb0px\u00bb header_6_text_shadow_vertical_length_tablet=\u00bb0px\u00bb header_6_text_shadow_blur_strength_tablet=\u00bb1px\u00bb box_shadow_horizontal_tablet=\u00bb0px\u00bb box_shadow_vertical_tablet=\u00bb0px\u00bb box_shadow_blur_tablet=\u00bb40px\u00bb box_shadow_spread_tablet=\u00bb0px\u00bb global_colors_info=\u00bb{}\u00bb]<\/p>\n<h2 class=\"font_8\"><span>HISTORIA<\/span><\/h2>\n<p>Artes por la Integraci\u00f3n es un festival de inclusi\u00f3n social a trav\u00e9s de las artes creado en el a\u00f1o 2012. Desde su inicio, pretende visibilizar proyectos y personas con talentos art\u00edsticos no comunes, que d\u00eda a d\u00eda se ven socialmente excluidos Entre sus objetivos conseguidos est\u00e1 la creaci\u00f3n de una plataforma, tanto formativa como de programaci\u00f3n profesional, que da cabida a personas con talentos diferentes. Por otra parte, este festival o encuentro crea a lo largo de toda su trayectoria diferentes sinergias colaborativas con otras entidades de la provincia, dando como resultado diferentes exposiciones colectivas, y especializ\u00e1ndose en la muestra de proyectos interdisciplinares dentro y fuera de la comunidad que juntan a personas con y sin diversidad funcional, favoreciendo la reinserci\u00f3n laboral de colectivos en riesgo de exclusi\u00f3n social en las artes esc\u00e9nicas, visuales, narrativas y pl\u00e1sticas. Un programa compuesto por proyectos locales, nacionales e internacionales que fomenta el trabajo en red entre<br \/>diferentes personas y espacios que se muestran juntos, permitiendo programar en la ciudad, y en alianza con otros proyectos nacionales,<br \/>los espect\u00e1culos m\u00e1s avanzados en inclusi\u00f3n art\u00edstica programados habitualmente en otros circuitos. Cabe destacar la creaci\u00f3n de residencias art\u00edsticas estables previas al festival, como la de la compa\u00f1\u00eda 5S en A Coru\u00f1a y Santiago de Compostela o la Peque\u00f1a Bauhaus o Chicas en Acci\u00f3n en Lugo y Ribeira Sacra . El festival desde hace varios a\u00f1o apuesta por llegar a p\u00fablico familiar para integrarlo en proyectos formativos, expositivos y en su programaci\u00f3n.<\/p>\n<p>Artes por la integraci\u00f3n es un proyecto que comenz\u00f3 su andadura en el a\u00f1o 2011 como festival, tras un trabajo de inclusi\u00f3n social a trav\u00e9s de la danza y el teatro en las prisiones de Galicia. Paralelamente, y ya desde el a\u00f1o 2009, nace al compa\u00f1\u00eda 5S para personas con y sin discapacidad, compa\u00f1\u00eda residente del festival que trabaja por la creaci\u00f3n de espect\u00e1culos que integran profesionales del mundo de las artes esc\u00e9nicas y visuales y de danza y m\u00fasica . El primer Festival de inclusi\u00f3n se celebr\u00f3 en A Coru\u00f1a en 2012 bajo el nombre de I Encuentro Artes por la Integraci\u00f3n y bajo la direcci\u00f3n art\u00edstica de la core\u00f3grafa, bailarina y experta en artes inclusivas Carlota P\u00e9rez, que sigue ejerciendo esta labor hoy en d\u00eda con m\u00e1s de 15 espect\u00e1culos dirigidos desde el a\u00f1o 2009.<\/p>\n<p>[\/et_pb_text][\/et_pb_column][\/et_pb_row][et_pb_row _builder_version=\u00bb4.24.1&#8243; background_size=\u00bbinitial\u00bb background_position=\u00bbtop_left\u00bb background_repeat=\u00bbrepeat\u00bb custom_margin=\u00bb50px||||false|false\u00bb custom_padding=\u00bb0px|||||\u00bb global_colors_info=\u00bb{}\u00bb][et_pb_column type=\u00bb4_4&#8243; _builder_version=\u00bb4.16&#8243; custom_padding=\u00bb|||\u00bb global_colors_info=\u00bb{}\u00bb custom_padding__hover=\u00bb|||\u00bb][et_pb_text _builder_version=\u00bb4.19.4&#8243; text_line_height=\u00bb1.8em\u00bb header_2_font_size=\u00bb21px\u00bb text_orientation=\u00bbjustified\u00bb custom_margin=\u00bb||45px|||\u00bb z_index_tablet=\u00bb500&#8243; text_text_shadow_horizontal_length_tablet=\u00bb0px\u00bb text_text_shadow_vertical_length_tablet=\u00bb0px\u00bb text_text_shadow_blur_strength_tablet=\u00bb1px\u00bb link_text_shadow_horizontal_length_tablet=\u00bb0px\u00bb link_text_shadow_vertical_length_tablet=\u00bb0px\u00bb link_text_shadow_blur_strength_tablet=\u00bb1px\u00bb ul_text_shadow_horizontal_length_tablet=\u00bb0px\u00bb ul_text_shadow_vertical_length_tablet=\u00bb0px\u00bb ul_text_shadow_blur_strength_tablet=\u00bb1px\u00bb ol_text_shadow_horizontal_length_tablet=\u00bb0px\u00bb ol_text_shadow_vertical_length_tablet=\u00bb0px\u00bb ol_text_shadow_blur_strength_tablet=\u00bb1px\u00bb quote_text_shadow_horizontal_length_tablet=\u00bb0px\u00bb quote_text_shadow_vertical_length_tablet=\u00bb0px\u00bb quote_text_shadow_blur_strength_tablet=\u00bb1px\u00bb header_text_shadow_horizontal_length_tablet=\u00bb0px\u00bb header_text_shadow_vertical_length_tablet=\u00bb0px\u00bb header_text_shadow_blur_strength_tablet=\u00bb1px\u00bb header_2_text_shadow_horizontal_length_tablet=\u00bb0px\u00bb header_2_text_shadow_vertical_length_tablet=\u00bb0px\u00bb header_2_text_shadow_blur_strength_tablet=\u00bb1px\u00bb header_3_text_shadow_horizontal_length_tablet=\u00bb0px\u00bb header_3_text_shadow_vertical_length_tablet=\u00bb0px\u00bb header_3_text_shadow_blur_strength_tablet=\u00bb1px\u00bb header_4_text_shadow_horizontal_length_tablet=\u00bb0px\u00bb header_4_text_shadow_vertical_length_tablet=\u00bb0px\u00bb header_4_text_shadow_blur_strength_tablet=\u00bb1px\u00bb header_5_text_shadow_horizontal_length_tablet=\u00bb0px\u00bb header_5_text_shadow_vertical_length_tablet=\u00bb0px\u00bb header_5_text_shadow_blur_strength_tablet=\u00bb1px\u00bb header_6_text_shadow_horizontal_length_tablet=\u00bb0px\u00bb header_6_text_shadow_vertical_length_tablet=\u00bb0px\u00bb header_6_text_shadow_blur_strength_tablet=\u00bb1px\u00bb box_shadow_horizontal_tablet=\u00bb0px\u00bb box_shadow_vertical_tablet=\u00bb0px\u00bb box_shadow_blur_tablet=\u00bb40px\u00bb box_shadow_spread_tablet=\u00bb0px\u00bb global_colors_info=\u00bb{}\u00bb]<\/p>\n<h2 class=\"font_8\">OBJETIVOS<\/h2>\n<p>\u00b7 Visibilizar a personas en riesgo de exclusi\u00f3n social a trav\u00e9s de las artes visuales, artes esc\u00e9nicas, m\u00fasica, etc.<br \/>\u00b7 Crear una plataforma de formaci\u00f3n en artes y diversidad de calidad.<br \/>\u00b7 Crear espacios de encuentro y debate a trav\u00e9s de jornadas y mesas redondas especializadas dirigidas a profesionales y usuarios de entidades de inclusi\u00f3n y diversidad funcional de Galicia y del \u00e1mbito nacional<br \/>\u00b7 Programar espect\u00e1culos profesionales de artes inclusivas.<br \/>\u00b7 Editar materiales y publicaciones art\u00edsticas y espec\u00edficas de la comunidad de Editorial Inoxidable para incluirlos como libros de fotograf\u00edas, creaciones de video, DVD, etc.<\/p>\n<p>&nbsp;<\/p>\n<p>&nbsp;<\/p>\n<p>Diversificar y visibilizar los espacios expositivos, integrando espacios excluidos no habituales para las representaciones art\u00edsticas. Entre las singularidades del festival destacamos: Fue el primer festival de inclusi\u00f3n de Galicia y es lo que lleva m\u00e1s ediciones consecutivas. Los espacios de creaci\u00f3n y actuaci\u00f3n, adem\u00e1s de los tradicionales, son singulares y diferentes, espacios invisibilizados como prisiones, sedes de asociaciones de diversidad funcional, hospitales, escuelas, centros de menores\u2026 Cada a\u00f1o trabajamos una tem\u00e1tica diferente. Este a\u00f1o, con motivo del XII<br \/>En esta edici\u00f3n trabajaremos una mirada a la Comunidad y al territorio. La pieza de danza inclusiva creada anualmente en este festival tiene aseguradas actuaci\u00f3nes en festivales y encuentros art\u00edsticos: Festigual, Ayuntamiento de Santiago, SacraFestival, Danza M\u00f3bile&#8230;<\/p>\n<p>El Festival Artes por la Integraci\u00f3n busca en todo momento propuestas esc\u00e9nicas de calidad seleccionando espect\u00e1culos programados en festivales destacados y en red con los ganadores del festival Escena M\u00f3bile, y con el festival Fiver. Trabaja con artistas de renombre en todos sus<br \/>programa de entrenamiento. Normalmente, los encuentros y festivales de esta \u00edndole suelen tener contenidos amateur, sin importar la calidad art\u00edstica, sin consuntar artistas con y sin discapacidad y comunidades disgregadas creando guetos. Desde Arts by Integration nos escapamos de este tipo<br \/>de trayectorias e intentamos ofrecer espacios art\u00edsticos alternativos donde se re\u00fanan y trabajen artistas con y sin diversidad funcional, donde cada uno aporte su propio talento, creando una plataforma de estrenos estables y de gran calidad art\u00edstica. Las espectadoras y espectadores a los que nos dirigimos son diversos, desde un p\u00fablico especializado, culturalmente activo, hasta alumnados de colegios especiales, pasando por personas usuarias de las asociaci\u00f3nes con las que colaboramos, profesionales de las artes esc\u00e9nicas, visuales y musicales, profesionales del mundo de la diversidad, personas de los barrios donde desarrollamos las actividades y ciudadan\u00eda en general.<\/p>\n<p>No festival dedicamos un apartado a jornadas de reflexi\u00f3n y relator\u00edas, charlas, mesas redondas y debates donde ampliamos la visi\u00f3n de la discapacidad con un marco te\u00f3rico que sirve de formaci\u00f3n espec\u00edfica para profesionales de la inclusi\u00f3n social y de la integraci\u00f3n a trav\u00e9s de la creaci\u00f3n de proyectos socioculturales. Dado el nivel de la programaci\u00f3n, de la formaci\u00f3n, de las exposiciones y ciclo de cine del festival, Artes por la Integraci\u00f3n es un referente a nivel nacional e internacional. La Asociaci\u00f3n Diversos es invitada habitualmente en diferentes encuentros especializados donde impartimos talleres y conferencias sobre nuestra metodolog\u00eda y mostramos el trabajo de creaci\u00f3n de la Compa\u00f1\u00eda 5S como Zona 0 del congreso nacional de inclusi\u00f3n social y artes esc\u00e9nicas, Festival Escena M\u00f3bile de Sevilla, Festival Visibles de Madrid, SacraFestival, Diversidarte, Festival de Oviedo, Festival de Inclusi\u00f3n de M\u00e9xico, y diferentes festivales de la Unesco c\u00f3mo los de T\u00fanez, Argentina, Marruecos etc&#8230;. Todos estos lugares ampl\u00edan nuestro campo de actuaci\u00f3n y posicionan al festival como un referente gallego en el marco nacional e internacional de las artes inclusivas creando una marca propia. Tambi\u00e9n formamos parte de la plataforma de visibilizaci\u00f3n Coru\u00f1a Diversa junto con otros encuentros especializados como el Festigual o Diversidarte, creando una campa\u00f1a de comunicaci\u00f3n innovadora para la ciudadan\u00eda.<\/p>\n<p>[\/et_pb_text][\/et_pb_column][\/et_pb_row][et_pb_row _builder_version=\u00bb4.19.4&#8243; _module_preset=\u00bbdefault\u00bb width=\u00bb90%\u00bb max_width=\u00bb1300px\u00bb global_colors_info=\u00bb{}\u00bb][et_pb_column type=\u00bb4_4&#8243; _builder_version=\u00bb4.19.4&#8243; _module_preset=\u00bbdefault\u00bb global_colors_info=\u00bb{}\u00bb][et_pb_text _builder_version=\u00bb4.23.1&#8243; _module_preset=\u00bbdefault\u00bb header_2_text_align=\u00bbcenter\u00bb global_colors_info=\u00bb{}\u00bb]<\/p>\n<h2 class=\"font_8\"><strong>PROYECTO PATROCINADO POR<\/strong><\/h2>\n<p>[\/et_pb_text][\/et_pb_column][\/et_pb_row][et_pb_row _builder_version=\u00bb4.19.4&#8243; _module_preset=\u00bbdefault\u00bb width=\u00bb90%\u00bb max_width=\u00bb1300px\u00bb locked=\u00bboff\u00bb global_colors_info=\u00bb{}\u00bb][et_pb_column type=\u00bb4_4&#8243; _builder_version=\u00bb4.16&#8243; _module_preset=\u00bbdefault\u00bb global_colors_info=\u00bb{}\u00bb][et_pb_image src=\u00bbhttp:\/\/artespolaintegracion.gal\/wp-content\/uploads\/2024\/02\/INAEM-02-CAJETIN-ROJO-OK.jpg\u00bb alt=\u00bbMinisterio de cultura\u00bb title_text=\u00bbINAEM-02-CAJETIN-ROJO-OK\u00bb align=\u00bbcenter\u00bb _builder_version=\u00bb4.23.1&#8243; _module_preset=\u00bbdefault\u00bb max_height=\u00bb90px\u00bb custom_margin=\u00bb3px|||||\u00bb global_colors_info=\u00bb{}\u00bb][\/et_pb_image][\/et_pb_column][\/et_pb_row][et_pb_row column_structure=\u00bb1_3,1_3,1_3&#8243; _builder_version=\u00bb4.19.4&#8243; _module_preset=\u00bbdefault\u00bb width=\u00bb90%\u00bb max_width=\u00bb1300px\u00bb locked=\u00bboff\u00bb global_colors_info=\u00bb{}\u00bb][et_pb_column type=\u00bb1_3&#8243; _builder_version=\u00bb4.16&#8243; _module_preset=\u00bbdefault\u00bb global_colors_info=\u00bb{}\u00bb][et_pb_image src=\u00bbhttp:\/\/artespolaintegracion.gal\/wp-content\/uploads\/2023\/08\/deputacion-da-coruna-1.jpg\u00bb alt=\u00bbDeputaci\u00f3n da Coru\u00f1a\u00bb title_text=\u00bbDeputaci\u00f3n da Coru\u00f1a\u00bb align=\u00bbcenter\u00bb _builder_version=\u00bb4.21.0&#8243; _module_preset=\u00bbdefault\u00bb height=\u00bb100px\u00bb max_height=\u00bb100px\u00bb custom_padding=\u00bb||0px|||\u00bb global_colors_info=\u00bb{}\u00bb][\/et_pb_image][\/et_pb_column][et_pb_column type=\u00bb1_3&#8243; _builder_version=\u00bb4.16&#8243; _module_preset=\u00bbdefault\u00bb global_colors_info=\u00bb{}\u00bb][et_pb_image src=\u00bbhttp:\/\/artespolaintegracion.gal\/wp-content\/uploads\/2023\/08\/ayuntamiento-da-coruna.png\u00bb alt=\u00bbConcello da Coru\u00f1a\u00bb title_text=\u00bbConcello da Coru\u00f1a\u00bb _builder_version=\u00bb4.21.2&#8243; _module_preset=\u00bbdefault\u00bb custom_margin=\u00bb20px|||||\u00bb global_colors_info=\u00bb{}\u00bb][\/et_pb_image][\/et_pb_column][et_pb_column type=\u00bb1_3&#8243; _builder_version=\u00bb4.16&#8243; _module_preset=\u00bbdefault\u00bb global_colors_info=\u00bb{}\u00bb][et_pb_image src=\u00bbhttp:\/\/artespolaintegracion.gal\/wp-content\/uploads\/2023\/08\/imce-1.jpg\u00bb alt=\u00bbImce\u00bb title_text=\u00bbImce\u00bb align=\u00bbcenter\u00bb _builder_version=\u00bb4.21.0&#8243; _module_preset=\u00bbdefault\u00bb global_colors_info=\u00bb{}\u00bb][\/et_pb_image][\/et_pb_column][\/et_pb_row][et_pb_row column_structure=\u00bb1_4,1_4,1_4,1_4&#8243; _builder_version=\u00bb4.19.4&#8243; _module_preset=\u00bbdefault\u00bb width=\u00bb90%\u00bb max_width=\u00bb1300px\u00bb custom_padding=\u00bb4px|||||\u00bb locked=\u00bboff\u00bb global_colors_info=\u00bb{}\u00bb][et_pb_column type=\u00bb1_4&#8243; _builder_version=\u00bb4.16&#8243; _module_preset=\u00bbdefault\u00bb global_colors_info=\u00bb{}\u00bb][et_pb_image src=\u00bbhttp:\/\/artespolaintegracion.gal\/wp-content\/uploads\/2023\/08\/sacra-experience-1.jpg\u00bb alt=\u00bbSacra Experience\u00bb title_text=\u00bbSacra Experience\u00bb align=\u00bbcenter\u00bb _builder_version=\u00bb4.21.0&#8243; _module_preset=\u00bbdefault\u00bb max_height=\u00bb100px\u00bb custom_padding=\u00bb24px|||||\u00bb global_colors_info=\u00bb{}\u00bb][\/et_pb_image][\/et_pb_column][et_pb_column type=\u00bb1_4&#8243; _builder_version=\u00bb4.16&#8243; _module_preset=\u00bbdefault\u00bb global_colors_info=\u00bb{}\u00bb][et_pb_image src=\u00bbhttp:\/\/artespolaintegracion.gal\/wp-content\/uploads\/2023\/08\/hijos-de-ribera-1.jpg\u00bb alt=\u00bbHijos de Ribera\u00bb title_text=\u00bbHijos de Ribera\u00bb align=\u00bbcenter\u00bb _builder_version=\u00bb4.21.0&#8243; _module_preset=\u00bbdefault\u00bb custom_margin=\u00bb20px|||||\u00bb global_colors_info=\u00bb{}\u00bb][\/et_pb_image][\/et_pb_column][et_pb_column type=\u00bb1_4&#8243; _builder_version=\u00bb4.16&#8243; _module_preset=\u00bbdefault\u00bb global_colors_info=\u00bb{}\u00bb][et_pb_image src=\u00bbhttp:\/\/artespolaintegracion.gal\/wp-content\/uploads\/2023\/10\/f-vilaseco.png\u00bb alt=\u00bbF. Vilaseco\u00bb title_text=\u00bbF. Vilaseco\u00bb _builder_version=\u00bb4.22.2&#8243; _module_preset=\u00bbdefault\u00bb global_colors_info=\u00bb{}\u00bb][\/et_pb_image][\/et_pb_column][et_pb_column type=\u00bb1_4&#8243; _builder_version=\u00bb4.16&#8243; _module_preset=\u00bbdefault\u00bb global_colors_info=\u00bb{}\u00bb][et_pb_image src=\u00bbhttp:\/\/artespolaintegracion.gal\/wp-content\/uploads\/2023\/08\/gadis-1.jpg\u00bb alt=\u00bbGadis\u00bb title_text=\u00bbGadis\u00bb align=\u00bbcenter\u00bb _builder_version=\u00bb4.21.0&#8243; _module_preset=\u00bbdefault\u00bb custom_margin=\u00bb38px|||||\u00bb global_colors_info=\u00bb{}\u00bb][\/et_pb_image][\/et_pb_column][\/et_pb_row][et_pb_row _builder_version=\u00bb4.16&#8243; _module_preset=\u00bbdefault\u00bb global_colors_info=\u00bb{}\u00bb][et_pb_column type=\u00bb4_4&#8243; _builder_version=\u00bb4.16&#8243; _module_preset=\u00bbdefault\u00bb global_colors_info=\u00bb{}\u00bb][et_pb_social_media_follow _builder_version=\u00bb4.16&#8243; _module_preset=\u00bbdefault\u00bb text_orientation=\u00bbcenter\u00bb global_colors_info=\u00bb{}\u00bb][et_pb_social_media_follow_network social_network=\u00bbfacebook\u00bb url=\u00bbhttps:\/\/www.facebook.com\/encontroartespolaintegracion\u00bb _builder_version=\u00bb4.16&#8243; _module_preset=\u00bbdefault\u00bb background_color=\u00bb#3b5998&#8243; global_colors_info=\u00bb{}\u00bb follow_button=\u00bboff\u00bb url_new_window=\u00bbon\u00bb]facebook[\/et_pb_social_media_follow_network][et_pb_social_media_follow_network social_network=\u00bbinstagram\u00bb url=\u00bbhttps:\/\/www.instagram.com\/artes.pola.integracion\/\u00bb _builder_version=\u00bb4.16&#8243; _module_preset=\u00bbdefault\u00bb background_color=\u00bb#ea2c59&#8243; global_colors_info=\u00bb{}\u00bb follow_button=\u00bboff\u00bb url_new_window=\u00bbon\u00bb]instagram[\/et_pb_social_media_follow_network][\/et_pb_social_media_follow][\/et_pb_column][\/et_pb_row][\/et_pb_section]<\/p>\n","protected":false},"excerpt":{"rendered":"<p>Programa XII Encuentro Artes Pola Integraci\u00f3n de la ciudad de A Coru\u00f1aVIERNES 1 SEPTIEMBREJardines de M\u00e9ndez N\u00fa\u00f1ez19:00 horas PRESENTACI\u00d3N DEL FESTIVAL &nbsp; &nbsp; Muestra de la pieza \u201cO meu lugar!\u201d Dirigida por Rebeca Ponte y Carlota P\u00e9rez para el Ayuntamiento de Santiago.Asistencia de dramaturgia: V\u00edctor Dupl\u00e1 y Mar\u00eda V\u00e1zquezm\u00e1s info20:00 horas Experimenta danzaTu\u00e9tano \u201cTempo de [&hellip;]<\/p>\n","protected":false},"author":1,"featured_media":0,"parent":0,"menu_order":0,"comment_status":"closed","ping_status":"closed","template":"","meta":{"_et_pb_use_builder":"on","_et_pb_old_content":"","_et_gb_content_width":"","footnotes":""},"class_list":["post-1129","page","type-page","status-publish","hentry"],"yoast_head":"<!-- This site is optimized with the Yoast SEO plugin v27.3 - https:\/\/yoast.com\/product\/yoast-seo-wordpress\/ -->\n<title>XII Encontro Artes Pola Integraci\u00f3n - Artes Pola Integraci\u00f3n<\/title>\n<meta name=\"robots\" content=\"index, follow, max-snippet:-1, max-image-preview:large, max-video-preview:-1\" \/>\n<link rel=\"canonical\" href=\"https:\/\/artespolaintegracion.gal\/xii-encontro-artes-pola-integracion\/\" \/>\n<meta property=\"og:locale\" content=\"es_ES\" \/>\n<meta property=\"og:type\" content=\"article\" \/>\n<meta property=\"og:title\" content=\"XII Encontro Artes Pola Integraci\u00f3n - Artes Pola Integraci\u00f3n\" \/>\n<meta property=\"og:description\" content=\"Programa XII Encuentro Artes Pola Integraci\u00f3n de la ciudad de A Coru\u00f1aVIERNES 1 SEPTIEMBREJardines de M\u00e9ndez N\u00fa\u00f1ez19:00 horas PRESENTACI\u00d3N DEL FESTIVAL &nbsp; &nbsp; Muestra de la pieza \u201cO meu lugar!\u201d Dirigida por Rebeca Ponte y Carlota P\u00e9rez para el Ayuntamiento de Santiago.Asistencia de dramaturgia: V\u00edctor Dupl\u00e1 y Mar\u00eda V\u00e1zquezm\u00e1s info20:00 horas Experimenta danzaTu\u00e9tano \u201cTempo de [&hellip;]\" \/>\n<meta property=\"og:url\" content=\"https:\/\/artespolaintegracion.gal\/xii-encontro-artes-pola-integracion\/\" \/>\n<meta property=\"og:site_name\" content=\"Artes Pola Integraci\u00f3n\" \/>\n<meta property=\"article:modified_time\" content=\"2025-04-08T11:59:43+00:00\" \/>\n<meta name=\"twitter:card\" content=\"summary_large_image\" \/>\n<meta name=\"twitter:label1\" content=\"Tiempo de lectura\" \/>\n\t<meta name=\"twitter:data1\" content=\"30 minutos\" \/>\n<script type=\"application\/ld+json\" class=\"yoast-schema-graph\">{\"@context\":\"https:\\\/\\\/schema.org\",\"@graph\":[{\"@type\":\"WebPage\",\"@id\":\"https:\\\/\\\/artespolaintegracion.gal\\\/xii-encontro-artes-pola-integracion\\\/\",\"url\":\"https:\\\/\\\/artespolaintegracion.gal\\\/xii-encontro-artes-pola-integracion\\\/\",\"name\":\"XII Encontro Artes Pola Integraci\u00f3n - Artes Pola Integraci\u00f3n\",\"isPartOf\":{\"@id\":\"https:\\\/\\\/maroon-squid-270101.hostingersite.com\\\/#website\"},\"datePublished\":\"2024-05-20T23:31:27+00:00\",\"dateModified\":\"2025-04-08T11:59:43+00:00\",\"breadcrumb\":{\"@id\":\"https:\\\/\\\/artespolaintegracion.gal\\\/xii-encontro-artes-pola-integracion\\\/#breadcrumb\"},\"inLanguage\":\"es\",\"potentialAction\":[{\"@type\":\"ReadAction\",\"target\":[\"https:\\\/\\\/artespolaintegracion.gal\\\/xii-encontro-artes-pola-integracion\\\/\"]}]},{\"@type\":\"BreadcrumbList\",\"@id\":\"https:\\\/\\\/artespolaintegracion.gal\\\/xii-encontro-artes-pola-integracion\\\/#breadcrumb\",\"itemListElement\":[{\"@type\":\"ListItem\",\"position\":1,\"name\":\"Home\",\"item\":\"https:\\\/\\\/artespolaintegracion.gal\\\/es\\\/\"},{\"@type\":\"ListItem\",\"position\":2,\"name\":\"XII Encontro Artes Pola Integraci\u00f3n\"}]},{\"@type\":\"WebSite\",\"@id\":\"https:\\\/\\\/maroon-squid-270101.hostingersite.com\\\/#website\",\"url\":\"https:\\\/\\\/maroon-squid-270101.hostingersite.com\\\/\",\"name\":\"Artes Pola Integraci\u00f3n\",\"description\":\"Artes esc\u00e9nicas, artes visuais, mesas de reflexi\u00f3n\",\"potentialAction\":[{\"@type\":\"SearchAction\",\"target\":{\"@type\":\"EntryPoint\",\"urlTemplate\":\"https:\\\/\\\/maroon-squid-270101.hostingersite.com\\\/?s={search_term_string}\"},\"query-input\":{\"@type\":\"PropertyValueSpecification\",\"valueRequired\":true,\"valueName\":\"search_term_string\"}}],\"inLanguage\":\"es\"}]}<\/script>\n<!-- \/ Yoast SEO plugin. -->","yoast_head_json":{"title":"XII Encontro Artes Pola Integraci\u00f3n - Artes Pola Integraci\u00f3n","robots":{"index":"index","follow":"follow","max-snippet":"max-snippet:-1","max-image-preview":"max-image-preview:large","max-video-preview":"max-video-preview:-1"},"canonical":"https:\/\/artespolaintegracion.gal\/xii-encontro-artes-pola-integracion\/","og_locale":"es_ES","og_type":"article","og_title":"XII Encontro Artes Pola Integraci\u00f3n - Artes Pola Integraci\u00f3n","og_description":"Programa XII Encuentro Artes Pola Integraci\u00f3n de la ciudad de A Coru\u00f1aVIERNES 1 SEPTIEMBREJardines de M\u00e9ndez N\u00fa\u00f1ez19:00 horas PRESENTACI\u00d3N DEL FESTIVAL &nbsp; &nbsp; Muestra de la pieza \u201cO meu lugar!\u201d Dirigida por Rebeca Ponte y Carlota P\u00e9rez para el Ayuntamiento de Santiago.Asistencia de dramaturgia: V\u00edctor Dupl\u00e1 y Mar\u00eda V\u00e1zquezm\u00e1s info20:00 horas Experimenta danzaTu\u00e9tano \u201cTempo de [&hellip;]","og_url":"https:\/\/artespolaintegracion.gal\/xii-encontro-artes-pola-integracion\/","og_site_name":"Artes Pola Integraci\u00f3n","article_modified_time":"2025-04-08T11:59:43+00:00","twitter_card":"summary_large_image","twitter_misc":{"Tiempo de lectura":"30 minutos"},"schema":{"@context":"https:\/\/schema.org","@graph":[{"@type":"WebPage","@id":"https:\/\/artespolaintegracion.gal\/xii-encontro-artes-pola-integracion\/","url":"https:\/\/artespolaintegracion.gal\/xii-encontro-artes-pola-integracion\/","name":"XII Encontro Artes Pola Integraci\u00f3n - Artes Pola Integraci\u00f3n","isPartOf":{"@id":"https:\/\/maroon-squid-270101.hostingersite.com\/#website"},"datePublished":"2024-05-20T23:31:27+00:00","dateModified":"2025-04-08T11:59:43+00:00","breadcrumb":{"@id":"https:\/\/artespolaintegracion.gal\/xii-encontro-artes-pola-integracion\/#breadcrumb"},"inLanguage":"es","potentialAction":[{"@type":"ReadAction","target":["https:\/\/artespolaintegracion.gal\/xii-encontro-artes-pola-integracion\/"]}]},{"@type":"BreadcrumbList","@id":"https:\/\/artespolaintegracion.gal\/xii-encontro-artes-pola-integracion\/#breadcrumb","itemListElement":[{"@type":"ListItem","position":1,"name":"Home","item":"https:\/\/artespolaintegracion.gal\/es\/"},{"@type":"ListItem","position":2,"name":"XII Encontro Artes Pola Integraci\u00f3n"}]},{"@type":"WebSite","@id":"https:\/\/maroon-squid-270101.hostingersite.com\/#website","url":"https:\/\/maroon-squid-270101.hostingersite.com\/","name":"Artes Pola Integraci\u00f3n","description":"Artes esc\u00e9nicas, artes visuais, mesas de reflexi\u00f3n","potentialAction":[{"@type":"SearchAction","target":{"@type":"EntryPoint","urlTemplate":"https:\/\/maroon-squid-270101.hostingersite.com\/?s={search_term_string}"},"query-input":{"@type":"PropertyValueSpecification","valueRequired":true,"valueName":"search_term_string"}}],"inLanguage":"es"}]}},"_links":{"self":[{"href":"https:\/\/artespolaintegracion.gal\/es\/wp-json\/wp\/v2\/pages\/1129","targetHints":{"allow":["GET"]}}],"collection":[{"href":"https:\/\/artespolaintegracion.gal\/es\/wp-json\/wp\/v2\/pages"}],"about":[{"href":"https:\/\/artespolaintegracion.gal\/es\/wp-json\/wp\/v2\/types\/page"}],"author":[{"embeddable":true,"href":"https:\/\/artespolaintegracion.gal\/es\/wp-json\/wp\/v2\/users\/1"}],"replies":[{"embeddable":true,"href":"https:\/\/artespolaintegracion.gal\/es\/wp-json\/wp\/v2\/comments?post=1129"}],"version-history":[{"count":5,"href":"https:\/\/artespolaintegracion.gal\/es\/wp-json\/wp\/v2\/pages\/1129\/revisions"}],"predecessor-version":[{"id":1489,"href":"https:\/\/artespolaintegracion.gal\/es\/wp-json\/wp\/v2\/pages\/1129\/revisions\/1489"}],"wp:attachment":[{"href":"https:\/\/artespolaintegracion.gal\/es\/wp-json\/wp\/v2\/media?parent=1129"}],"curies":[{"name":"wp","href":"https:\/\/api.w.org\/{rel}","templated":true}]}}